{"id":6359,"date":"2022-06-28T14:57:45","date_gmt":"2022-06-28T14:57:45","guid":{"rendered":"https:\/\/corporacionlampa.cl\/transparencia\/?page_id=6359"},"modified":"2022-06-28T14:57:48","modified_gmt":"2022-06-28T14:57:48","slug":"ordenes-de-compra-sector-educacion-mes-de-mayo-2022","status":"publish","type":"page","link":"https:\/\/corporacionlampa.cl\/transparencia\/ordenes-de-compra-sector-educacion-mes-de-mayo-2022\/","title":{"rendered":"ORDENES DE COMPRA SECTOR EDUCACION MES DE MAYO 2022"},"content":{"rendered":"\n<table id=\"tablepress-115\" class=\"tablepress tablepress-id-115\">\n<thead>\n<tr class=\"row-1\">\n\t<th class=\"column-1\">Numero<\/th><th class=\"column-2\">Nombre completo o raz\u00f3n social de la persona contratada<\/th><th class=\"column-3\"> Monto total de la operacion <\/th><th class=\"column-4\">RUT de la persona contratada (SOLO PERSONAS JURIDICAS)<\/th><th class=\"column-5\">Socios y accionistas principales (si corresponde)<\/th><th class=\"column-6\">Objeto de la contratacion o adquisicion<\/th><th class=\"column-7\">.<\/th><th class=\"column-8\">Fecha de inicio del contrato (dd\/mm\/aa)<\/th><th class=\"column-9\">Fecha de termino del contrato (dd\/mm\/aa)<\/th><th class=\"column-10\">Enlace al archivo<\/th>\n<\/tr>\n<\/thead>\n<tbody class=\"row-striping row-hover\">\n<tr class=\"row-2\">\n\t<td class=\"column-1\">00000265\/2022<\/td><td class=\"column-2\">COMERCIAL AGUSTIN LIMITADA<\/td><td class=\"column-3\">11765698<\/td><td class=\"column-4\">076287853-4<\/td><td class=\"column-5\"><\/td><td class=\"column-6\">MEMO N\u00b099 \/ COMPRA TRIMESTRAL INSUMOS DE ASEO E HIGIENE \/ OC PORTAL 1216071-21-CM22\/ SUBVENCION GENERAL<\/td><td class=\"column-7\">SUBVENCION GENERAL<\/td><td class=\"column-8\">2022-05-02 00:00:00<\/td><td class=\"column-9\">2022-05-02 00:00:00<\/td><td class=\"column-10\"><a href=\"https:\/\/corporacionlampa.cl\/transparencia\/wp-content\/uploads\/2022\/06\/OC265.pdf\" rel=\"noopener\" target=\"_blank\"><img loading=\"lazy\" decoding=\"async\" src=\"https:\/\/corporacionlampa.cl\/transparencia\/wp-content\/uploads\/2021\/04\/icopdf-150x150.png\" alt=\"\" width=\"60\" height=\"60\" class=\"aligncenter size-thumbnail wp-image-2731\" srcset=\"https:\/\/corporacionlampa.cl\/transparencia\/wp-content\/uploads\/2021\/04\/icopdf-150x150.png 150w, https:\/\/corporacionlampa.cl\/transparencia\/wp-content\/uploads\/2021\/04\/icopdf-250x250.png 250w, https:\/\/corporacionlampa.cl\/transparencia\/wp-content\/uploads\/2021\/04\/icopdf-174x174.png 174w, https:\/\/corporacionlampa.cl\/transparencia\/wp-content\/uploads\/2021\/04\/icopdf.png 256w\" sizes=\"auto, (max-width: 60px) 100vw, 60px\" \/><\/a><\/td>\n<\/tr>\n<tr class=\"row-3\">\n\t<td class=\"column-1\">00000266\/2022<\/td><td class=\"column-2\">IMS CHILE SOLUCIONES TECNOLOGICAS LTDA.<\/td><td class=\"column-3\">1980160<\/td><td class=\"column-4\">076097154-5<\/td><td class=\"column-5\"><\/td><td class=\"column-6\">MEMO N\u00b0 219-2022\/ IMPLEMENTACION DE IMPRESORA\/LEY SEP ( LILIAM GARRIDO)<\/td><td class=\"column-7\">LEY SEP<\/td><td class=\"column-8\">2022-05-02 00:00:00<\/td><td class=\"column-9\">2022-05-02 00:00:00<\/td><td class=\"column-10\"><a href=\"https:\/\/corporacionlampa.cl\/transparencia\/wp-content\/uploads\/2022\/06\/OC266.pdf\" rel=\"noopener\" target=\"_blank\"><img loading=\"lazy\" decoding=\"async\" src=\"https:\/\/corporacionlampa.cl\/transparencia\/wp-content\/uploads\/2021\/04\/icopdf-150x150.png\" alt=\"\" width=\"60\" height=\"60\" class=\"aligncenter size-thumbnail wp-image-2731\" srcset=\"https:\/\/corporacionlampa.cl\/transparencia\/wp-content\/uploads\/2021\/04\/icopdf-150x150.png 150w, https:\/\/corporacionlampa.cl\/transparencia\/wp-content\/uploads\/2021\/04\/icopdf-250x250.png 250w, https:\/\/corporacionlampa.cl\/transparencia\/wp-content\/uploads\/2021\/04\/icopdf-174x174.png 174w, https:\/\/corporacionlampa.cl\/transparencia\/wp-content\/uploads\/2021\/04\/icopdf.png 256w\" sizes=\"auto, (max-width: 60px) 100vw, 60px\" \/><\/a><\/td>\n<\/tr>\n<tr class=\"row-4\">\n\t<td class=\"column-1\">00000267\/2022<\/td><td class=\"column-2\">YOLITO BALART HERMANOS LIMITADA<\/td><td class=\"column-3\">151256<\/td><td class=\"column-4\">080565900-9<\/td><td class=\"column-5\"><\/td><td class=\"column-6\">MEMO N\u00b0 376-2022\/MANTENCION CANCHA\/SUBVENCION GENERAL (SANDRA HERNANDEZ)<\/td><td class=\"column-7\">SUBVENCION GENERAL<\/td><td class=\"column-8\">2022-05-02 00:00:00<\/td><td class=\"column-9\">2022-05-02 00:00:00<\/td><td class=\"column-10\"><a href=\"https:\/\/corporacionlampa.cl\/transparencia\/wp-content\/uploads\/2022\/06\/OC267.pdf\" rel=\"noopener\" target=\"_blank\"><img loading=\"lazy\" decoding=\"async\" src=\"https:\/\/corporacionlampa.cl\/transparencia\/wp-content\/uploads\/2021\/04\/icopdf-150x150.png\" alt=\"\" width=\"60\" height=\"60\" class=\"aligncenter size-thumbnail wp-image-2731\" srcset=\"https:\/\/corporacionlampa.cl\/transparencia\/wp-content\/uploads\/2021\/04\/icopdf-150x150.png 150w, https:\/\/corporacionlampa.cl\/transparencia\/wp-content\/uploads\/2021\/04\/icopdf-250x250.png 250w, https:\/\/corporacionlampa.cl\/transparencia\/wp-content\/uploads\/2021\/04\/icopdf-174x174.png 174w, https:\/\/corporacionlampa.cl\/transparencia\/wp-content\/uploads\/2021\/04\/icopdf.png 256w\" sizes=\"auto, (max-width: 60px) 100vw, 60px\" \/><\/a><\/td>\n<\/tr>\n<tr class=\"row-5\">\n\t<td class=\"column-1\">00000268\/2022<\/td><td class=\"column-2\">PROVEEDORES INTEGRALES PRISA SA<\/td><td class=\"column-3\">83950<\/td><td class=\"column-4\">096556940-5<\/td><td class=\"column-5\"><\/td><td class=\"column-6\">MEMO N\u00b0 182-2022\/ TONER\/SUBVENCION GENERAL (GRACIELA PULGAR<\/td><td class=\"column-7\">SUBVENCION GENERAL<\/td><td class=\"column-8\">2022-05-02 00:00:00<\/td><td class=\"column-9\">2022-05-02 00:00:00<\/td><td class=\"column-10\"><a href=\"https:\/\/corporacionlampa.cl\/transparencia\/wp-content\/uploads\/2022\/06\/OC268.pdf\" rel=\"noopener\" target=\"_blank\"><img loading=\"lazy\" decoding=\"async\" src=\"https:\/\/corporacionlampa.cl\/transparencia\/wp-content\/uploads\/2021\/04\/icopdf-150x150.png\" alt=\"\" width=\"60\" height=\"60\" class=\"aligncenter size-thumbnail wp-image-2731\" srcset=\"https:\/\/corporacionlampa.cl\/transparencia\/wp-content\/uploads\/2021\/04\/icopdf-150x150.png 150w, https:\/\/corporacionlampa.cl\/transparencia\/wp-content\/uploads\/2021\/04\/icopdf-250x250.png 250w, https:\/\/corporacionlampa.cl\/transparencia\/wp-content\/uploads\/2021\/04\/icopdf-174x174.png 174w, https:\/\/corporacionlampa.cl\/transparencia\/wp-content\/uploads\/2021\/04\/icopdf.png 256w\" sizes=\"auto, (max-width: 60px) 100vw, 60px\" \/><\/a><\/td>\n<\/tr>\n<tr class=\"row-6\">\n\t<td class=\"column-1\">00000269\/2022<\/td><td class=\"column-2\">COMERCIALIZADORA SEGURIDAD INDUSTRIAL ISOPREVENT LIMITADA<\/td><td class=\"column-3\">313268<\/td><td class=\"column-4\">076645198-5<\/td><td class=\"column-5\"><\/td><td class=\"column-6\">MEMO N\u00b0 221-2022\/COMUNIDAD ESCOLAR SEGURA\/LEY SEP ( JUAN CARLOS BANDA)<\/td><td class=\"column-7\">LEY SEP<\/td><td class=\"column-8\">2022-05-02 00:00:00<\/td><td class=\"column-9\">2022-05-02 00:00:00<\/td><td class=\"column-10\"><a href=\"https:\/\/corporacionlampa.cl\/transparencia\/wp-content\/uploads\/2022\/06\/OC269.pdf\" rel=\"noopener\" target=\"_blank\"><img loading=\"lazy\" decoding=\"async\" src=\"https:\/\/corporacionlampa.cl\/transparencia\/wp-content\/uploads\/2021\/04\/icopdf-150x150.png\" alt=\"\" width=\"60\" height=\"60\" class=\"aligncenter size-thumbnail wp-image-2731\" srcset=\"https:\/\/corporacionlampa.cl\/transparencia\/wp-content\/uploads\/2021\/04\/icopdf-150x150.png 150w, https:\/\/corporacionlampa.cl\/transparencia\/wp-content\/uploads\/2021\/04\/icopdf-250x250.png 250w, https:\/\/corporacionlampa.cl\/transparencia\/wp-content\/uploads\/2021\/04\/icopdf-174x174.png 174w, https:\/\/corporacionlampa.cl\/transparencia\/wp-content\/uploads\/2021\/04\/icopdf.png 256w\" sizes=\"auto, (max-width: 60px) 100vw, 60px\" \/><\/a><\/td>\n<\/tr>\n<tr class=\"row-7\">\n\t<td class=\"column-1\">00000270\/2022<\/td><td class=\"column-2\">COMERCIAL MU\u00d1OZ Y CIA LTDA<\/td><td class=\"column-3\">1259817<\/td><td class=\"column-4\">078906980-8<\/td><td class=\"column-5\"><\/td><td class=\"column-6\">MEMO N\u00b099\/COMPRA TRIMESTRAL INSUMOS DE ASEO E HIGIENE\/ OC PORTAL 1216071-22-CM22\/ SUNV. GENERAL\/DISTRIB.<\/td><td class=\"column-7\">SUBVENCION GENERAL<\/td><td class=\"column-8\">2022-05-03 00:00:00<\/td><td class=\"column-9\">2022-05-03 00:00:00<\/td><td class=\"column-10\"><a href=\"https:\/\/corporacionlampa.cl\/transparencia\/wp-content\/uploads\/2022\/06\/OC270.pdf\" rel=\"noopener\" target=\"_blank\"><img loading=\"lazy\" decoding=\"async\" src=\"https:\/\/corporacionlampa.cl\/transparencia\/wp-content\/uploads\/2021\/04\/icopdf-150x150.png\" alt=\"\" width=\"60\" height=\"60\" class=\"aligncenter size-thumbnail wp-image-2731\" srcset=\"https:\/\/corporacionlampa.cl\/transparencia\/wp-content\/uploads\/2021\/04\/icopdf-150x150.png 150w, https:\/\/corporacionlampa.cl\/transparencia\/wp-content\/uploads\/2021\/04\/icopdf-250x250.png 250w, https:\/\/corporacionlampa.cl\/transparencia\/wp-content\/uploads\/2021\/04\/icopdf-174x174.png 174w, https:\/\/corporacionlampa.cl\/transparencia\/wp-content\/uploads\/2021\/04\/icopdf.png 256w\" sizes=\"auto, (max-width: 60px) 100vw, 60px\" \/><\/a><\/td>\n<\/tr>\n<tr class=\"row-8\">\n\t<td class=\"column-1\">00000271\/2022<\/td><td class=\"column-2\">ECOS SPA<\/td><td class=\"column-3\">2018150<\/td><td class=\"column-4\">076339291-0<\/td><td class=\"column-5\"><\/td><td class=\"column-6\">MEMO N\u00b0 202-2022\/INSUMOS DEPORTIVOS\/PRO RETENCION (LILIAM GARRIDO)<\/td><td class=\"column-7\">PRO-RETENCION<\/td><td class=\"column-8\">2022-05-03 00:00:00<\/td><td class=\"column-9\">2022-05-03 00:00:00<\/td><td class=\"column-10\"><a href=\"https:\/\/corporacionlampa.cl\/transparencia\/wp-content\/uploads\/2022\/06\/OC271.pdf\" rel=\"noopener\" target=\"_blank\"><img loading=\"lazy\" decoding=\"async\" src=\"https:\/\/corporacionlampa.cl\/transparencia\/wp-content\/uploads\/2021\/04\/icopdf-150x150.png\" alt=\"\" width=\"60\" height=\"60\" class=\"aligncenter size-thumbnail wp-image-2731\" srcset=\"https:\/\/corporacionlampa.cl\/transparencia\/wp-content\/uploads\/2021\/04\/icopdf-150x150.png 150w, https:\/\/corporacionlampa.cl\/transparencia\/wp-content\/uploads\/2021\/04\/icopdf-250x250.png 250w, https:\/\/corporacionlampa.cl\/transparencia\/wp-content\/uploads\/2021\/04\/icopdf-174x174.png 174w, https:\/\/corporacionlampa.cl\/transparencia\/wp-content\/uploads\/2021\/04\/icopdf.png 256w\" sizes=\"auto, (max-width: 60px) 100vw, 60px\" \/><\/a><\/td>\n<\/tr>\n<tr class=\"row-9\">\n\t<td class=\"column-1\">00000272\/2022<\/td><td class=\"column-2\">MATFAU<\/td><td class=\"column-3\">5392199<\/td><td class=\"column-4\">076982672-6<\/td><td class=\"column-5\"><\/td><td class=\"column-6\">MEMO N\u00b0403-2022\/REPARACIONES Y MANTENCIONES\/APORTE MUNICIPALL\/DAVID QUI\u00d1ILEO<\/td><td class=\"column-7\">APORTE MUNICIPALL<\/td><td class=\"column-8\">2022-05-05 00:00:00<\/td><td class=\"column-9\">2022-05-05 00:00:00<\/td><td class=\"column-10\"><a href=\"https:\/\/corporacionlampa.cl\/transparencia\/wp-content\/uploads\/2022\/06\/OC272.pdf\" rel=\"noopener\" target=\"_blank\"><img loading=\"lazy\" decoding=\"async\" src=\"https:\/\/corporacionlampa.cl\/transparencia\/wp-content\/uploads\/2021\/04\/icopdf-150x150.png\" alt=\"\" width=\"60\" height=\"60\" class=\"aligncenter size-thumbnail wp-image-2731\" srcset=\"https:\/\/corporacionlampa.cl\/transparencia\/wp-content\/uploads\/2021\/04\/icopdf-150x150.png 150w, https:\/\/corporacionlampa.cl\/transparencia\/wp-content\/uploads\/2021\/04\/icopdf-250x250.png 250w, https:\/\/corporacionlampa.cl\/transparencia\/wp-content\/uploads\/2021\/04\/icopdf-174x174.png 174w, https:\/\/corporacionlampa.cl\/transparencia\/wp-content\/uploads\/2021\/04\/icopdf.png 256w\" sizes=\"auto, (max-width: 60px) 100vw, 60px\" \/><\/a><\/td>\n<\/tr>\n<tr class=\"row-10\">\n\t<td class=\"column-1\">00000273\/2022<\/td><td class=\"column-2\">NINOSKA SUAREZ<\/td><td class=\"column-3\">79968<\/td><td class=\"column-4\">018329937-9<\/td><td class=\"column-5\"><\/td><td class=\"column-6\">MEMO N\u00b007-2022\/COMPRA DE PENDONES\/APORTE MUNICIPAL\/JAVIERA BARRAZA<\/td><td class=\"column-7\">APORTE MUNICIPALL<\/td><td class=\"column-8\">2022-05-05 00:00:00<\/td><td class=\"column-9\">2022-05-05 00:00:00<\/td><td class=\"column-10\"><a href=\"https:\/\/corporacionlampa.cl\/transparencia\/wp-content\/uploads\/2022\/06\/OC273.pdf\" rel=\"noopener\" target=\"_blank\"><img loading=\"lazy\" decoding=\"async\" src=\"https:\/\/corporacionlampa.cl\/transparencia\/wp-content\/uploads\/2021\/04\/icopdf-150x150.png\" alt=\"\" width=\"60\" height=\"60\" class=\"aligncenter size-thumbnail wp-image-2731\" srcset=\"https:\/\/corporacionlampa.cl\/transparencia\/wp-content\/uploads\/2021\/04\/icopdf-150x150.png 150w, https:\/\/corporacionlampa.cl\/transparencia\/wp-content\/uploads\/2021\/04\/icopdf-250x250.png 250w, https:\/\/corporacionlampa.cl\/transparencia\/wp-content\/uploads\/2021\/04\/icopdf-174x174.png 174w, https:\/\/corporacionlampa.cl\/transparencia\/wp-content\/uploads\/2021\/04\/icopdf.png 256w\" sizes=\"auto, (max-width: 60px) 100vw, 60px\" \/><\/a><\/td>\n<\/tr>\n<tr class=\"row-11\">\n\t<td class=\"column-1\">00000274\/2022<\/td><td class=\"column-2\">IMS CHILE SOLUCIONES TECNOLOGICAS LTDA.<\/td><td class=\"column-3\">618800<\/td><td class=\"column-4\">076097154-5<\/td><td class=\"column-5\"><\/td><td class=\"column-6\">MEMO N\u00b0163 \/ HORTENCIA FARIAS\/ SUBV. GENERAL<\/td><td class=\"column-7\">SUBVENCION GENERAL<\/td><td class=\"column-8\">2022-05-05 00:00:00<\/td><td class=\"column-9\">2022-05-05 00:00:00<\/td><td class=\"column-10\"><a href=\"https:\/\/corporacionlampa.cl\/transparencia\/wp-content\/uploads\/2022\/06\/OC274.pdf\" rel=\"noopener\" target=\"_blank\"><img loading=\"lazy\" decoding=\"async\" src=\"https:\/\/corporacionlampa.cl\/transparencia\/wp-content\/uploads\/2021\/04\/icopdf-150x150.png\" alt=\"\" width=\"60\" height=\"60\" class=\"aligncenter size-thumbnail wp-image-2731\" srcset=\"https:\/\/corporacionlampa.cl\/transparencia\/wp-content\/uploads\/2021\/04\/icopdf-150x150.png 150w, https:\/\/corporacionlampa.cl\/transparencia\/wp-content\/uploads\/2021\/04\/icopdf-250x250.png 250w, https:\/\/corporacionlampa.cl\/transparencia\/wp-content\/uploads\/2021\/04\/icopdf-174x174.png 174w, https:\/\/corporacionlampa.cl\/transparencia\/wp-content\/uploads\/2021\/04\/icopdf.png 256w\" sizes=\"auto, (max-width: 60px) 100vw, 60px\" \/><\/a><\/td>\n<\/tr>\n<tr class=\"row-12\">\n\t<td class=\"column-1\">00000275\/2022<\/td><td class=\"column-2\">UNICON CHILE SA<\/td><td class=\"column-3\">479409<\/td><td class=\"column-4\">076756988-2<\/td><td class=\"column-5\"><\/td><td class=\"column-6\">MEMO N\u00b0431-2022\/CONTRATACION DE SERVICIOS\/SUBVENCION GENERAL\/DAVID QUI\u00d1ILEO<\/td><td class=\"column-7\">SUBVENCION GENERAL<\/td><td class=\"column-8\">2022-05-05 00:00:00<\/td><td class=\"column-9\">2022-05-05 00:00:00<\/td><td class=\"column-10\"><a href=\"https:\/\/corporacionlampa.cl\/transparencia\/wp-content\/uploads\/2022\/06\/OC275.pdf\" rel=\"noopener\" target=\"_blank\"><img loading=\"lazy\" decoding=\"async\" src=\"https:\/\/corporacionlampa.cl\/transparencia\/wp-content\/uploads\/2021\/04\/icopdf-150x150.png\" alt=\"\" width=\"60\" height=\"60\" class=\"aligncenter size-thumbnail wp-image-2731\" srcset=\"https:\/\/corporacionlampa.cl\/transparencia\/wp-content\/uploads\/2021\/04\/icopdf-150x150.png 150w, https:\/\/corporacionlampa.cl\/transparencia\/wp-content\/uploads\/2021\/04\/icopdf-250x250.png 250w, https:\/\/corporacionlampa.cl\/transparencia\/wp-content\/uploads\/2021\/04\/icopdf-174x174.png 174w, https:\/\/corporacionlampa.cl\/transparencia\/wp-content\/uploads\/2021\/04\/icopdf.png 256w\" sizes=\"auto, (max-width: 60px) 100vw, 60px\" \/><\/a><\/td>\n<\/tr>\n<tr class=\"row-13\">\n\t<td class=\"column-1\">00000276\/2022<\/td><td class=\"column-2\">YOLITO BALART HERMANOS LIMITADA<\/td><td class=\"column-3\">189891<\/td><td class=\"column-4\">080565900-9<\/td><td class=\"column-5\"><\/td><td class=\"column-6\">MEMO N\u00b0 415 \/ JARDIN LARAPINTA\/ FINANCIAMIENTO JUNJI<\/td><td class=\"column-7\">JUNJI<\/td><td class=\"column-8\">2022-05-05 00:00:00<\/td><td class=\"column-9\">2022-05-05 00:00:00<\/td><td class=\"column-10\"><a href=\"https:\/\/corporacionlampa.cl\/transparencia\/wp-content\/uploads\/2022\/06\/OC276.pdf\" rel=\"noopener\" target=\"_blank\"><img loading=\"lazy\" decoding=\"async\" src=\"https:\/\/corporacionlampa.cl\/transparencia\/wp-content\/uploads\/2021\/04\/icopdf-150x150.png\" alt=\"\" width=\"60\" height=\"60\" class=\"aligncenter size-thumbnail wp-image-2731\" srcset=\"https:\/\/corporacionlampa.cl\/transparencia\/wp-content\/uploads\/2021\/04\/icopdf-150x150.png 150w, https:\/\/corporacionlampa.cl\/transparencia\/wp-content\/uploads\/2021\/04\/icopdf-250x250.png 250w, https:\/\/corporacionlampa.cl\/transparencia\/wp-content\/uploads\/2021\/04\/icopdf-174x174.png 174w, https:\/\/corporacionlampa.cl\/transparencia\/wp-content\/uploads\/2021\/04\/icopdf.png 256w\" sizes=\"auto, (max-width: 60px) 100vw, 60px\" \/><\/a><\/td>\n<\/tr>\n<tr class=\"row-14\">\n\t<td class=\"column-1\">00000277\/2022<\/td><td class=\"column-2\">YOLITO BALART HERMANOS LIMITADA<\/td><td class=\"column-3\">137470<\/td><td class=\"column-4\">080565900-9<\/td><td class=\"column-5\"><\/td><td class=\"column-6\">MEMO N\u00b0 413 \/ DAVID QUI\u00d1ILEO \/ SUBV. GENERAL<\/td><td class=\"column-7\">SUBVENCION GENERAL<\/td><td class=\"column-8\">2022-05-05 00:00:00<\/td><td class=\"column-9\">2022-05-05 00:00:00<\/td><td class=\"column-10\"><a href=\"https:\/\/corporacionlampa.cl\/transparencia\/wp-content\/uploads\/2022\/06\/OC277.pdf\" rel=\"noopener\" target=\"_blank\"><img loading=\"lazy\" decoding=\"async\" src=\"https:\/\/corporacionlampa.cl\/transparencia\/wp-content\/uploads\/2021\/04\/icopdf-150x150.png\" alt=\"\" width=\"60\" height=\"60\" class=\"aligncenter size-thumbnail wp-image-2731\" srcset=\"https:\/\/corporacionlampa.cl\/transparencia\/wp-content\/uploads\/2021\/04\/icopdf-150x150.png 150w, https:\/\/corporacionlampa.cl\/transparencia\/wp-content\/uploads\/2021\/04\/icopdf-250x250.png 250w, https:\/\/corporacionlampa.cl\/transparencia\/wp-content\/uploads\/2021\/04\/icopdf-174x174.png 174w, https:\/\/corporacionlampa.cl\/transparencia\/wp-content\/uploads\/2021\/04\/icopdf.png 256w\" sizes=\"auto, (max-width: 60px) 100vw, 60px\" \/><\/a><\/td>\n<\/tr>\n<tr class=\"row-15\">\n\t<td class=\"column-1\">00000278\/2022<\/td><td class=\"column-2\">CORVEL IMPORTS LIMITADA<\/td><td class=\"column-3\">813440<\/td><td class=\"column-4\">076272549-5<\/td><td class=\"column-5\"><\/td><td class=\"column-6\">MEMO N\u00b0 236-2022\/1216071-32-AG22\/FINANCIAMIENTO JUNJI (MARIA PAREDES)<\/td><td class=\"column-7\">JUNJI<\/td><td class=\"column-8\">2022-05-05 00:00:00<\/td><td class=\"column-9\">2022-05-05 00:00:00<\/td><td class=\"column-10\"><a href=\"https:\/\/corporacionlampa.cl\/transparencia\/wp-content\/uploads\/2022\/06\/OC278.pdf\" rel=\"noopener\" target=\"_blank\"><img loading=\"lazy\" decoding=\"async\" src=\"https:\/\/corporacionlampa.cl\/transparencia\/wp-content\/uploads\/2021\/04\/icopdf-150x150.png\" alt=\"\" width=\"60\" height=\"60\" class=\"aligncenter size-thumbnail wp-image-2731\" srcset=\"https:\/\/corporacionlampa.cl\/transparencia\/wp-content\/uploads\/2021\/04\/icopdf-150x150.png 150w, https:\/\/corporacionlampa.cl\/transparencia\/wp-content\/uploads\/2021\/04\/icopdf-250x250.png 250w, https:\/\/corporacionlampa.cl\/transparencia\/wp-content\/uploads\/2021\/04\/icopdf-174x174.png 174w, https:\/\/corporacionlampa.cl\/transparencia\/wp-content\/uploads\/2021\/04\/icopdf.png 256w\" sizes=\"auto, (max-width: 60px) 100vw, 60px\" \/><\/a><\/td>\n<\/tr>\n<tr class=\"row-16\">\n\t<td class=\"column-1\">00000280\/2022<\/td><td class=\"column-2\">MUEBLES CIVAL LTDA<\/td><td class=\"column-3\">708645<\/td><td class=\"column-4\">076337795-4<\/td><td class=\"column-5\"><\/td><td class=\"column-6\">MEMO N\u00b0308-2022\/ ADQUISICION DE ESTANTE\/MOVAMONOS2020 (LILIAM GUTIERREZ)<\/td><td class=\"column-7\">FAEP<\/td><td class=\"column-8\">2022-05-06 00:00:00<\/td><td class=\"column-9\">2022-05-06 00:00:00<\/td><td class=\"column-10\"><a href=\"https:\/\/corporacionlampa.cl\/transparencia\/wp-content\/uploads\/2022\/06\/OC280.pdf\" rel=\"noopener\" target=\"_blank\"><img loading=\"lazy\" decoding=\"async\" src=\"https:\/\/corporacionlampa.cl\/transparencia\/wp-content\/uploads\/2021\/04\/icopdf-150x150.png\" alt=\"\" width=\"60\" height=\"60\" class=\"aligncenter size-thumbnail wp-image-2731\" srcset=\"https:\/\/corporacionlampa.cl\/transparencia\/wp-content\/uploads\/2021\/04\/icopdf-150x150.png 150w, https:\/\/corporacionlampa.cl\/transparencia\/wp-content\/uploads\/2021\/04\/icopdf-250x250.png 250w, https:\/\/corporacionlampa.cl\/transparencia\/wp-content\/uploads\/2021\/04\/icopdf-174x174.png 174w, https:\/\/corporacionlampa.cl\/transparencia\/wp-content\/uploads\/2021\/04\/icopdf.png 256w\" sizes=\"auto, (max-width: 60px) 100vw, 60px\" \/><\/a><\/td>\n<\/tr>\n<tr class=\"row-17\">\n\t<td class=\"column-1\">00000282\/2022<\/td><td class=\"column-2\">NICOLAS ANTONIO ALONSO OLATE<\/td><td class=\"column-3\">575000<\/td><td class=\"column-4\">019088963-7<\/td><td class=\"column-5\"><\/td><td class=\"column-6\">MEMO N\u00b0259-2022\/COMPRA DE PLATAFORMA WEB\/BICENTENARIO LAMPA\/MARIA PAREDES<\/td><td class=\"column-7\">BICENTENARIO LAMPA<\/td><td class=\"column-8\">2022-05-09 00:00:00<\/td><td class=\"column-9\">2022-05-09 00:00:00<\/td><td class=\"column-10\"><a href=\"https:\/\/corporacionlampa.cl\/transparencia\/wp-content\/uploads\/2022\/06\/OC282.pdf\" rel=\"noopener\" target=\"_blank\"><img loading=\"lazy\" decoding=\"async\" src=\"https:\/\/corporacionlampa.cl\/transparencia\/wp-content\/uploads\/2021\/04\/icopdf-150x150.png\" alt=\"\" width=\"60\" height=\"60\" class=\"aligncenter size-thumbnail wp-image-2731\" srcset=\"https:\/\/corporacionlampa.cl\/transparencia\/wp-content\/uploads\/2021\/04\/icopdf-150x150.png 150w, https:\/\/corporacionlampa.cl\/transparencia\/wp-content\/uploads\/2021\/04\/icopdf-250x250.png 250w, https:\/\/corporacionlampa.cl\/transparencia\/wp-content\/uploads\/2021\/04\/icopdf-174x174.png 174w, https:\/\/corporacionlampa.cl\/transparencia\/wp-content\/uploads\/2021\/04\/icopdf.png 256w\" sizes=\"auto, (max-width: 60px) 100vw, 60px\" \/><\/a><\/td>\n<\/tr>\n<tr class=\"row-18\">\n\t<td class=\"column-1\">00000283\/2022<\/td><td class=\"column-2\">ISABEL\u00a0 SOLEDAD QUINTEROS STACK<\/td><td class=\"column-3\">837165<\/td><td class=\"column-4\">009578858-0<\/td><td class=\"column-5\"><\/td><td class=\"column-6\">MEMO N\u00b0418-2022\/MANTENCION Y REPARACIONES\/SUBVENCION GENERAL\/DAVID QUI\u00d1ILEO<\/td><td class=\"column-7\">SUBVENCION GENERAL<\/td><td class=\"column-8\">2022-05-09 00:00:00<\/td><td class=\"column-9\">2022-05-09 00:00:00<\/td><td class=\"column-10\"><a href=\"https:\/\/corporacionlampa.cl\/transparencia\/wp-content\/uploads\/2022\/06\/OC283.pdf\" rel=\"noopener\" target=\"_blank\"><img loading=\"lazy\" decoding=\"async\" src=\"https:\/\/corporacionlampa.cl\/transparencia\/wp-content\/uploads\/2021\/04\/icopdf-150x150.png\" alt=\"\" width=\"60\" height=\"60\" class=\"aligncenter size-thumbnail wp-image-2731\" srcset=\"https:\/\/corporacionlampa.cl\/transparencia\/wp-content\/uploads\/2021\/04\/icopdf-150x150.png 150w, https:\/\/corporacionlampa.cl\/transparencia\/wp-content\/uploads\/2021\/04\/icopdf-250x250.png 250w, https:\/\/corporacionlampa.cl\/transparencia\/wp-content\/uploads\/2021\/04\/icopdf-174x174.png 174w, https:\/\/corporacionlampa.cl\/transparencia\/wp-content\/uploads\/2021\/04\/icopdf.png 256w\" sizes=\"auto, (max-width: 60px) 100vw, 60px\" \/><\/a><\/td>\n<\/tr>\n<tr class=\"row-19\">\n\t<td class=\"column-1\">00000285\/2022<\/td><td class=\"column-2\">MAURICIO ALEX FUENZALIDA CERDA<\/td><td class=\"column-3\">104500<\/td><td class=\"column-4\">012808662-5<\/td><td class=\"column-5\"><\/td><td class=\"column-6\">MEMO N\u00b0 199-2022\/FESTIVIDADES INSTITUCIONALES\/LEY SEP (VIVIANA BENITEZ)<\/td><td class=\"column-7\">LEY SEP<\/td><td class=\"column-8\">2022-05-06 00:00:00<\/td><td class=\"column-9\">2022-05-06 00:00:00<\/td><td class=\"column-10\"><a href=\"https:\/\/corporacionlampa.cl\/transparencia\/wp-content\/uploads\/2022\/06\/OC285.pdf\" rel=\"noopener\" target=\"_blank\"><img loading=\"lazy\" decoding=\"async\" src=\"https:\/\/corporacionlampa.cl\/transparencia\/wp-content\/uploads\/2021\/04\/icopdf-150x150.png\" alt=\"\" width=\"60\" height=\"60\" class=\"aligncenter size-thumbnail wp-image-2731\" srcset=\"https:\/\/corporacionlampa.cl\/transparencia\/wp-content\/uploads\/2021\/04\/icopdf-150x150.png 150w, https:\/\/corporacionlampa.cl\/transparencia\/wp-content\/uploads\/2021\/04\/icopdf-250x250.png 250w, https:\/\/corporacionlampa.cl\/transparencia\/wp-content\/uploads\/2021\/04\/icopdf-174x174.png 174w, https:\/\/corporacionlampa.cl\/transparencia\/wp-content\/uploads\/2021\/04\/icopdf.png 256w\" sizes=\"auto, (max-width: 60px) 100vw, 60px\" \/><\/a><\/td>\n<\/tr>\n<tr class=\"row-20\">\n\t<td class=\"column-1\">00000286\/2022<\/td><td class=\"column-2\">COMERCIALIZADORA INPUT MEDICA SPA<\/td><td class=\"column-3\">3476234<\/td><td class=\"column-4\">076645686-3<\/td><td class=\"column-5\"><\/td><td class=\"column-6\">MEMO N\u00b0 196-2022\/MATERIALES Y RECURSO DE AREA TP Y HC\/LEY SEP (SIMON ALVAREZ)<\/td><td class=\"column-7\">LEY SEP<\/td><td class=\"column-8\">2022-05-06 00:00:00<\/td><td class=\"column-9\">2022-05-06 00:00:00<\/td><td class=\"column-10\"><a href=\"https:\/\/corporacionlampa.cl\/transparencia\/wp-content\/uploads\/2022\/06\/OC286.pdf\" rel=\"noopener\" target=\"_blank\"><img loading=\"lazy\" decoding=\"async\" src=\"https:\/\/corporacionlampa.cl\/transparencia\/wp-content\/uploads\/2021\/04\/icopdf-150x150.png\" alt=\"\" width=\"60\" height=\"60\" class=\"aligncenter size-thumbnail wp-image-2731\" srcset=\"https:\/\/corporacionlampa.cl\/transparencia\/wp-content\/uploads\/2021\/04\/icopdf-150x150.png 150w, https:\/\/corporacionlampa.cl\/transparencia\/wp-content\/uploads\/2021\/04\/icopdf-250x250.png 250w, https:\/\/corporacionlampa.cl\/transparencia\/wp-content\/uploads\/2021\/04\/icopdf-174x174.png 174w, https:\/\/corporacionlampa.cl\/transparencia\/wp-content\/uploads\/2021\/04\/icopdf.png 256w\" sizes=\"auto, (max-width: 60px) 100vw, 60px\" \/><\/a><\/td>\n<\/tr>\n<tr class=\"row-21\">\n\t<td class=\"column-1\">00000287\/2022<\/td><td class=\"column-2\">PLUSCHILE INTERNET LIMITADA<\/td><td class=\"column-3\">65331<\/td><td class=\"column-4\">076636640-6<\/td><td class=\"column-5\"><\/td><td class=\"column-6\">MEMO N\u00b0 386-2022\/ADQUISICION DE DOMINIO.CL APORTE MUNICIPAL\/ (DAVID QUI\u00d1ILEO)<\/td><td class=\"column-7\">APORTE MUNICIPALL<\/td><td class=\"column-8\">2022-05-06 00:00:00<\/td><td class=\"column-9\">2022-05-06 00:00:00<\/td><td class=\"column-10\"><a href=\"https:\/\/corporacionlampa.cl\/transparencia\/wp-content\/uploads\/2022\/06\/OC287.pdf\" rel=\"noopener\" target=\"_blank\"><img loading=\"lazy\" decoding=\"async\" src=\"https:\/\/corporacionlampa.cl\/transparencia\/wp-content\/uploads\/2021\/04\/icopdf-150x150.png\" alt=\"\" width=\"60\" height=\"60\" class=\"aligncenter size-thumbnail wp-image-2731\" srcset=\"https:\/\/corporacionlampa.cl\/transparencia\/wp-content\/uploads\/2021\/04\/icopdf-150x150.png 150w, https:\/\/corporacionlampa.cl\/transparencia\/wp-content\/uploads\/2021\/04\/icopdf-250x250.png 250w, https:\/\/corporacionlampa.cl\/transparencia\/wp-content\/uploads\/2021\/04\/icopdf-174x174.png 174w, https:\/\/corporacionlampa.cl\/transparencia\/wp-content\/uploads\/2021\/04\/icopdf.png 256w\" sizes=\"auto, (max-width: 60px) 100vw, 60px\" \/><\/a><\/td>\n<\/tr>\n<tr class=\"row-22\">\n\t<td class=\"column-1\">00000288\/2022<\/td><td class=\"column-2\">COMERCIAL FASIT LIMITADA<\/td><td class=\"column-3\">5838414<\/td><td class=\"column-4\">076607224-0<\/td><td class=\"column-5\"><\/td><td class=\"column-6\">MEMO N\u00b0 99-2022\/MASCARILLAS\/SUBVENCION GENERAL (CAMILA MALDONADO)<\/td><td class=\"column-7\">SUBVENCION GENERAL<\/td><td class=\"column-8\">2022-05-06 00:00:00<\/td><td class=\"column-9\">2022-05-06 00:00:00<\/td><td class=\"column-10\"><a href=\"https:\/\/corporacionlampa.cl\/transparencia\/wp-content\/uploads\/2022\/06\/OC288.pdf\" rel=\"noopener\" target=\"_blank\"><img loading=\"lazy\" decoding=\"async\" src=\"https:\/\/corporacionlampa.cl\/transparencia\/wp-content\/uploads\/2021\/04\/icopdf-150x150.png\" alt=\"\" width=\"60\" height=\"60\" class=\"aligncenter size-thumbnail wp-image-2731\" srcset=\"https:\/\/corporacionlampa.cl\/transparencia\/wp-content\/uploads\/2021\/04\/icopdf-150x150.png 150w, https:\/\/corporacionlampa.cl\/transparencia\/wp-content\/uploads\/2021\/04\/icopdf-250x250.png 250w, https:\/\/corporacionlampa.cl\/transparencia\/wp-content\/uploads\/2021\/04\/icopdf-174x174.png 174w, https:\/\/corporacionlampa.cl\/transparencia\/wp-content\/uploads\/2021\/04\/icopdf.png 256w\" sizes=\"auto, (max-width: 60px) 100vw, 60px\" \/><\/a><\/td>\n<\/tr>\n<tr class=\"row-23\">\n\t<td class=\"column-1\">00000289\/2022<\/td><td class=\"column-2\">IMPORTADORA MEGA MARKET LIMITADA<\/td><td class=\"column-3\">9020390<\/td><td class=\"column-4\">076012551-2<\/td><td class=\"column-5\"><\/td><td class=\"column-6\">MEMO N\u00b0 99-2022\/COMPRA DE MASCARILLAS\/SUBVENCION GENERAL (CAMILA MALDONADO)<\/td><td class=\"column-7\">SUBVENCION GENERAL<\/td><td class=\"column-8\">2022-05-06 00:00:00<\/td><td class=\"column-9\">2022-05-06 00:00:00<\/td><td class=\"column-10\"><a href=\"https:\/\/corporacionlampa.cl\/transparencia\/wp-content\/uploads\/2022\/06\/OC289.pdf\" rel=\"noopener\" target=\"_blank\"><img loading=\"lazy\" decoding=\"async\" src=\"https:\/\/corporacionlampa.cl\/transparencia\/wp-content\/uploads\/2021\/04\/icopdf-150x150.png\" alt=\"\" width=\"60\" height=\"60\" class=\"aligncenter size-thumbnail wp-image-2731\" srcset=\"https:\/\/corporacionlampa.cl\/transparencia\/wp-content\/uploads\/2021\/04\/icopdf-150x150.png 150w, https:\/\/corporacionlampa.cl\/transparencia\/wp-content\/uploads\/2021\/04\/icopdf-250x250.png 250w, https:\/\/corporacionlampa.cl\/transparencia\/wp-content\/uploads\/2021\/04\/icopdf-174x174.png 174w, https:\/\/corporacionlampa.cl\/transparencia\/wp-content\/uploads\/2021\/04\/icopdf.png 256w\" sizes=\"auto, (max-width: 60px) 100vw, 60px\" \/><\/a><\/td>\n<\/tr>\n<tr class=\"row-24\">\n\t<td class=\"column-1\">00000290\/2022<\/td><td class=\"column-2\">COMERCIALIZADORA DE CONTAINERS SPA<\/td><td class=\"column-3\">6987033<\/td><td class=\"column-4\">076485292-3<\/td><td class=\"column-5\"><\/td><td class=\"column-6\">MEMO N\u00b0190-2022\/ OPORTE MUNICIPAL\/ DESPACHO: CAMINO INTERIOR SANTA SARA S\/N.<\/td><td class=\"column-7\">APORTE MUNICIPALL<\/td><td class=\"column-8\">2022-05-09 00:00:00<\/td><td class=\"column-9\">2022-05-09 00:00:00<\/td><td class=\"column-10\"><a href=\"https:\/\/corporacionlampa.cl\/transparencia\/wp-content\/uploads\/2022\/06\/OC290.pdf\" rel=\"noopener\" target=\"_blank\"><img loading=\"lazy\" decoding=\"async\" src=\"https:\/\/corporacionlampa.cl\/transparencia\/wp-content\/uploads\/2021\/04\/icopdf-150x150.png\" alt=\"\" width=\"60\" height=\"60\" class=\"aligncenter size-thumbnail wp-image-2731\" srcset=\"https:\/\/corporacionlampa.cl\/transparencia\/wp-content\/uploads\/2021\/04\/icopdf-150x150.png 150w, https:\/\/corporacionlampa.cl\/transparencia\/wp-content\/uploads\/2021\/04\/icopdf-250x250.png 250w, https:\/\/corporacionlampa.cl\/transparencia\/wp-content\/uploads\/2021\/04\/icopdf-174x174.png 174w, https:\/\/corporacionlampa.cl\/transparencia\/wp-content\/uploads\/2021\/04\/icopdf.png 256w\" sizes=\"auto, (max-width: 60px) 100vw, 60px\" \/><\/a><\/td>\n<\/tr>\n<tr class=\"row-25\">\n\t<td class=\"column-1\">00000291\/2022<\/td><td class=\"column-2\">YOLITO BALART HERMANOS LIMITADA<\/td><td class=\"column-3\">1826756<\/td><td class=\"column-4\">080565900-9<\/td><td class=\"column-5\"><\/td><td class=\"column-6\">MEMO N\u00b0 416\/2022\/MATERIALES DE REPARACION\/SUBVENCION GENERAL (DAVID QUI\u00d1ILEO)<\/td><td class=\"column-7\">SUBVENCION GENERAL<\/td><td class=\"column-8\">2022-05-09 00:00:00<\/td><td class=\"column-9\">2022-05-09 00:00:00<\/td><td class=\"column-10\"><a href=\"https:\/\/corporacionlampa.cl\/transparencia\/wp-content\/uploads\/2022\/06\/OC291.pdf\" rel=\"noopener\" target=\"_blank\"><img loading=\"lazy\" decoding=\"async\" src=\"https:\/\/corporacionlampa.cl\/transparencia\/wp-content\/uploads\/2021\/04\/icopdf-150x150.png\" alt=\"\" width=\"60\" height=\"60\" class=\"aligncenter size-thumbnail wp-image-2731\" srcset=\"https:\/\/corporacionlampa.cl\/transparencia\/wp-content\/uploads\/2021\/04\/icopdf-150x150.png 150w, https:\/\/corporacionlampa.cl\/transparencia\/wp-content\/uploads\/2021\/04\/icopdf-250x250.png 250w, https:\/\/corporacionlampa.cl\/transparencia\/wp-content\/uploads\/2021\/04\/icopdf-174x174.png 174w, https:\/\/corporacionlampa.cl\/transparencia\/wp-content\/uploads\/2021\/04\/icopdf.png 256w\" sizes=\"auto, (max-width: 60px) 100vw, 60px\" \/><\/a><\/td>\n<\/tr>\n<tr class=\"row-26\">\n\t<td class=\"column-1\">00000292\/2022<\/td><td class=\"column-2\">IMS CHILE SOLUCIONES TECNOLOGICAS LTDA.<\/td><td class=\"column-3\">980560<\/td><td class=\"column-4\">076097154-5<\/td><td class=\"column-5\"><\/td><td class=\"column-6\">MEMO N\u00b0311-2022\/COMPRA DE TONER\/LEY SEP\/MARIA PAREDES<\/td><td class=\"column-7\">LEY SEP<\/td><td class=\"column-8\">2022-05-10 00:00:00<\/td><td class=\"column-9\">2022-05-10 00:00:00<\/td><td class=\"column-10\"><a href=\"https:\/\/corporacionlampa.cl\/transparencia\/wp-content\/uploads\/2022\/06\/OC292.pdf\" rel=\"noopener\" target=\"_blank\"><img loading=\"lazy\" decoding=\"async\" src=\"https:\/\/corporacionlampa.cl\/transparencia\/wp-content\/uploads\/2021\/04\/icopdf-150x150.png\" alt=\"\" width=\"60\" height=\"60\" class=\"aligncenter size-thumbnail wp-image-2731\" srcset=\"https:\/\/corporacionlampa.cl\/transparencia\/wp-content\/uploads\/2021\/04\/icopdf-150x150.png 150w, https:\/\/corporacionlampa.cl\/transparencia\/wp-content\/uploads\/2021\/04\/icopdf-250x250.png 250w, https:\/\/corporacionlampa.cl\/transparencia\/wp-content\/uploads\/2021\/04\/icopdf-174x174.png 174w, https:\/\/corporacionlampa.cl\/transparencia\/wp-content\/uploads\/2021\/04\/icopdf.png 256w\" sizes=\"auto, (max-width: 60px) 100vw, 60px\" \/><\/a><\/td>\n<\/tr>\n<tr class=\"row-27\">\n\t<td class=\"column-1\">00000293\/2022<\/td><td class=\"column-2\">IMPORTADORA Y EXPORTADORA LASER IMAGING CHILE SPA<\/td><td class=\"column-3\">55041<\/td><td class=\"column-4\">077030470-9<\/td><td class=\"column-5\"><\/td><td class=\"column-6\">MEMO N\u00b0248-2022\/COMPRA DE TAMBOR PARA TONER\/JARDIN Y SALA CUNA INFANTIL NUESTRO FUTURO\/MARIA PAREDES<\/td><td class=\"column-7\">01. FINANCIAMIENTO JUNJI<\/td><td class=\"column-8\">2022-05-10 00:00:00<\/td><td class=\"column-9\">2022-05-10 00:00:00<\/td><td class=\"column-10\"><a href=\"https:\/\/corporacionlampa.cl\/transparencia\/wp-content\/uploads\/2022\/06\/OC293.pdf\" rel=\"noopener\" target=\"_blank\"><img loading=\"lazy\" decoding=\"async\" src=\"https:\/\/corporacionlampa.cl\/transparencia\/wp-content\/uploads\/2021\/04\/icopdf-150x150.png\" alt=\"\" width=\"60\" height=\"60\" class=\"aligncenter size-thumbnail wp-image-2731\" srcset=\"https:\/\/corporacionlampa.cl\/transparencia\/wp-content\/uploads\/2021\/04\/icopdf-150x150.png 150w, https:\/\/corporacionlampa.cl\/transparencia\/wp-content\/uploads\/2021\/04\/icopdf-250x250.png 250w, https:\/\/corporacionlampa.cl\/transparencia\/wp-content\/uploads\/2021\/04\/icopdf-174x174.png 174w, https:\/\/corporacionlampa.cl\/transparencia\/wp-content\/uploads\/2021\/04\/icopdf.png 256w\" sizes=\"auto, (max-width: 60px) 100vw, 60px\" \/><\/a><\/td>\n<\/tr>\n<tr class=\"row-28\">\n\t<td class=\"column-1\">00000294\/2022<\/td><td class=\"column-2\">DIMTER INGENIERIA<\/td><td class=\"column-3\">197776<\/td><td class=\"column-4\">076766302-1<\/td><td class=\"column-5\"><\/td><td class=\"column-6\">MEMO N\u00b0 216-2022\/ COMPRA DE CITOFONO\/FINANCIAMIENTO JUNJI\u00a0 (JUAN DAVID QUI\u00d1ILEO)<\/td><td class=\"column-7\">JUNJI SALA CUNA HUELEMU (ARGENTINA)<\/td><td class=\"column-8\">2022-05-10 00:00:00<\/td><td class=\"column-9\">2022-05-10 00:00:00<\/td><td class=\"column-10\"><a href=\"https:\/\/corporacionlampa.cl\/transparencia\/wp-content\/uploads\/2022\/06\/OC294.pdf\" rel=\"noopener\" target=\"_blank\"><img loading=\"lazy\" decoding=\"async\" src=\"https:\/\/corporacionlampa.cl\/transparencia\/wp-content\/uploads\/2021\/04\/icopdf-150x150.png\" alt=\"\" width=\"60\" height=\"60\" class=\"aligncenter size-thumbnail wp-image-2731\" srcset=\"https:\/\/corporacionlampa.cl\/transparencia\/wp-content\/uploads\/2021\/04\/icopdf-150x150.png 150w, https:\/\/corporacionlampa.cl\/transparencia\/wp-content\/uploads\/2021\/04\/icopdf-250x250.png 250w, https:\/\/corporacionlampa.cl\/transparencia\/wp-content\/uploads\/2021\/04\/icopdf-174x174.png 174w, https:\/\/corporacionlampa.cl\/transparencia\/wp-content\/uploads\/2021\/04\/icopdf.png 256w\" sizes=\"auto, (max-width: 60px) 100vw, 60px\" \/><\/a><\/td>\n<\/tr>\n<tr class=\"row-29\">\n\t<td class=\"column-1\">00000295\/2022<\/td><td class=\"column-2\">SOCIEDAD DE INVERSIONES DASSEN SPA<\/td><td class=\"column-3\">173764<\/td><td class=\"column-4\">077537871-9<\/td><td class=\"column-5\"><\/td><td class=\"column-6\">MEMO N\u00b0 216-2022\/MATERIALES DE REPARACION\/SUBVENCION DE MANTENIMIENTO 2022 (JUAN CARLOS BANDA)<\/td><td class=\"column-7\">SUBVENCION DE MANT. ESC. 368<\/td><td class=\"column-8\">2022-05-10 00:00:00<\/td><td class=\"column-9\">2022-05-10 00:00:00<\/td><td class=\"column-10\"><a href=\"https:\/\/corporacionlampa.cl\/transparencia\/wp-content\/uploads\/2022\/06\/OC295.pdf\" rel=\"noopener\" target=\"_blank\"><img loading=\"lazy\" decoding=\"async\" src=\"https:\/\/corporacionlampa.cl\/transparencia\/wp-content\/uploads\/2021\/04\/icopdf-150x150.png\" alt=\"\" width=\"60\" height=\"60\" class=\"aligncenter size-thumbnail wp-image-2731\" srcset=\"https:\/\/corporacionlampa.cl\/transparencia\/wp-content\/uploads\/2021\/04\/icopdf-150x150.png 150w, https:\/\/corporacionlampa.cl\/transparencia\/wp-content\/uploads\/2021\/04\/icopdf-250x250.png 250w, https:\/\/corporacionlampa.cl\/transparencia\/wp-content\/uploads\/2021\/04\/icopdf-174x174.png 174w, https:\/\/corporacionlampa.cl\/transparencia\/wp-content\/uploads\/2021\/04\/icopdf.png 256w\" sizes=\"auto, (max-width: 60px) 100vw, 60px\" \/><\/a><\/td>\n<\/tr>\n<tr class=\"row-30\">\n\t<td class=\"column-1\">00000296\/2022<\/td><td class=\"column-2\">QWANTEC INGENIERIA LIMITADA<\/td><td class=\"column-3\">681870<\/td><td class=\"column-4\">076173410-5<\/td><td class=\"column-5\"><\/td><td class=\"column-6\">CORREO\/COMPRA DE RELOJ CONTROL\/SALACUNA MI PEQUE\u00d1O LUCERO, SALA CUNA NIDO DE ANGELITOS<\/td><td class=\"column-7\">01. FINANCIAMIENTO JUNJI<\/td><td class=\"column-8\">2022-05-11 00:00:00<\/td><td class=\"column-9\">2022-05-11 00:00:00<\/td><td class=\"column-10\"><a href=\"https:\/\/corporacionlampa.cl\/transparencia\/wp-content\/uploads\/2022\/06\/OC296.pdf\" rel=\"noopener\" target=\"_blank\"><img loading=\"lazy\" decoding=\"async\" src=\"https:\/\/corporacionlampa.cl\/transparencia\/wp-content\/uploads\/2021\/04\/icopdf-150x150.png\" alt=\"\" width=\"60\" height=\"60\" class=\"aligncenter size-thumbnail wp-image-2731\" srcset=\"https:\/\/corporacionlampa.cl\/transparencia\/wp-content\/uploads\/2021\/04\/icopdf-150x150.png 150w, https:\/\/corporacionlampa.cl\/transparencia\/wp-content\/uploads\/2021\/04\/icopdf-250x250.png 250w, https:\/\/corporacionlampa.cl\/transparencia\/wp-content\/uploads\/2021\/04\/icopdf-174x174.png 174w, https:\/\/corporacionlampa.cl\/transparencia\/wp-content\/uploads\/2021\/04\/icopdf.png 256w\" sizes=\"auto, (max-width: 60px) 100vw, 60px\" \/><\/a><\/td>\n<\/tr>\n<tr class=\"row-31\">\n\t<td class=\"column-1\">00000297\/2022<\/td><td class=\"column-2\">ECOS SPA<\/td><td class=\"column-3\">804750<\/td><td class=\"column-4\">076339291-0<\/td><td class=\"column-5\"><\/td><td class=\"column-6\">MEMO N\u00b0321-2022\/COMPRA DE MESAS DE PING PONG\/APORTE MUNICIPAL\/MARIA PAREDES<\/td><td class=\"column-7\">APORTE MUNICIPALL<\/td><td class=\"column-8\">2022-05-11 00:00:00<\/td><td class=\"column-9\">2022-05-11 00:00:00<\/td><td class=\"column-10\"><a href=\"https:\/\/corporacionlampa.cl\/transparencia\/wp-content\/uploads\/2022\/06\/OC297.pdf\" rel=\"noopener\" target=\"_blank\"><img loading=\"lazy\" decoding=\"async\" src=\"https:\/\/corporacionlampa.cl\/transparencia\/wp-content\/uploads\/2021\/04\/icopdf-150x150.png\" alt=\"\" width=\"60\" height=\"60\" class=\"aligncenter size-thumbnail wp-image-2731\" srcset=\"https:\/\/corporacionlampa.cl\/transparencia\/wp-content\/uploads\/2021\/04\/icopdf-150x150.png 150w, https:\/\/corporacionlampa.cl\/transparencia\/wp-content\/uploads\/2021\/04\/icopdf-250x250.png 250w, https:\/\/corporacionlampa.cl\/transparencia\/wp-content\/uploads\/2021\/04\/icopdf-174x174.png 174w, https:\/\/corporacionlampa.cl\/transparencia\/wp-content\/uploads\/2021\/04\/icopdf.png 256w\" sizes=\"auto, (max-width: 60px) 100vw, 60px\" \/><\/a><\/td>\n<\/tr>\n<tr class=\"row-32\">\n\t<td class=\"column-1\">00000299\/2022<\/td><td class=\"column-2\">DEPETRIUS SPA<\/td><td class=\"column-3\">833000<\/td><td class=\"column-4\">076760207-3<\/td><td class=\"column-5\"><\/td><td class=\"column-6\">MEMO N\u00b0 442-2022\/SERVICIO DE RETROEXCAVADORA\/SUBVENCION GENERAL (DAVID QUI\u00d1ILEO)<\/td><td class=\"column-7\">SUBVENCION GENERAL<\/td><td class=\"column-8\">2022-05-11 00:00:00<\/td><td class=\"column-9\">2022-05-11 00:00:00<\/td><td class=\"column-10\"><a href=\"https:\/\/corporacionlampa.cl\/transparencia\/wp-content\/uploads\/2022\/06\/OC299.pdf\" rel=\"noopener\" target=\"_blank\"><img loading=\"lazy\" decoding=\"async\" src=\"https:\/\/corporacionlampa.cl\/transparencia\/wp-content\/uploads\/2021\/04\/icopdf-150x150.png\" alt=\"\" width=\"60\" height=\"60\" class=\"aligncenter size-thumbnail wp-image-2731\" srcset=\"https:\/\/corporacionlampa.cl\/transparencia\/wp-content\/uploads\/2021\/04\/icopdf-150x150.png 150w, https:\/\/corporacionlampa.cl\/transparencia\/wp-content\/uploads\/2021\/04\/icopdf-250x250.png 250w, https:\/\/corporacionlampa.cl\/transparencia\/wp-content\/uploads\/2021\/04\/icopdf-174x174.png 174w, https:\/\/corporacionlampa.cl\/transparencia\/wp-content\/uploads\/2021\/04\/icopdf.png 256w\" sizes=\"auto, (max-width: 60px) 100vw, 60px\" \/><\/a><\/td>\n<\/tr>\n<tr class=\"row-33\">\n\t<td class=\"column-1\">00000300\/2022<\/td><td class=\"column-2\">PROVEEDORES INTEGRALES PRISA SA<\/td><td class=\"column-3\">302261<\/td><td class=\"column-4\">096556940-5<\/td><td class=\"column-5\"><\/td><td class=\"column-6\">MEMO N\u00b0 303-2022\/ MATERIAL FUNGIBLE\/ FINANCIAMIENTO JUNJI (LESLIE OLGUIN)<\/td><td class=\"column-7\">JUNJI SALA CUNA HUELEMU (ARGENTINA)<\/td><td class=\"column-8\">2022-05-11 00:00:00<\/td><td class=\"column-9\">2022-05-11 00:00:00<\/td><td class=\"column-10\"><a href=\"https:\/\/corporacionlampa.cl\/transparencia\/wp-content\/uploads\/2022\/06\/OC300.pdf\" rel=\"noopener\" target=\"_blank\"><img loading=\"lazy\" decoding=\"async\" src=\"https:\/\/corporacionlampa.cl\/transparencia\/wp-content\/uploads\/2021\/04\/icopdf-150x150.png\" alt=\"\" width=\"60\" height=\"60\" class=\"aligncenter size-thumbnail wp-image-2731\" srcset=\"https:\/\/corporacionlampa.cl\/transparencia\/wp-content\/uploads\/2021\/04\/icopdf-150x150.png 150w, https:\/\/corporacionlampa.cl\/transparencia\/wp-content\/uploads\/2021\/04\/icopdf-250x250.png 250w, https:\/\/corporacionlampa.cl\/transparencia\/wp-content\/uploads\/2021\/04\/icopdf-174x174.png 174w, https:\/\/corporacionlampa.cl\/transparencia\/wp-content\/uploads\/2021\/04\/icopdf.png 256w\" sizes=\"auto, (max-width: 60px) 100vw, 60px\" \/><\/a><\/td>\n<\/tr>\n<tr class=\"row-34\">\n\t<td class=\"column-1\">00000303\/2022<\/td><td class=\"column-2\">YOLITO BALART HERMANOS LIMITADA<\/td><td class=\"column-3\">383944<\/td><td class=\"column-4\">080565900-9<\/td><td class=\"column-5\"><\/td><td class=\"column-6\">MEMO N\u00b0 196-2022\/MATERIALES Y RESCURSO DE AREA TP Y HC\/SUBVENCION DE MANTENIMIENTO (VIVIANA BENITEZ)<\/td><td class=\"column-7\">SUBVENCION DE MANTENIMIENTO ESC-361<\/td><td class=\"column-8\">2022-05-12 00:00:00<\/td><td class=\"column-9\">2022-05-12 00:00:00<\/td><td class=\"column-10\"><a href=\"https:\/\/corporacionlampa.cl\/transparencia\/wp-content\/uploads\/2022\/06\/OC303.pdf\" rel=\"noopener\" target=\"_blank\"><img loading=\"lazy\" decoding=\"async\" src=\"https:\/\/corporacionlampa.cl\/transparencia\/wp-content\/uploads\/2021\/04\/icopdf-150x150.png\" alt=\"\" width=\"60\" height=\"60\" class=\"aligncenter size-thumbnail wp-image-2731\" srcset=\"https:\/\/corporacionlampa.cl\/transparencia\/wp-content\/uploads\/2021\/04\/icopdf-150x150.png 150w, https:\/\/corporacionlampa.cl\/transparencia\/wp-content\/uploads\/2021\/04\/icopdf-250x250.png 250w, https:\/\/corporacionlampa.cl\/transparencia\/wp-content\/uploads\/2021\/04\/icopdf-174x174.png 174w, https:\/\/corporacionlampa.cl\/transparencia\/wp-content\/uploads\/2021\/04\/icopdf.png 256w\" sizes=\"auto, (max-width: 60px) 100vw, 60px\" \/><\/a><\/td>\n<\/tr>\n<tr class=\"row-35\">\n\t<td class=\"column-1\">00000304\/2022<\/td><td class=\"column-2\">PROVEEDORES INTEGRALES PRISA SA<\/td><td class=\"column-3\">862232<\/td><td class=\"column-4\">096556940-5<\/td><td class=\"column-5\"><\/td><td class=\"column-6\">MEMO N\u00b0 203-2022\/MATERIALES E INSUMO CRA\/LEY SEP (SIMON ALVAREZ)<\/td><td class=\"column-7\">LEY SEP<\/td><td class=\"column-8\">2022-05-13 00:00:00<\/td><td class=\"column-9\">2022-05-13 00:00:00<\/td><td class=\"column-10\"><a href=\"https:\/\/corporacionlampa.cl\/transparencia\/wp-content\/uploads\/2022\/06\/OC304.pdf\" rel=\"noopener\" target=\"_blank\"><img loading=\"lazy\" decoding=\"async\" src=\"https:\/\/corporacionlampa.cl\/transparencia\/wp-content\/uploads\/2021\/04\/icopdf-150x150.png\" alt=\"\" width=\"60\" height=\"60\" class=\"aligncenter size-thumbnail wp-image-2731\" srcset=\"https:\/\/corporacionlampa.cl\/transparencia\/wp-content\/uploads\/2021\/04\/icopdf-150x150.png 150w, https:\/\/corporacionlampa.cl\/transparencia\/wp-content\/uploads\/2021\/04\/icopdf-250x250.png 250w, https:\/\/corporacionlampa.cl\/transparencia\/wp-content\/uploads\/2021\/04\/icopdf-174x174.png 174w, https:\/\/corporacionlampa.cl\/transparencia\/wp-content\/uploads\/2021\/04\/icopdf.png 256w\" sizes=\"auto, (max-width: 60px) 100vw, 60px\" \/><\/a><\/td>\n<\/tr>\n<tr class=\"row-36\">\n\t<td class=\"column-1\">00000305\/2022<\/td><td class=\"column-2\">EMPRESA DE COMPUTACION JOSE LUIS QUILA LAGOS E.I.R.L.<\/td><td class=\"column-3\">224953<\/td><td class=\"column-4\">076467885-0<\/td><td class=\"column-5\"><\/td><td class=\"column-6\">MEMO N\u00b0235-2022\/COMPRAS DE PIZARRAS\/SALA CUNA Y JARDIN INFANTIL KIM AYELEN\/MARIA PAREDES<\/td><td class=\"column-7\">01. FINANCIAMIENTO JUNJI<\/td><td class=\"column-8\">2022-05-16 00:00:00<\/td><td class=\"column-9\">2022-05-16 00:00:00<\/td><td class=\"column-10\"><a href=\"https:\/\/corporacionlampa.cl\/transparencia\/wp-content\/uploads\/2022\/06\/OC305.pdf\" rel=\"noopener\" target=\"_blank\"><img loading=\"lazy\" decoding=\"async\" src=\"https:\/\/corporacionlampa.cl\/transparencia\/wp-content\/uploads\/2021\/04\/icopdf-150x150.png\" alt=\"\" width=\"60\" height=\"60\" class=\"aligncenter size-thumbnail wp-image-2731\" srcset=\"https:\/\/corporacionlampa.cl\/transparencia\/wp-content\/uploads\/2021\/04\/icopdf-150x150.png 150w, https:\/\/corporacionlampa.cl\/transparencia\/wp-content\/uploads\/2021\/04\/icopdf-250x250.png 250w, https:\/\/corporacionlampa.cl\/transparencia\/wp-content\/uploads\/2021\/04\/icopdf-174x174.png 174w, https:\/\/corporacionlampa.cl\/transparencia\/wp-content\/uploads\/2021\/04\/icopdf.png 256w\" sizes=\"auto, (max-width: 60px) 100vw, 60px\" \/><\/a><\/td>\n<\/tr>\n<tr class=\"row-37\">\n\t<td class=\"column-1\">00000306\/2022<\/td><td class=\"column-2\">PROVEEDORES INTEGRALES PRISA SA<\/td><td class=\"column-3\">87252<\/td><td class=\"column-4\">096556940-5<\/td><td class=\"column-5\"><\/td><td class=\"column-6\">MEMO N\u00b0244-2022\/IMPLEMENTOS DE LABORATORIOS\/PRO-RETENCION (RUBEN RABY)<\/td><td class=\"column-7\">PRO-RETENCION<\/td><td class=\"column-8\">2022-05-13 00:00:00<\/td><td class=\"column-9\">2022-05-13 00:00:00<\/td><td class=\"column-10\"><a href=\"https:\/\/corporacionlampa.cl\/transparencia\/wp-content\/uploads\/2022\/06\/OC306.pdf\" rel=\"noopener\" target=\"_blank\"><img loading=\"lazy\" decoding=\"async\" src=\"https:\/\/corporacionlampa.cl\/transparencia\/wp-content\/uploads\/2021\/04\/icopdf-150x150.png\" alt=\"\" width=\"60\" height=\"60\" class=\"aligncenter size-thumbnail wp-image-2731\" srcset=\"https:\/\/corporacionlampa.cl\/transparencia\/wp-content\/uploads\/2021\/04\/icopdf-150x150.png 150w, https:\/\/corporacionlampa.cl\/transparencia\/wp-content\/uploads\/2021\/04\/icopdf-250x250.png 250w, https:\/\/corporacionlampa.cl\/transparencia\/wp-content\/uploads\/2021\/04\/icopdf-174x174.png 174w, https:\/\/corporacionlampa.cl\/transparencia\/wp-content\/uploads\/2021\/04\/icopdf.png 256w\" sizes=\"auto, (max-width: 60px) 100vw, 60px\" \/><\/a><\/td>\n<\/tr>\n<tr class=\"row-38\">\n\t<td class=\"column-1\">00000308\/2022<\/td><td class=\"column-2\">LIBRERIA ANTARTICAPLAZA LTDA<\/td><td class=\"column-3\">186605<\/td><td class=\"column-4\">077339800-3<\/td><td class=\"column-5\"><\/td><td class=\"column-6\">MEMO N\u00b0244-2022\/IMPLEMENTOS DE LABORATORIOS\/PRO RETENCION (RUBEN RABY)<\/td><td class=\"column-7\">PRO-RETENCION<\/td><td class=\"column-8\">2022-05-16 00:00:00<\/td><td class=\"column-9\">2022-05-16 00:00:00<\/td><td class=\"column-10\"><a href=\"https:\/\/corporacionlampa.cl\/transparencia\/wp-content\/uploads\/2022\/06\/OC308.pdf\" rel=\"noopener\" target=\"_blank\"><img loading=\"lazy\" decoding=\"async\" src=\"https:\/\/corporacionlampa.cl\/transparencia\/wp-content\/uploads\/2021\/04\/icopdf-150x150.png\" alt=\"\" width=\"60\" height=\"60\" class=\"aligncenter size-thumbnail wp-image-2731\" srcset=\"https:\/\/corporacionlampa.cl\/transparencia\/wp-content\/uploads\/2021\/04\/icopdf-150x150.png 150w, https:\/\/corporacionlampa.cl\/transparencia\/wp-content\/uploads\/2021\/04\/icopdf-250x250.png 250w, https:\/\/corporacionlampa.cl\/transparencia\/wp-content\/uploads\/2021\/04\/icopdf-174x174.png 174w, https:\/\/corporacionlampa.cl\/transparencia\/wp-content\/uploads\/2021\/04\/icopdf.png 256w\" sizes=\"auto, (max-width: 60px) 100vw, 60px\" \/><\/a><\/td>\n<\/tr>\n<tr class=\"row-39\">\n\t<td class=\"column-1\">00000310\/2022<\/td><td class=\"column-2\">MATERIALES PARA CHILE SPA<\/td><td class=\"column-3\">348984<\/td><td class=\"column-4\">076961215-7<\/td><td class=\"column-5\"><\/td><td class=\"column-6\">MEMO N\u00b0 244-2022\/IMPLEMENTACION DE LABORATORIO\/PRO RETENCION (RUBEN RABY)<\/td><td class=\"column-7\">PRO-RETENCION<\/td><td class=\"column-8\">2022-05-16 00:00:00<\/td><td class=\"column-9\">2022-05-16 00:00:00<\/td><td class=\"column-10\"><a href=\"https:\/\/corporacionlampa.cl\/transparencia\/wp-content\/uploads\/2022\/06\/OC310.pdf\" rel=\"noopener\" target=\"_blank\"><img loading=\"lazy\" decoding=\"async\" src=\"https:\/\/corporacionlampa.cl\/transparencia\/wp-content\/uploads\/2021\/04\/icopdf-150x150.png\" alt=\"\" width=\"60\" height=\"60\" class=\"aligncenter size-thumbnail wp-image-2731\" srcset=\"https:\/\/corporacionlampa.cl\/transparencia\/wp-content\/uploads\/2021\/04\/icopdf-150x150.png 150w, https:\/\/corporacionlampa.cl\/transparencia\/wp-content\/uploads\/2021\/04\/icopdf-250x250.png 250w, https:\/\/corporacionlampa.cl\/transparencia\/wp-content\/uploads\/2021\/04\/icopdf-174x174.png 174w, https:\/\/corporacionlampa.cl\/transparencia\/wp-content\/uploads\/2021\/04\/icopdf.png 256w\" sizes=\"auto, (max-width: 60px) 100vw, 60px\" \/><\/a><\/td>\n<\/tr>\n<tr class=\"row-40\">\n\t<td class=\"column-1\">00000312\/2022<\/td><td class=\"column-2\">PROVEEDORES INTEGRALES PRISA SA<\/td><td class=\"column-3\">1009788<\/td><td class=\"column-4\">096556940-5<\/td><td class=\"column-5\"><\/td><td class=\"column-6\">MEMO N\u00b0 196-2022\/ MATERIALES Y RECURSO DE AREA TP HC\/LEY SEP (SIMON ALVAREZ)<\/td><td class=\"column-7\">LEY SEP<\/td><td class=\"column-8\">2022-05-17 00:00:00<\/td><td class=\"column-9\">2022-05-17 00:00:00<\/td><td class=\"column-10\"><a href=\"https:\/\/corporacionlampa.cl\/transparencia\/wp-content\/uploads\/2022\/06\/OC312.pdf\" rel=\"noopener\" target=\"_blank\"><img loading=\"lazy\" decoding=\"async\" src=\"https:\/\/corporacionlampa.cl\/transparencia\/wp-content\/uploads\/2021\/04\/icopdf-150x150.png\" alt=\"\" width=\"60\" height=\"60\" class=\"aligncenter size-thumbnail wp-image-2731\" srcset=\"https:\/\/corporacionlampa.cl\/transparencia\/wp-content\/uploads\/2021\/04\/icopdf-150x150.png 150w, https:\/\/corporacionlampa.cl\/transparencia\/wp-content\/uploads\/2021\/04\/icopdf-250x250.png 250w, https:\/\/corporacionlampa.cl\/transparencia\/wp-content\/uploads\/2021\/04\/icopdf-174x174.png 174w, https:\/\/corporacionlampa.cl\/transparencia\/wp-content\/uploads\/2021\/04\/icopdf.png 256w\" sizes=\"auto, (max-width: 60px) 100vw, 60px\" \/><\/a><\/td>\n<\/tr>\n<tr class=\"row-41\">\n\t<td class=\"column-1\">00000313\/2022<\/td><td class=\"column-2\">MATERIALES PARA CHILE SPA<\/td><td class=\"column-3\">1110508<\/td><td class=\"column-4\">076961215-7<\/td><td class=\"column-5\"><\/td><td class=\"column-6\">MEMO: N\u00b0 305-2022 \/ CORTINAS ROLLER BLACKOUT\/ FINANCIAMIENTO JUNJI (MARIA PAREDES)<\/td><td class=\"column-7\">JUNJI SALA CUNA HUELEMU (ARGENTINA)<\/td><td class=\"column-8\">2022-05-18 00:00:00<\/td><td class=\"column-9\">2022-05-18 00:00:00<\/td><td class=\"column-10\"><a href=\"https:\/\/corporacionlampa.cl\/transparencia\/wp-content\/uploads\/2022\/06\/OC313.pdf\" rel=\"noopener\" target=\"_blank\"><img loading=\"lazy\" decoding=\"async\" src=\"https:\/\/corporacionlampa.cl\/transparencia\/wp-content\/uploads\/2021\/04\/icopdf-150x150.png\" alt=\"\" width=\"60\" height=\"60\" class=\"aligncenter size-thumbnail wp-image-2731\" srcset=\"https:\/\/corporacionlampa.cl\/transparencia\/wp-content\/uploads\/2021\/04\/icopdf-150x150.png 150w, https:\/\/corporacionlampa.cl\/transparencia\/wp-content\/uploads\/2021\/04\/icopdf-250x250.png 250w, https:\/\/corporacionlampa.cl\/transparencia\/wp-content\/uploads\/2021\/04\/icopdf-174x174.png 174w, https:\/\/corporacionlampa.cl\/transparencia\/wp-content\/uploads\/2021\/04\/icopdf.png 256w\" sizes=\"auto, (max-width: 60px) 100vw, 60px\" \/><\/a><\/td>\n<\/tr>\n<tr class=\"row-42\">\n\t<td class=\"column-1\">00000314\/2022<\/td><td class=\"column-2\">CONSTRUCTORA TORRE FUERTE SPA<\/td><td class=\"column-3\">1702628<\/td><td class=\"column-4\">077235762-1<\/td><td class=\"column-5\"><\/td><td class=\"column-6\">MEMO: N\u00b0458-2022 \/ SERVICIO DE ELIMINACI\u00d3N E INSTALACI\u00d3N DE ALCANTARILLADO\/ SUBVENCION GENERAL (DAVID QUI\u00d1ILEO)<\/td><td class=\"column-7\">SUBVENCION GENERAL<\/td><td class=\"column-8\">2022-05-18 00:00:00<\/td><td class=\"column-9\">2022-05-18 00:00:00<\/td><td class=\"column-10\"><a href=\"https:\/\/corporacionlampa.cl\/transparencia\/wp-content\/uploads\/2022\/06\/OC314.pdf\" rel=\"noopener\" target=\"_blank\"><img loading=\"lazy\" decoding=\"async\" src=\"https:\/\/corporacionlampa.cl\/transparencia\/wp-content\/uploads\/2021\/04\/icopdf-150x150.png\" alt=\"\" width=\"60\" height=\"60\" class=\"aligncenter size-thumbnail wp-image-2731\" srcset=\"https:\/\/corporacionlampa.cl\/transparencia\/wp-content\/uploads\/2021\/04\/icopdf-150x150.png 150w, https:\/\/corporacionlampa.cl\/transparencia\/wp-content\/uploads\/2021\/04\/icopdf-250x250.png 250w, https:\/\/corporacionlampa.cl\/transparencia\/wp-content\/uploads\/2021\/04\/icopdf-174x174.png 174w, https:\/\/corporacionlampa.cl\/transparencia\/wp-content\/uploads\/2021\/04\/icopdf.png 256w\" sizes=\"auto, (max-width: 60px) 100vw, 60px\" \/><\/a><\/td>\n<\/tr>\n<tr class=\"row-43\">\n\t<td class=\"column-1\">00000315\/2022<\/td><td class=\"column-2\">VICCA LIMITADA<\/td><td class=\"column-3\">695674<\/td><td class=\"column-4\">076685654-3<\/td><td class=\"column-5\"><\/td><td class=\"column-6\">MEMO N\u00b0 304-2022\/ COMPRA DE SILLAS\/APORTE MUNICIPAL (MARIA PAREDES)<\/td><td class=\"column-7\">APORTE MUNICIPALL<\/td><td class=\"column-8\">2022-05-18 00:00:00<\/td><td class=\"column-9\">2022-05-18 00:00:00<\/td><td class=\"column-10\"><a href=\"https:\/\/corporacionlampa.cl\/transparencia\/wp-content\/uploads\/2022\/06\/OC315.pdf\" rel=\"noopener\" target=\"_blank\"><img loading=\"lazy\" decoding=\"async\" src=\"https:\/\/corporacionlampa.cl\/transparencia\/wp-content\/uploads\/2021\/04\/icopdf-150x150.png\" alt=\"\" width=\"60\" height=\"60\" class=\"aligncenter size-thumbnail wp-image-2731\" srcset=\"https:\/\/corporacionlampa.cl\/transparencia\/wp-content\/uploads\/2021\/04\/icopdf-150x150.png 150w, https:\/\/corporacionlampa.cl\/transparencia\/wp-content\/uploads\/2021\/04\/icopdf-250x250.png 250w, https:\/\/corporacionlampa.cl\/transparencia\/wp-content\/uploads\/2021\/04\/icopdf-174x174.png 174w, https:\/\/corporacionlampa.cl\/transparencia\/wp-content\/uploads\/2021\/04\/icopdf.png 256w\" sizes=\"auto, (max-width: 60px) 100vw, 60px\" \/><\/a><\/td>\n<\/tr>\n<tr class=\"row-44\">\n\t<td class=\"column-1\">00000316\/2022<\/td><td class=\"column-2\">PROVEEDORES INTEGRALES PRISA SA<\/td><td class=\"column-3\">911177<\/td><td class=\"column-4\">096556940-5<\/td><td class=\"column-5\"><\/td><td class=\"column-6\">MEMO N\u00b0164-2022\/ SUBV. GENERAL\/ SOLIC. MARIA PAREDES<\/td><td class=\"column-7\">SUBVENCION GENERAL<\/td><td class=\"column-8\">2022-05-18 00:00:00<\/td><td class=\"column-9\">2022-05-18 00:00:00<\/td><td class=\"column-10\"><a href=\"https:\/\/corporacionlampa.cl\/transparencia\/wp-content\/uploads\/2022\/06\/OC316.pdf\" rel=\"noopener\" target=\"_blank\"><img loading=\"lazy\" decoding=\"async\" src=\"https:\/\/corporacionlampa.cl\/transparencia\/wp-content\/uploads\/2021\/04\/icopdf-150x150.png\" alt=\"\" width=\"60\" height=\"60\" class=\"aligncenter size-thumbnail wp-image-2731\" srcset=\"https:\/\/corporacionlampa.cl\/transparencia\/wp-content\/uploads\/2021\/04\/icopdf-150x150.png 150w, https:\/\/corporacionlampa.cl\/transparencia\/wp-content\/uploads\/2021\/04\/icopdf-250x250.png 250w, https:\/\/corporacionlampa.cl\/transparencia\/wp-content\/uploads\/2021\/04\/icopdf-174x174.png 174w, https:\/\/corporacionlampa.cl\/transparencia\/wp-content\/uploads\/2021\/04\/icopdf.png 256w\" sizes=\"auto, (max-width: 60px) 100vw, 60px\" \/><\/a><\/td>\n<\/tr>\n<tr class=\"row-45\">\n\t<td class=\"column-1\">00000317\/2022<\/td><td class=\"column-2\">RECILOCK SPA<\/td><td class=\"column-3\">349455<\/td><td class=\"column-4\">077063251-k<\/td><td class=\"column-5\"><\/td><td class=\"column-6\">MEMO N\u00b0 335\/2022\/MATERIAL DE ASEO \/FINANCIAMIENTO JUNJI (MARCELA\u00a0 REYES)<\/td><td class=\"column-7\">01. FINANCIAMIENTO JUNJI<\/td><td class=\"column-8\">2022-05-18 00:00:00<\/td><td class=\"column-9\">2022-05-18 00:00:00<\/td><td class=\"column-10\"><a href=\"https:\/\/corporacionlampa.cl\/transparencia\/wp-content\/uploads\/2022\/06\/OC317.pdf\" rel=\"noopener\" target=\"_blank\"><img loading=\"lazy\" decoding=\"async\" src=\"https:\/\/corporacionlampa.cl\/transparencia\/wp-content\/uploads\/2021\/04\/icopdf-150x150.png\" alt=\"\" width=\"60\" height=\"60\" class=\"aligncenter size-thumbnail wp-image-2731\" srcset=\"https:\/\/corporacionlampa.cl\/transparencia\/wp-content\/uploads\/2021\/04\/icopdf-150x150.png 150w, https:\/\/corporacionlampa.cl\/transparencia\/wp-content\/uploads\/2021\/04\/icopdf-250x250.png 250w, https:\/\/corporacionlampa.cl\/transparencia\/wp-content\/uploads\/2021\/04\/icopdf-174x174.png 174w, https:\/\/corporacionlampa.cl\/transparencia\/wp-content\/uploads\/2021\/04\/icopdf.png 256w\" sizes=\"auto, (max-width: 60px) 100vw, 60px\" \/><\/a><\/td>\n<\/tr>\n<tr class=\"row-46\">\n\t<td class=\"column-1\">00000318\/2022<\/td><td class=\"column-2\">IMPORTADORA IMPACTO<\/td><td class=\"column-3\">331990<\/td><td class=\"column-4\">077076732-6<\/td><td class=\"column-5\"><\/td><td class=\"column-6\">MEMO: N\u00b0160-2022\/ SILL\u00d3N RECLINABLE BUDAPEST\/ FINANCIAMIENTO JUNJI (MAR\u00cdA PAREDES)<\/td><td class=\"column-7\">01. FINANCIAMIENTO JUNJI<\/td><td class=\"column-8\">2022-05-18 00:00:00<\/td><td class=\"column-9\">2022-05-18 00:00:00<\/td><td class=\"column-10\"><a href=\"https:\/\/corporacionlampa.cl\/transparencia\/wp-content\/uploads\/2022\/06\/OC318.pdf\" rel=\"noopener\" target=\"_blank\"><img loading=\"lazy\" decoding=\"async\" src=\"https:\/\/corporacionlampa.cl\/transparencia\/wp-content\/uploads\/2021\/04\/icopdf-150x150.png\" alt=\"\" width=\"60\" height=\"60\" class=\"aligncenter size-thumbnail wp-image-2731\" srcset=\"https:\/\/corporacionlampa.cl\/transparencia\/wp-content\/uploads\/2021\/04\/icopdf-150x150.png 150w, https:\/\/corporacionlampa.cl\/transparencia\/wp-content\/uploads\/2021\/04\/icopdf-250x250.png 250w, https:\/\/corporacionlampa.cl\/transparencia\/wp-content\/uploads\/2021\/04\/icopdf-174x174.png 174w, https:\/\/corporacionlampa.cl\/transparencia\/wp-content\/uploads\/2021\/04\/icopdf.png 256w\" sizes=\"auto, (max-width: 60px) 100vw, 60px\" \/><\/a><\/td>\n<\/tr>\n<tr class=\"row-47\">\n\t<td class=\"column-1\">00000319\/2022<\/td><td class=\"column-2\">FEROR SPA<\/td><td class=\"column-3\">1563089<\/td><td class=\"column-4\">076306242-2<\/td><td class=\"column-5\"><\/td><td class=\"column-6\">MEMO N\u00b0 335-2022\/MATERIAL FUNGIBLE\/FINANCIAMIENTO JUNJI (MARCELA REYES)<\/td><td class=\"column-7\">01. FINANCIAMIENTO JUNJI<\/td><td class=\"column-8\">2022-05-18 00:00:00<\/td><td class=\"column-9\">2022-05-18 00:00:00<\/td><td class=\"column-10\"><a href=\"https:\/\/corporacionlampa.cl\/transparencia\/wp-content\/uploads\/2022\/06\/OC319.pdf\" rel=\"noopener\" target=\"_blank\"><img loading=\"lazy\" decoding=\"async\" src=\"https:\/\/corporacionlampa.cl\/transparencia\/wp-content\/uploads\/2021\/04\/icopdf-150x150.png\" alt=\"\" width=\"60\" height=\"60\" class=\"aligncenter size-thumbnail wp-image-2731\" srcset=\"https:\/\/corporacionlampa.cl\/transparencia\/wp-content\/uploads\/2021\/04\/icopdf-150x150.png 150w, https:\/\/corporacionlampa.cl\/transparencia\/wp-content\/uploads\/2021\/04\/icopdf-250x250.png 250w, https:\/\/corporacionlampa.cl\/transparencia\/wp-content\/uploads\/2021\/04\/icopdf-174x174.png 174w, https:\/\/corporacionlampa.cl\/transparencia\/wp-content\/uploads\/2021\/04\/icopdf.png 256w\" sizes=\"auto, (max-width: 60px) 100vw, 60px\" \/><\/a><\/td>\n<\/tr>\n<tr class=\"row-48\">\n\t<td class=\"column-1\">00000320\/2022<\/td><td class=\"column-2\">IMPORTADORA\u00a0 Y COMERCIALIZADORA BORTEX CHILE<\/td><td class=\"column-3\">338912<\/td><td class=\"column-4\">077427938-5<\/td><td class=\"column-5\"><\/td><td class=\"column-6\">MEMO N\u00b0 338-2022\/EQUIPO DEPORTIVO\/PRO RETENCION (KARENS ESPINOZA)<\/td><td class=\"column-7\">PRO-RETENCION<\/td><td class=\"column-8\">2022-05-18 00:00:00<\/td><td class=\"column-9\">2022-05-18 00:00:00<\/td><td class=\"column-10\"><a href=\"https:\/\/corporacionlampa.cl\/transparencia\/wp-content\/uploads\/2022\/06\/OC320.pdf\" rel=\"noopener\" target=\"_blank\"><img loading=\"lazy\" decoding=\"async\" src=\"https:\/\/corporacionlampa.cl\/transparencia\/wp-content\/uploads\/2021\/04\/icopdf-150x150.png\" alt=\"\" width=\"60\" height=\"60\" class=\"aligncenter size-thumbnail wp-image-2731\" srcset=\"https:\/\/corporacionlampa.cl\/transparencia\/wp-content\/uploads\/2021\/04\/icopdf-150x150.png 150w, https:\/\/corporacionlampa.cl\/transparencia\/wp-content\/uploads\/2021\/04\/icopdf-250x250.png 250w, https:\/\/corporacionlampa.cl\/transparencia\/wp-content\/uploads\/2021\/04\/icopdf-174x174.png 174w, https:\/\/corporacionlampa.cl\/transparencia\/wp-content\/uploads\/2021\/04\/icopdf.png 256w\" sizes=\"auto, (max-width: 60px) 100vw, 60px\" \/><\/a><\/td>\n<\/tr>\n<tr class=\"row-49\">\n\t<td class=\"column-1\">00000321\/2022<\/td><td class=\"column-2\">CONTRUCCION E INGENERIA\u00a0 DANIEL ESTEBAN PACHECO BARRENECHEA EIRL<\/td><td class=\"column-3\">957654<\/td><td class=\"column-4\">076076282-2<\/td><td class=\"column-5\"><\/td><td class=\"column-6\">MEMO 449 \/ DAVID QUI\u00d1ILEO \/ SUBV. GENERAL<\/td><td class=\"column-7\">SUBVENCION GENERAL<\/td><td class=\"column-8\">2022-05-18 00:00:00<\/td><td class=\"column-9\">2022-05-18 00:00:00<\/td><td class=\"column-10\"><a href=\"https:\/\/corporacionlampa.cl\/transparencia\/wp-content\/uploads\/2022\/06\/OC321.pdf\" rel=\"noopener\" target=\"_blank\"><img loading=\"lazy\" decoding=\"async\" src=\"https:\/\/corporacionlampa.cl\/transparencia\/wp-content\/uploads\/2021\/04\/icopdf-150x150.png\" alt=\"\" width=\"60\" height=\"60\" class=\"aligncenter size-thumbnail wp-image-2731\" srcset=\"https:\/\/corporacionlampa.cl\/transparencia\/wp-content\/uploads\/2021\/04\/icopdf-150x150.png 150w, https:\/\/corporacionlampa.cl\/transparencia\/wp-content\/uploads\/2021\/04\/icopdf-250x250.png 250w, https:\/\/corporacionlampa.cl\/transparencia\/wp-content\/uploads\/2021\/04\/icopdf-174x174.png 174w, https:\/\/corporacionlampa.cl\/transparencia\/wp-content\/uploads\/2021\/04\/icopdf.png 256w\" sizes=\"auto, (max-width: 60px) 100vw, 60px\" \/><\/a><\/td>\n<\/tr>\n<tr class=\"row-50\">\n\t<td class=\"column-1\">00000322\/2022<\/td><td class=\"column-2\">MAURICIO ALEX FUENZALIDA CERDA<\/td><td class=\"column-3\">898712<\/td><td class=\"column-4\">012808662-5<\/td><td class=\"column-5\"><\/td><td class=\"column-6\">MEMO N\u00b0 210-2022\/ACTIVIDAD ANUAL \/LEY SEP (GRACIELA PULGAR)<\/td><td class=\"column-7\">LEY SEP<\/td><td class=\"column-8\">2022-05-18 00:00:00<\/td><td class=\"column-9\">2022-05-18 00:00:00<\/td><td class=\"column-10\"><a href=\"https:\/\/corporacionlampa.cl\/transparencia\/wp-content\/uploads\/2022\/06\/OC322.pdf\" rel=\"noopener\" target=\"_blank\"><img loading=\"lazy\" decoding=\"async\" src=\"https:\/\/corporacionlampa.cl\/transparencia\/wp-content\/uploads\/2021\/04\/icopdf-150x150.png\" alt=\"\" width=\"60\" height=\"60\" class=\"aligncenter size-thumbnail wp-image-2731\" srcset=\"https:\/\/corporacionlampa.cl\/transparencia\/wp-content\/uploads\/2021\/04\/icopdf-150x150.png 150w, https:\/\/corporacionlampa.cl\/transparencia\/wp-content\/uploads\/2021\/04\/icopdf-250x250.png 250w, https:\/\/corporacionlampa.cl\/transparencia\/wp-content\/uploads\/2021\/04\/icopdf-174x174.png 174w, https:\/\/corporacionlampa.cl\/transparencia\/wp-content\/uploads\/2021\/04\/icopdf.png 256w\" sizes=\"auto, (max-width: 60px) 100vw, 60px\" \/><\/a><\/td>\n<\/tr>\n<tr class=\"row-51\">\n\t<td class=\"column-1\">00000323\/2022<\/td><td class=\"column-2\">MAURICIO ALEX FUENZALIDA CERDA<\/td><td class=\"column-3\">133435<\/td><td class=\"column-4\">012808662-5<\/td><td class=\"column-5\"><\/td><td class=\"column-6\">MEMO N\u00b0 319-2022\/CELEBRACIONES INSTITUCIONALES \/LEY SEP (DIEGO PACHECO)<\/td><td class=\"column-7\">LEY SEP<\/td><td class=\"column-8\">2022-05-18 00:00:00<\/td><td class=\"column-9\">2022-05-18 00:00:00<\/td><td class=\"column-10\"><a href=\"https:\/\/corporacionlampa.cl\/transparencia\/wp-content\/uploads\/2022\/06\/OC323.pdf\" rel=\"noopener\" target=\"_blank\"><img loading=\"lazy\" decoding=\"async\" src=\"https:\/\/corporacionlampa.cl\/transparencia\/wp-content\/uploads\/2021\/04\/icopdf-150x150.png\" alt=\"\" width=\"60\" height=\"60\" class=\"aligncenter size-thumbnail wp-image-2731\" srcset=\"https:\/\/corporacionlampa.cl\/transparencia\/wp-content\/uploads\/2021\/04\/icopdf-150x150.png 150w, https:\/\/corporacionlampa.cl\/transparencia\/wp-content\/uploads\/2021\/04\/icopdf-250x250.png 250w, https:\/\/corporacionlampa.cl\/transparencia\/wp-content\/uploads\/2021\/04\/icopdf-174x174.png 174w, https:\/\/corporacionlampa.cl\/transparencia\/wp-content\/uploads\/2021\/04\/icopdf.png 256w\" sizes=\"auto, (max-width: 60px) 100vw, 60px\" \/><\/a><\/td>\n<\/tr>\n<tr class=\"row-52\">\n\t<td class=\"column-1\">00000324\/2022<\/td><td class=\"column-2\">MAURICIO ALEX FUENZALIDA CERDA<\/td><td class=\"column-3\">166600<\/td><td class=\"column-4\">012808662-5<\/td><td class=\"column-5\"><\/td><td class=\"column-6\">MEMO N\u00b0 28-2022\/DESTACAR SELLOS EDUCATIVOS\/LEY SEP\u00a0 (VIVIANA BENITEZ)<\/td><td class=\"column-7\">LEY SEP<\/td><td class=\"column-8\">2022-05-18 00:00:00<\/td><td class=\"column-9\">2022-05-18 00:00:00<\/td><td class=\"column-10\"><a href=\"https:\/\/corporacionlampa.cl\/transparencia\/wp-content\/uploads\/2022\/06\/OC324.pdf\" rel=\"noopener\" target=\"_blank\"><img loading=\"lazy\" decoding=\"async\" src=\"https:\/\/corporacionlampa.cl\/transparencia\/wp-content\/uploads\/2021\/04\/icopdf-150x150.png\" alt=\"\" width=\"60\" height=\"60\" class=\"aligncenter size-thumbnail wp-image-2731\" srcset=\"https:\/\/corporacionlampa.cl\/transparencia\/wp-content\/uploads\/2021\/04\/icopdf-150x150.png 150w, https:\/\/corporacionlampa.cl\/transparencia\/wp-content\/uploads\/2021\/04\/icopdf-250x250.png 250w, https:\/\/corporacionlampa.cl\/transparencia\/wp-content\/uploads\/2021\/04\/icopdf-174x174.png 174w, https:\/\/corporacionlampa.cl\/transparencia\/wp-content\/uploads\/2021\/04\/icopdf.png 256w\" sizes=\"auto, (max-width: 60px) 100vw, 60px\" \/><\/a><\/td>\n<\/tr>\n<tr class=\"row-53\">\n\t<td class=\"column-1\">00000325\/2022<\/td><td class=\"column-2\">COMERCIAL FASIT LIMITADA<\/td><td class=\"column-3\">120984<\/td><td class=\"column-4\">076607224-0<\/td><td class=\"column-5\"><\/td><td class=\"column-6\">MEMO N\u00b0 335-2022\/MATERIAL FUNGIBLE\/FINANCIAMIENTO JUNJI (MARCELA REYES)<\/td><td class=\"column-7\">01. FINANCIAMIENTO JUNJI<\/td><td class=\"column-8\">2022-05-19 00:00:00<\/td><td class=\"column-9\">2022-05-19 00:00:00<\/td><td class=\"column-10\"><a href=\"https:\/\/corporacionlampa.cl\/transparencia\/wp-content\/uploads\/2022\/06\/OC325.pdf\" rel=\"noopener\" target=\"_blank\"><img loading=\"lazy\" decoding=\"async\" src=\"https:\/\/corporacionlampa.cl\/transparencia\/wp-content\/uploads\/2021\/04\/icopdf-150x150.png\" alt=\"\" width=\"60\" height=\"60\" class=\"aligncenter size-thumbnail wp-image-2731\" srcset=\"https:\/\/corporacionlampa.cl\/transparencia\/wp-content\/uploads\/2021\/04\/icopdf-150x150.png 150w, https:\/\/corporacionlampa.cl\/transparencia\/wp-content\/uploads\/2021\/04\/icopdf-250x250.png 250w, https:\/\/corporacionlampa.cl\/transparencia\/wp-content\/uploads\/2021\/04\/icopdf-174x174.png 174w, https:\/\/corporacionlampa.cl\/transparencia\/wp-content\/uploads\/2021\/04\/icopdf.png 256w\" sizes=\"auto, (max-width: 60px) 100vw, 60px\" \/><\/a><\/td>\n<\/tr>\n<tr class=\"row-54\">\n\t<td class=\"column-1\">00000327\/2022<\/td><td class=\"column-2\">IMPORTADORA Y EXPORTADORA LASER IMAGING CHILE SPA<\/td><td class=\"column-3\">323981<\/td><td class=\"column-4\">077030470-9<\/td><td class=\"column-5\"><\/td><td class=\"column-6\">MEMO N\u00b0 335-2022\/INSUMOS COMPUTACIONALES\/FINANCIAMIENTO JUNJI (MARCELA REYES)<\/td><td class=\"column-7\">01. FINANCIAMIENTO JUNJI<\/td><td class=\"column-8\">2022-05-19 00:00:00<\/td><td class=\"column-9\">2022-05-19 00:00:00<\/td><td class=\"column-10\"><a href=\"https:\/\/corporacionlampa.cl\/transparencia\/wp-content\/uploads\/2022\/06\/OC327.pdf\" rel=\"noopener\" target=\"_blank\"><img loading=\"lazy\" decoding=\"async\" src=\"https:\/\/corporacionlampa.cl\/transparencia\/wp-content\/uploads\/2021\/04\/icopdf-150x150.png\" alt=\"\" width=\"60\" height=\"60\" class=\"aligncenter size-thumbnail wp-image-2731\" srcset=\"https:\/\/corporacionlampa.cl\/transparencia\/wp-content\/uploads\/2021\/04\/icopdf-150x150.png 150w, https:\/\/corporacionlampa.cl\/transparencia\/wp-content\/uploads\/2021\/04\/icopdf-250x250.png 250w, https:\/\/corporacionlampa.cl\/transparencia\/wp-content\/uploads\/2021\/04\/icopdf-174x174.png 174w, https:\/\/corporacionlampa.cl\/transparencia\/wp-content\/uploads\/2021\/04\/icopdf.png 256w\" sizes=\"auto, (max-width: 60px) 100vw, 60px\" \/><\/a><\/td>\n<\/tr>\n<tr class=\"row-55\">\n\t<td class=\"column-1\">00000329\/2022<\/td><td class=\"column-2\">COMPASS CHILE<\/td><td class=\"column-3\">203000<\/td><td class=\"column-4\">076598823-3<\/td><td class=\"column-5\"><\/td><td class=\"column-6\">MEMO N\u00b0 244-2022\/IMPLEMENTOS DE LABORATORIOS\/PRO RETENCION (RUBEN RABY)<\/td><td class=\"column-7\">PRO-RETENCION<\/td><td class=\"column-8\">2022-05-19 00:00:00<\/td><td class=\"column-9\">2022-05-19 00:00:00<\/td><td class=\"column-10\"><a href=\"https:\/\/corporacionlampa.cl\/transparencia\/wp-content\/uploads\/2022\/06\/OC329.pdf\" rel=\"noopener\" target=\"_blank\"><img loading=\"lazy\" decoding=\"async\" src=\"https:\/\/corporacionlampa.cl\/transparencia\/wp-content\/uploads\/2021\/04\/icopdf-150x150.png\" alt=\"\" width=\"60\" height=\"60\" class=\"aligncenter size-thumbnail wp-image-2731\" srcset=\"https:\/\/corporacionlampa.cl\/transparencia\/wp-content\/uploads\/2021\/04\/icopdf-150x150.png 150w, https:\/\/corporacionlampa.cl\/transparencia\/wp-content\/uploads\/2021\/04\/icopdf-250x250.png 250w, https:\/\/corporacionlampa.cl\/transparencia\/wp-content\/uploads\/2021\/04\/icopdf-174x174.png 174w, https:\/\/corporacionlampa.cl\/transparencia\/wp-content\/uploads\/2021\/04\/icopdf.png 256w\" sizes=\"auto, (max-width: 60px) 100vw, 60px\" \/><\/a><\/td>\n<\/tr>\n<tr class=\"row-56\">\n\t<td class=\"column-1\">00000330\/2022<\/td><td class=\"column-2\">MARCOS ALFONSO CESPED SANDOVAL<\/td><td class=\"column-3\">132940<\/td><td class=\"column-4\">076314115-2<\/td><td class=\"column-5\"><\/td><td class=\"column-6\">MEME N\u00b0 203-2022\/MATERIALES Y RECURSOS CRA\/LEY SEP (SIMON ALVAREZ)<\/td><td class=\"column-7\">LEY SEP<\/td><td class=\"column-8\">2022-05-19 00:00:00<\/td><td class=\"column-9\">2022-05-19 00:00:00<\/td><td class=\"column-10\"><a href=\"https:\/\/corporacionlampa.cl\/transparencia\/wp-content\/uploads\/2022\/06\/OC330.pdf\" rel=\"noopener\" target=\"_blank\"><img loading=\"lazy\" decoding=\"async\" src=\"https:\/\/corporacionlampa.cl\/transparencia\/wp-content\/uploads\/2021\/04\/icopdf-150x150.png\" alt=\"\" width=\"60\" height=\"60\" class=\"aligncenter size-thumbnail wp-image-2731\" srcset=\"https:\/\/corporacionlampa.cl\/transparencia\/wp-content\/uploads\/2021\/04\/icopdf-150x150.png 150w, https:\/\/corporacionlampa.cl\/transparencia\/wp-content\/uploads\/2021\/04\/icopdf-250x250.png 250w, https:\/\/corporacionlampa.cl\/transparencia\/wp-content\/uploads\/2021\/04\/icopdf-174x174.png 174w, https:\/\/corporacionlampa.cl\/transparencia\/wp-content\/uploads\/2021\/04\/icopdf.png 256w\" sizes=\"auto, (max-width: 60px) 100vw, 60px\" \/><\/a><\/td>\n<\/tr>\n<tr class=\"row-57\">\n\t<td class=\"column-1\">00000331\/2022<\/td><td class=\"column-2\">COMERCIAL ALVAREZ LIMITADA<\/td><td class=\"column-3\">3418519<\/td><td class=\"column-4\">076867020-k<\/td><td class=\"column-5\"><\/td><td class=\"column-6\">MEMO: N\u00b0331- 2022\/ MATERIAL FUNGIBLE\/ FINANCIAMIENTO JUNJI (MARIA PAREDES)<\/td><td class=\"column-7\">01. FINANCIAMIENTO JUNJI<\/td><td class=\"column-8\">2022-05-19 00:00:00<\/td><td class=\"column-9\">2022-05-19 00:00:00<\/td><td class=\"column-10\"><a href=\"https:\/\/corporacionlampa.cl\/transparencia\/wp-content\/uploads\/2022\/06\/OC331.pdf\" rel=\"noopener\" target=\"_blank\"><img loading=\"lazy\" decoding=\"async\" src=\"https:\/\/corporacionlampa.cl\/transparencia\/wp-content\/uploads\/2021\/04\/icopdf-150x150.png\" alt=\"\" width=\"60\" height=\"60\" class=\"aligncenter size-thumbnail wp-image-2731\" srcset=\"https:\/\/corporacionlampa.cl\/transparencia\/wp-content\/uploads\/2021\/04\/icopdf-150x150.png 150w, https:\/\/corporacionlampa.cl\/transparencia\/wp-content\/uploads\/2021\/04\/icopdf-250x250.png 250w, https:\/\/corporacionlampa.cl\/transparencia\/wp-content\/uploads\/2021\/04\/icopdf-174x174.png 174w, https:\/\/corporacionlampa.cl\/transparencia\/wp-content\/uploads\/2021\/04\/icopdf.png 256w\" sizes=\"auto, (max-width: 60px) 100vw, 60px\" \/><\/a><\/td>\n<\/tr>\n<tr class=\"row-58\">\n\t<td class=\"column-1\">00000332\/2022<\/td><td class=\"column-2\">SOCIEDAD COMERCIAL DIDACTICO CHILE LTDA.<\/td><td class=\"column-3\">1188715<\/td><td class=\"column-4\">076078858-9<\/td><td class=\"column-5\"><\/td><td class=\"column-6\">MEMO: N\u00b0331 - 2022\/ MATERIAL DID\u00c1CTICO\/ FINANCIAMIENTO JUNJI (MAR\u00cdA PAREDES)<\/td><td class=\"column-7\">01. FINANCIAMIENTO JUNJI<\/td><td class=\"column-8\">2022-05-19 00:00:00<\/td><td class=\"column-9\">2022-05-19 00:00:00<\/td><td class=\"column-10\"><a href=\"https:\/\/corporacionlampa.cl\/transparencia\/wp-content\/uploads\/2022\/06\/OC332.pdf\" rel=\"noopener\" target=\"_blank\"><img loading=\"lazy\" decoding=\"async\" src=\"https:\/\/corporacionlampa.cl\/transparencia\/wp-content\/uploads\/2021\/04\/icopdf-150x150.png\" alt=\"\" width=\"60\" height=\"60\" class=\"aligncenter size-thumbnail wp-image-2731\" srcset=\"https:\/\/corporacionlampa.cl\/transparencia\/wp-content\/uploads\/2021\/04\/icopdf-150x150.png 150w, https:\/\/corporacionlampa.cl\/transparencia\/wp-content\/uploads\/2021\/04\/icopdf-250x250.png 250w, https:\/\/corporacionlampa.cl\/transparencia\/wp-content\/uploads\/2021\/04\/icopdf-174x174.png 174w, https:\/\/corporacionlampa.cl\/transparencia\/wp-content\/uploads\/2021\/04\/icopdf.png 256w\" sizes=\"auto, (max-width: 60px) 100vw, 60px\" \/><\/a><\/td>\n<\/tr>\n<tr class=\"row-59\">\n\t<td class=\"column-1\">00000333\/2022<\/td><td class=\"column-2\">IMPORTADORA Y EXPORTADORA LASER IMAGING CHILE SPA<\/td><td class=\"column-3\">125188<\/td><td class=\"column-4\">077030470-9<\/td><td class=\"column-5\"><\/td><td class=\"column-6\">MEMO N \u00b0 182-2022\/ MATERIAL DE OFICINA\/SUBVENCION REGULAR (GRACIELA PULGAR)<\/td><td class=\"column-7\">SUBVENCION GENERAL<\/td><td class=\"column-8\">2022-05-19 00:00:00<\/td><td class=\"column-9\">2022-05-19 00:00:00<\/td><td class=\"column-10\"><a href=\"https:\/\/corporacionlampa.cl\/transparencia\/wp-content\/uploads\/2022\/06\/OC333.pdf\" rel=\"noopener\" target=\"_blank\"><img loading=\"lazy\" decoding=\"async\" src=\"https:\/\/corporacionlampa.cl\/transparencia\/wp-content\/uploads\/2021\/04\/icopdf-150x150.png\" alt=\"\" width=\"60\" height=\"60\" class=\"aligncenter size-thumbnail wp-image-2731\" srcset=\"https:\/\/corporacionlampa.cl\/transparencia\/wp-content\/uploads\/2021\/04\/icopdf-150x150.png 150w, https:\/\/corporacionlampa.cl\/transparencia\/wp-content\/uploads\/2021\/04\/icopdf-250x250.png 250w, https:\/\/corporacionlampa.cl\/transparencia\/wp-content\/uploads\/2021\/04\/icopdf-174x174.png 174w, https:\/\/corporacionlampa.cl\/transparencia\/wp-content\/uploads\/2021\/04\/icopdf.png 256w\" sizes=\"auto, (max-width: 60px) 100vw, 60px\" \/><\/a><\/td>\n<\/tr>\n<tr class=\"row-60\">\n\t<td class=\"column-1\">00000334\/2022<\/td><td class=\"column-2\">IMPORTADORA Y EXPORTADORA LASER IMAGING CHILE SPA<\/td><td class=\"column-3\">898212<\/td><td class=\"column-4\">077030470-9<\/td><td class=\"column-5\"><\/td><td class=\"column-6\">MEMO N\u00b0 349-2020\/MATERIAL DE OFICINA\/SUBVENCION GENERAL ( SANDRA HERNANDEZ)<\/td><td class=\"column-7\">SUBVENCION GENERAL<\/td><td class=\"column-8\">2022-05-19 00:00:00<\/td><td class=\"column-9\">2022-05-19 00:00:00<\/td><td class=\"column-10\"><a href=\"https:\/\/corporacionlampa.cl\/transparencia\/wp-content\/uploads\/2022\/06\/OC33.pdf\" rel=\"noopener\" target=\"_blank\"><img loading=\"lazy\" decoding=\"async\" src=\"https:\/\/corporacionlampa.cl\/transparencia\/wp-content\/uploads\/2021\/04\/icopdf-150x150.png\" alt=\"\" width=\"60\" height=\"60\" class=\"aligncenter size-thumbnail wp-image-2731\" srcset=\"https:\/\/corporacionlampa.cl\/transparencia\/wp-content\/uploads\/2021\/04\/icopdf-150x150.png 150w, https:\/\/corporacionlampa.cl\/transparencia\/wp-content\/uploads\/2021\/04\/icopdf-250x250.png 250w, https:\/\/corporacionlampa.cl\/transparencia\/wp-content\/uploads\/2021\/04\/icopdf-174x174.png 174w, https:\/\/corporacionlampa.cl\/transparencia\/wp-content\/uploads\/2021\/04\/icopdf.png 256w\" sizes=\"auto, (max-width: 60px) 100vw, 60px\" \/><\/a><\/td>\n<\/tr>\n<tr class=\"row-61\">\n\t<td class=\"column-1\">00000335\/2022<\/td><td class=\"column-2\">COMERCIALIZADORA RINCON DIDACTICO LIMITADA<\/td><td class=\"column-3\">120108<\/td><td class=\"column-4\">076080432-0<\/td><td class=\"column-5\"><\/td><td class=\"column-6\">MEMO: N\u00b0331 - 2022\/ MATERIALES DID\u00c1CTICOS\/ FINANCIAMIENTO JUNJI (MAR\u00cdA PAREDES)<\/td><td class=\"column-7\">01. FINANCIAMIENTO JUNJI<\/td><td class=\"column-8\">2022-05-19 00:00:00<\/td><td class=\"column-9\">2022-05-19 00:00:00<\/td><td class=\"column-10\"><a href=\"https:\/\/corporacionlampa.cl\/transparencia\/wp-content\/uploads\/2022\/06\/OC335.pdf\" rel=\"noopener\" target=\"_blank\"><img loading=\"lazy\" decoding=\"async\" src=\"https:\/\/corporacionlampa.cl\/transparencia\/wp-content\/uploads\/2021\/04\/icopdf-150x150.png\" alt=\"\" width=\"60\" height=\"60\" class=\"aligncenter size-thumbnail wp-image-2731\" srcset=\"https:\/\/corporacionlampa.cl\/transparencia\/wp-content\/uploads\/2021\/04\/icopdf-150x150.png 150w, https:\/\/corporacionlampa.cl\/transparencia\/wp-content\/uploads\/2021\/04\/icopdf-250x250.png 250w, https:\/\/corporacionlampa.cl\/transparencia\/wp-content\/uploads\/2021\/04\/icopdf-174x174.png 174w, https:\/\/corporacionlampa.cl\/transparencia\/wp-content\/uploads\/2021\/04\/icopdf.png 256w\" sizes=\"auto, (max-width: 60px) 100vw, 60px\" \/><\/a><\/td>\n<\/tr>\n<tr class=\"row-62\">\n\t<td class=\"column-1\">00000339\/2022<\/td><td class=\"column-2\">SOLUCIONES TEXTILES ALABORDARTE SPA<\/td><td class=\"column-3\">2490000<\/td><td class=\"column-4\">077312181-8<\/td><td class=\"column-5\"><\/td><td class=\"column-6\">MEMO: N\u00b0346 - 2022\/ POLERONES ESCOLARES\/ LEY SEP - ACCI\u00d3N: UNIFORMIDAD, ORGANIZACI\u00d3N Y PERTENENCIA (SIM\u00d3N ALVAREZ)<\/td><td class=\"column-7\">LEY SEP<\/td><td class=\"column-8\">2022-05-23 00:00:00<\/td><td class=\"column-9\">2022-05-23 00:00:00<\/td><td class=\"column-10\"><a href=\"https:\/\/corporacionlampa.cl\/transparencia\/wp-content\/uploads\/2022\/06\/OC339.pdf\" rel=\"noopener\" target=\"_blank\"><img loading=\"lazy\" decoding=\"async\" src=\"https:\/\/corporacionlampa.cl\/transparencia\/wp-content\/uploads\/2021\/04\/icopdf-150x150.png\" alt=\"\" width=\"60\" height=\"60\" class=\"aligncenter size-thumbnail wp-image-2731\" srcset=\"https:\/\/corporacionlampa.cl\/transparencia\/wp-content\/uploads\/2021\/04\/icopdf-150x150.png 150w, https:\/\/corporacionlampa.cl\/transparencia\/wp-content\/uploads\/2021\/04\/icopdf-250x250.png 250w, https:\/\/corporacionlampa.cl\/transparencia\/wp-content\/uploads\/2021\/04\/icopdf-174x174.png 174w, https:\/\/corporacionlampa.cl\/transparencia\/wp-content\/uploads\/2021\/04\/icopdf.png 256w\" sizes=\"auto, (max-width: 60px) 100vw, 60px\" \/><\/a><\/td>\n<\/tr>\n<tr class=\"row-63\">\n\t<td class=\"column-1\">00000340\/2022<\/td><td class=\"column-2\">IMPORTADORA DE REPUESTOS RACO S.A.<\/td><td class=\"column-3\">163782<\/td><td class=\"column-4\">086617300-1<\/td><td class=\"column-5\"><\/td><td class=\"column-6\">MEMO: N\u00b0461 - 2022\/ INSUMOS PARA LA MANTENCION DE BUSES\/ APORTE MUNICIPAL (MIGUEL GUTIERREZ)<\/td><td class=\"column-7\">APORTE MUNICIPALL<\/td><td class=\"column-8\">2022-05-23 00:00:00<\/td><td class=\"column-9\">2022-05-23 00:00:00<\/td><td class=\"column-10\"><a href=\"https:\/\/corporacionlampa.cl\/transparencia\/wp-content\/uploads\/2022\/06\/OC340.pdf\" rel=\"noopener\" target=\"_blank\"><img loading=\"lazy\" decoding=\"async\" src=\"https:\/\/corporacionlampa.cl\/transparencia\/wp-content\/uploads\/2021\/04\/icopdf-150x150.png\" alt=\"\" width=\"60\" height=\"60\" class=\"aligncenter size-thumbnail wp-image-2731\" srcset=\"https:\/\/corporacionlampa.cl\/transparencia\/wp-content\/uploads\/2021\/04\/icopdf-150x150.png 150w, https:\/\/corporacionlampa.cl\/transparencia\/wp-content\/uploads\/2021\/04\/icopdf-250x250.png 250w, https:\/\/corporacionlampa.cl\/transparencia\/wp-content\/uploads\/2021\/04\/icopdf-174x174.png 174w, https:\/\/corporacionlampa.cl\/transparencia\/wp-content\/uploads\/2021\/04\/icopdf.png 256w\" sizes=\"auto, (max-width: 60px) 100vw, 60px\" \/><\/a><\/td>\n<\/tr>\n<tr class=\"row-64\">\n\t<td class=\"column-1\">00000341\/2022<\/td><td class=\"column-2\">MATERIALES PARA CHILE SPA<\/td><td class=\"column-3\">169951<\/td><td class=\"column-4\">076961215-7<\/td><td class=\"column-5\"><\/td><td class=\"column-6\">MEMO: N\u00b0331- 2022\/ INSUMOS TECNOL\u00d3GICOS Y DE OFICINA\/ FINANCIAMIENTO JUNJI (GABRIELA VALENZUELA)<\/td><td class=\"column-7\">01. FINANCIAMIENTO JUNJI<\/td><td class=\"column-8\">2022-05-23 00:00:00<\/td><td class=\"column-9\">2022-05-23 00:00:00<\/td><td class=\"column-10\"><a href=\"https:\/\/corporacionlampa.cl\/transparencia\/wp-content\/uploads\/2022\/06\/OC341.pdf\" rel=\"noopener\" target=\"_blank\"><img loading=\"lazy\" decoding=\"async\" src=\"https:\/\/corporacionlampa.cl\/transparencia\/wp-content\/uploads\/2021\/04\/icopdf-150x150.png\" alt=\"\" width=\"60\" height=\"60\" class=\"aligncenter size-thumbnail wp-image-2731\" srcset=\"https:\/\/corporacionlampa.cl\/transparencia\/wp-content\/uploads\/2021\/04\/icopdf-150x150.png 150w, https:\/\/corporacionlampa.cl\/transparencia\/wp-content\/uploads\/2021\/04\/icopdf-250x250.png 250w, https:\/\/corporacionlampa.cl\/transparencia\/wp-content\/uploads\/2021\/04\/icopdf-174x174.png 174w, https:\/\/corporacionlampa.cl\/transparencia\/wp-content\/uploads\/2021\/04\/icopdf.png 256w\" sizes=\"auto, (max-width: 60px) 100vw, 60px\" \/><\/a><\/td>\n<\/tr>\n<tr class=\"row-65\">\n\t<td class=\"column-1\">00000342\/2022<\/td><td class=\"column-2\">PROVEEDORES INTEGRALES PRISA SA<\/td><td class=\"column-3\">38699<\/td><td class=\"column-4\">096556940-5<\/td><td class=\"column-5\"><\/td><td class=\"column-6\">MEMO: N\u00b0331- 2022\/ INSUMOS TECNOL\u00d3GICOS Y DE OFICINA\/ FINANCIAMIENTO JUNJI (GABRIELA VALENZUELA)<\/td><td class=\"column-7\">01. FINANCIAMIENTO JUNJI<\/td><td class=\"column-8\">2022-05-23 00:00:00<\/td><td class=\"column-9\">2022-05-23 00:00:00<\/td><td class=\"column-10\"><a href=\"https:\/\/corporacionlampa.cl\/transparencia\/wp-content\/uploads\/2022\/06\/OC342.pdf\" rel=\"noopener\" target=\"_blank\"><img loading=\"lazy\" decoding=\"async\" src=\"https:\/\/corporacionlampa.cl\/transparencia\/wp-content\/uploads\/2021\/04\/icopdf-150x150.png\" alt=\"\" width=\"60\" height=\"60\" class=\"aligncenter size-thumbnail wp-image-2731\" srcset=\"https:\/\/corporacionlampa.cl\/transparencia\/wp-content\/uploads\/2021\/04\/icopdf-150x150.png 150w, https:\/\/corporacionlampa.cl\/transparencia\/wp-content\/uploads\/2021\/04\/icopdf-250x250.png 250w, https:\/\/corporacionlampa.cl\/transparencia\/wp-content\/uploads\/2021\/04\/icopdf-174x174.png 174w, https:\/\/corporacionlampa.cl\/transparencia\/wp-content\/uploads\/2021\/04\/icopdf.png 256w\" sizes=\"auto, (max-width: 60px) 100vw, 60px\" \/><\/a><\/td>\n<\/tr>\n<tr class=\"row-66\">\n\t<td class=\"column-1\">00000343\/2022<\/td><td class=\"column-2\">EMPRESA DE COMPUTACION JOSE LUIS QUILA LAGOS E.I.R.L.<\/td><td class=\"column-3\">383163<\/td><td class=\"column-4\">076467885-0<\/td><td class=\"column-5\"><\/td><td class=\"column-6\">MEMO: N\u00b0331-2022\/ INSUMOS TECNOLOGICOS Y DE OFICINA\/ FINANCIAMIENTO JUNJI (GABRIELA VALENZUELA)<\/td><td class=\"column-7\">01. FINANCIAMIENTO JUNJI<\/td><td class=\"column-8\">2022-05-23 00:00:00<\/td><td class=\"column-9\">2022-05-23 00:00:00<\/td><td class=\"column-10\"><a href=\"https:\/\/corporacionlampa.cl\/transparencia\/wp-content\/uploads\/2022\/06\/OC343.pdf\" rel=\"noopener\" target=\"_blank\"><img loading=\"lazy\" decoding=\"async\" src=\"https:\/\/corporacionlampa.cl\/transparencia\/wp-content\/uploads\/2021\/04\/icopdf-150x150.png\" alt=\"\" width=\"60\" height=\"60\" class=\"aligncenter size-thumbnail wp-image-2731\" srcset=\"https:\/\/corporacionlampa.cl\/transparencia\/wp-content\/uploads\/2021\/04\/icopdf-150x150.png 150w, https:\/\/corporacionlampa.cl\/transparencia\/wp-content\/uploads\/2021\/04\/icopdf-250x250.png 250w, https:\/\/corporacionlampa.cl\/transparencia\/wp-content\/uploads\/2021\/04\/icopdf-174x174.png 174w, https:\/\/corporacionlampa.cl\/transparencia\/wp-content\/uploads\/2021\/04\/icopdf.png 256w\" sizes=\"auto, (max-width: 60px) 100vw, 60px\" \/><\/a><\/td>\n<\/tr>\n<tr class=\"row-67\">\n\t<td class=\"column-1\">00000344\/2022<\/td><td class=\"column-2\">COMERCIAL FASIT LIMITADA<\/td><td class=\"column-3\">3905244<\/td><td class=\"column-4\">076607224-0<\/td><td class=\"column-5\"><\/td><td class=\"column-6\">MEMO 103-2022\/COMPRA TRIMESTRAL DE INSUMO DE HIGIENE\/FINANCIAMIENTO JUNJI (CAMILA MALDONADO)<\/td><td class=\"column-7\">01. FINANCIAMIENTO JUNJI<\/td><td class=\"column-8\">2022-05-23 00:00:00<\/td><td class=\"column-9\">2022-05-23 00:00:00<\/td><td class=\"column-10\"><a href=\"https:\/\/corporacionlampa.cl\/transparencia\/wp-content\/uploads\/2022\/06\/OC344.pdf\" rel=\"noopener\" target=\"_blank\"><img loading=\"lazy\" decoding=\"async\" src=\"https:\/\/corporacionlampa.cl\/transparencia\/wp-content\/uploads\/2021\/04\/icopdf-150x150.png\" alt=\"\" width=\"60\" height=\"60\" class=\"aligncenter size-thumbnail wp-image-2731\" srcset=\"https:\/\/corporacionlampa.cl\/transparencia\/wp-content\/uploads\/2021\/04\/icopdf-150x150.png 150w, https:\/\/corporacionlampa.cl\/transparencia\/wp-content\/uploads\/2021\/04\/icopdf-250x250.png 250w, https:\/\/corporacionlampa.cl\/transparencia\/wp-content\/uploads\/2021\/04\/icopdf-174x174.png 174w, https:\/\/corporacionlampa.cl\/transparencia\/wp-content\/uploads\/2021\/04\/icopdf.png 256w\" sizes=\"auto, (max-width: 60px) 100vw, 60px\" \/><\/a><\/td>\n<\/tr>\n<tr class=\"row-68\">\n\t<td class=\"column-1\">00000345\/2022<\/td><td class=\"column-2\">COMERCIALIZADORA RINCON DIDACTICO LIMITADA<\/td><td class=\"column-3\">523571<\/td><td class=\"column-4\">076080432-0<\/td><td class=\"column-5\"><\/td><td class=\"column-6\">MEMO N\u00b0 335-2022\/MATERIAL FUNGIBLE\/FINANCIAMIENTO JUNJI (MARCELA REYES)<\/td><td class=\"column-7\">01. FINANCIAMIENTO JUNJI<\/td><td class=\"column-8\">2022-05-24 00:00:00<\/td><td class=\"column-9\">2022-05-24 00:00:00<\/td><td class=\"column-10\"><a href=\"https:\/\/corporacionlampa.cl\/transparencia\/wp-content\/uploads\/2022\/06\/OC345.pdf\" rel=\"noopener\" target=\"_blank\"><img loading=\"lazy\" decoding=\"async\" src=\"https:\/\/corporacionlampa.cl\/transparencia\/wp-content\/uploads\/2021\/04\/icopdf-150x150.png\" alt=\"\" width=\"60\" height=\"60\" class=\"aligncenter size-thumbnail wp-image-2731\" srcset=\"https:\/\/corporacionlampa.cl\/transparencia\/wp-content\/uploads\/2021\/04\/icopdf-150x150.png 150w, https:\/\/corporacionlampa.cl\/transparencia\/wp-content\/uploads\/2021\/04\/icopdf-250x250.png 250w, https:\/\/corporacionlampa.cl\/transparencia\/wp-content\/uploads\/2021\/04\/icopdf-174x174.png 174w, https:\/\/corporacionlampa.cl\/transparencia\/wp-content\/uploads\/2021\/04\/icopdf.png 256w\" sizes=\"auto, (max-width: 60px) 100vw, 60px\" \/><\/a><\/td>\n<\/tr>\n<tr class=\"row-69\">\n\t<td class=\"column-1\">00000346\/2022<\/td><td class=\"column-2\">MATERIALES PARA CHILE SPA<\/td><td class=\"column-3\">3020484<\/td><td class=\"column-4\">076961215-7<\/td><td class=\"column-5\"><\/td><td class=\"column-6\">MEMO: N\u00b0433-2022\/ MATERIALES DE CONSTRUCCION PARA ESTABLECIMIENTOS EDUCACIONALES\/ SUBVENCION GENERAL (DAVID QUI\u00d1ILEO)<\/td><td class=\"column-7\">SUBVENCION GENERAL<\/td><td class=\"column-8\">2022-05-24 00:00:00<\/td><td class=\"column-9\">2022-05-24 00:00:00<\/td><td class=\"column-10\"><a href=\"https:\/\/corporacionlampa.cl\/transparencia\/wp-content\/uploads\/2022\/06\/OC346.pdf\" rel=\"noopener\" target=\"_blank\"><img loading=\"lazy\" decoding=\"async\" src=\"https:\/\/corporacionlampa.cl\/transparencia\/wp-content\/uploads\/2021\/04\/icopdf-150x150.png\" alt=\"\" width=\"60\" height=\"60\" class=\"aligncenter size-thumbnail wp-image-2731\" srcset=\"https:\/\/corporacionlampa.cl\/transparencia\/wp-content\/uploads\/2021\/04\/icopdf-150x150.png 150w, https:\/\/corporacionlampa.cl\/transparencia\/wp-content\/uploads\/2021\/04\/icopdf-250x250.png 250w, https:\/\/corporacionlampa.cl\/transparencia\/wp-content\/uploads\/2021\/04\/icopdf-174x174.png 174w, https:\/\/corporacionlampa.cl\/transparencia\/wp-content\/uploads\/2021\/04\/icopdf.png 256w\" sizes=\"auto, (max-width: 60px) 100vw, 60px\" \/><\/a><\/td>\n<\/tr>\n<tr class=\"row-70\">\n\t<td class=\"column-1\">00000347\/2022<\/td><td class=\"column-2\">MADME CHILE SPA<\/td><td class=\"column-3\">1390396<\/td><td class=\"column-4\">077246789-3<\/td><td class=\"column-5\"><\/td><td class=\"column-6\">MEMO: N\u00b0433-2022\/ MATERIALES DE CONSTRUCCION PARA ESTABLECIMIENTOS EDUCACIONALES\/ SUBVENCION GENERAL (DAVID QUI\u00d1ILEO)<\/td><td class=\"column-7\">SUBVENCION GENERAL<\/td><td class=\"column-8\">2022-05-25 00:00:00<\/td><td class=\"column-9\">2022-05-25 00:00:00<\/td><td class=\"column-10\"><a href=\"https:\/\/corporacionlampa.cl\/transparencia\/wp-content\/uploads\/2022\/06\/OC347.pdf\" rel=\"noopener\" target=\"_blank\"><img loading=\"lazy\" decoding=\"async\" src=\"https:\/\/corporacionlampa.cl\/transparencia\/wp-content\/uploads\/2021\/04\/icopdf-150x150.png\" alt=\"\" width=\"60\" height=\"60\" class=\"aligncenter size-thumbnail wp-image-2731\" srcset=\"https:\/\/corporacionlampa.cl\/transparencia\/wp-content\/uploads\/2021\/04\/icopdf-150x150.png 150w, https:\/\/corporacionlampa.cl\/transparencia\/wp-content\/uploads\/2021\/04\/icopdf-250x250.png 250w, https:\/\/corporacionlampa.cl\/transparencia\/wp-content\/uploads\/2021\/04\/icopdf-174x174.png 174w, https:\/\/corporacionlampa.cl\/transparencia\/wp-content\/uploads\/2021\/04\/icopdf.png 256w\" sizes=\"auto, (max-width: 60px) 100vw, 60px\" \/><\/a><\/td>\n<\/tr>\n<tr class=\"row-71\">\n\t<td class=\"column-1\">00000348\/2022<\/td><td class=\"column-2\">COMERCIALIZADORA RINCON DIDACTICO LIMITADA<\/td><td class=\"column-3\">1068895<\/td><td class=\"column-4\">076080432-0<\/td><td class=\"column-5\"><\/td><td class=\"column-6\">MEMO N\u00b0 334-2022\/MATERIAL FUNGIBLE\/FINANCIAMIENTO JUNJI (INGRID MU\u00d1OZ)<\/td><td class=\"column-7\">01. FINANCIAMIENTO JUNJI<\/td><td class=\"column-8\">2022-05-25 00:00:00<\/td><td class=\"column-9\">2022-05-25 00:00:00<\/td><td class=\"column-10\"><a href=\"https:\/\/corporacionlampa.cl\/transparencia\/wp-content\/uploads\/2022\/06\/OC348.pdf\" rel=\"noopener\" target=\"_blank\"><img loading=\"lazy\" decoding=\"async\" src=\"https:\/\/corporacionlampa.cl\/transparencia\/wp-content\/uploads\/2021\/04\/icopdf-150x150.png\" alt=\"\" width=\"60\" height=\"60\" class=\"aligncenter size-thumbnail wp-image-2731\" srcset=\"https:\/\/corporacionlampa.cl\/transparencia\/wp-content\/uploads\/2021\/04\/icopdf-150x150.png 150w, https:\/\/corporacionlampa.cl\/transparencia\/wp-content\/uploads\/2021\/04\/icopdf-250x250.png 250w, https:\/\/corporacionlampa.cl\/transparencia\/wp-content\/uploads\/2021\/04\/icopdf-174x174.png 174w, https:\/\/corporacionlampa.cl\/transparencia\/wp-content\/uploads\/2021\/04\/icopdf.png 256w\" sizes=\"auto, (max-width: 60px) 100vw, 60px\" \/><\/a><\/td>\n<\/tr>\n<tr class=\"row-72\">\n\t<td class=\"column-1\">00000349\/2022<\/td><td class=\"column-2\">AMINORTE S.A.<\/td><td class=\"column-3\">2791815<\/td><td class=\"column-4\">099533780-0<\/td><td class=\"column-5\"><\/td><td class=\"column-6\">MEMO: 99-2022\/ COMPRA TRIMESTRAL DE INSUMOS DE OFICINA PARA LOS CENTROS EDUCACIONALES\/ SUBVENCION GENERAL (CAMILA MALDONADO)<\/td><td class=\"column-7\">SUBVENCION GENERAL<\/td><td class=\"column-8\">2022-05-25 00:00:00<\/td><td class=\"column-9\">2022-05-25 00:00:00<\/td><td class=\"column-10\"><a href=\"https:\/\/corporacionlampa.cl\/transparencia\/wp-content\/uploads\/2022\/06\/OC349.pdf\" rel=\"noopener\" target=\"_blank\"><img loading=\"lazy\" decoding=\"async\" src=\"https:\/\/corporacionlampa.cl\/transparencia\/wp-content\/uploads\/2021\/04\/icopdf-150x150.png\" alt=\"\" width=\"60\" height=\"60\" class=\"aligncenter size-thumbnail wp-image-2731\" srcset=\"https:\/\/corporacionlampa.cl\/transparencia\/wp-content\/uploads\/2021\/04\/icopdf-150x150.png 150w, https:\/\/corporacionlampa.cl\/transparencia\/wp-content\/uploads\/2021\/04\/icopdf-250x250.png 250w, https:\/\/corporacionlampa.cl\/transparencia\/wp-content\/uploads\/2021\/04\/icopdf-174x174.png 174w, https:\/\/corporacionlampa.cl\/transparencia\/wp-content\/uploads\/2021\/04\/icopdf.png 256w\" sizes=\"auto, (max-width: 60px) 100vw, 60px\" \/><\/a><\/td>\n<\/tr>\n<tr class=\"row-73\">\n\t<td class=\"column-1\">00000350\/2022<\/td><td class=\"column-2\">MUNNICH PHARMA MEDICAL SPA<\/td><td class=\"column-3\">9020390<\/td><td class=\"column-4\">080447400-5<\/td><td class=\"column-5\"><\/td><td class=\"column-6\">MEMO N\u00b099-2022\/ COMPRA DE MASCARILLAS\/ SUBVENCION GENERAL (CAMILA MALDONADO) OC MP 1216071-61-CM22<\/td><td class=\"column-7\">SUBVENCION GENERAL<\/td><td class=\"column-8\">2022-05-25 00:00:00<\/td><td class=\"column-9\">2022-05-25 00:00:00<\/td><td class=\"column-10\"><a href=\"https:\/\/corporacionlampa.cl\/transparencia\/wp-content\/uploads\/2022\/06\/OC350.pdf\" rel=\"noopener\" target=\"_blank\"><img loading=\"lazy\" decoding=\"async\" src=\"https:\/\/corporacionlampa.cl\/transparencia\/wp-content\/uploads\/2021\/04\/icopdf-150x150.png\" alt=\"\" width=\"60\" height=\"60\" class=\"aligncenter size-thumbnail wp-image-2731\" srcset=\"https:\/\/corporacionlampa.cl\/transparencia\/wp-content\/uploads\/2021\/04\/icopdf-150x150.png 150w, https:\/\/corporacionlampa.cl\/transparencia\/wp-content\/uploads\/2021\/04\/icopdf-250x250.png 250w, https:\/\/corporacionlampa.cl\/transparencia\/wp-content\/uploads\/2021\/04\/icopdf-174x174.png 174w, https:\/\/corporacionlampa.cl\/transparencia\/wp-content\/uploads\/2021\/04\/icopdf.png 256w\" sizes=\"auto, (max-width: 60px) 100vw, 60px\" \/><\/a><\/td>\n<\/tr>\n<tr class=\"row-74\">\n\t<td class=\"column-1\">00000351\/2022<\/td><td class=\"column-2\">NINOSKA SUAREZ<\/td><td class=\"column-3\">87108<\/td><td class=\"column-4\">018329937-9<\/td><td class=\"column-5\"><\/td><td class=\"column-6\">MEMO: N\u00b0009-2022\/ COMPRA DE PENDON PARA LA ESCUELA SANTA BARBARA\/ APORTE MUNICIPAL (GERALDINE ALVARADO)<\/td><td class=\"column-7\">APORTE MUNICIPALL<\/td><td class=\"column-8\">2022-05-25 00:00:00<\/td><td class=\"column-9\">2022-05-25 00:00:00<\/td><td class=\"column-10\"><a href=\"https:\/\/corporacionlampa.cl\/transparencia\/wp-content\/uploads\/2022\/06\/OC351.pdf\" rel=\"noopener\" target=\"_blank\"><img loading=\"lazy\" decoding=\"async\" src=\"https:\/\/corporacionlampa.cl\/transparencia\/wp-content\/uploads\/2021\/04\/icopdf-150x150.png\" alt=\"\" width=\"60\" height=\"60\" class=\"aligncenter size-thumbnail wp-image-2731\" srcset=\"https:\/\/corporacionlampa.cl\/transparencia\/wp-content\/uploads\/2021\/04\/icopdf-150x150.png 150w, https:\/\/corporacionlampa.cl\/transparencia\/wp-content\/uploads\/2021\/04\/icopdf-250x250.png 250w, https:\/\/corporacionlampa.cl\/transparencia\/wp-content\/uploads\/2021\/04\/icopdf-174x174.png 174w, https:\/\/corporacionlampa.cl\/transparencia\/wp-content\/uploads\/2021\/04\/icopdf.png 256w\" sizes=\"auto, (max-width: 60px) 100vw, 60px\" \/><\/a><\/td>\n<\/tr>\n<tr class=\"row-75\">\n\t<td class=\"column-1\">00000352\/2022<\/td><td class=\"column-2\">MATERIALES PARA CHILE SPA<\/td><td class=\"column-3\">1284343<\/td><td class=\"column-4\">076961215-7<\/td><td class=\"column-5\"><\/td><td class=\"column-6\">MEMO N\u00b0 482-2022\/MATERIALES PARA REPARACION\/FINANCIAMIENTO JUNJI\u00a0 (DAVID QUINILEO)<\/td><td class=\"column-7\">01. FINANCIAMIENTO JUNJI<\/td><td class=\"column-8\">2022-05-25 00:00:00<\/td><td class=\"column-9\">2022-05-25 00:00:00<\/td><td class=\"column-10\"><a href=\"https:\/\/corporacionlampa.cl\/transparencia\/wp-content\/uploads\/2022\/06\/OC352.pdf\" rel=\"noopener\" target=\"_blank\"><img loading=\"lazy\" decoding=\"async\" src=\"https:\/\/corporacionlampa.cl\/transparencia\/wp-content\/uploads\/2021\/04\/icopdf-150x150.png\" alt=\"\" width=\"60\" height=\"60\" class=\"aligncenter size-thumbnail wp-image-2731\" srcset=\"https:\/\/corporacionlampa.cl\/transparencia\/wp-content\/uploads\/2021\/04\/icopdf-150x150.png 150w, https:\/\/corporacionlampa.cl\/transparencia\/wp-content\/uploads\/2021\/04\/icopdf-250x250.png 250w, https:\/\/corporacionlampa.cl\/transparencia\/wp-content\/uploads\/2021\/04\/icopdf-174x174.png 174w, https:\/\/corporacionlampa.cl\/transparencia\/wp-content\/uploads\/2021\/04\/icopdf.png 256w\" sizes=\"auto, (max-width: 60px) 100vw, 60px\" \/><\/a><\/td>\n<\/tr>\n<tr class=\"row-76\">\n\t<td class=\"column-1\">00000353\/2022<\/td><td class=\"column-2\">IMS CHILE SOLUCIONES TECNOLOGICAS LTDA.<\/td><td class=\"column-3\">89250<\/td><td class=\"column-4\">076097154-5<\/td><td class=\"column-5\"><\/td><td class=\"column-6\">MEMO: N\u00b0251-2022\/ MANTENCION DE FOTOCOPIADORA RICOCH MP2554\/ LEY SEP- ACCION: IMPLEMENTACION DE IMPRESORAS Y FOTOCOPIADORAS (GRACIELA PULGAR)<\/td><td class=\"column-7\">LEY SEP<\/td><td class=\"column-8\">2022-05-25 00:00:00<\/td><td class=\"column-9\">2022-05-25 00:00:00<\/td><td class=\"column-10\"><a href=\"https:\/\/corporacionlampa.cl\/transparencia\/wp-content\/uploads\/2022\/06\/OC353.pdf\" rel=\"noopener\" target=\"_blank\"><img loading=\"lazy\" decoding=\"async\" src=\"https:\/\/corporacionlampa.cl\/transparencia\/wp-content\/uploads\/2021\/04\/icopdf-150x150.png\" alt=\"\" width=\"60\" height=\"60\" class=\"aligncenter size-thumbnail wp-image-2731\" srcset=\"https:\/\/corporacionlampa.cl\/transparencia\/wp-content\/uploads\/2021\/04\/icopdf-150x150.png 150w, https:\/\/corporacionlampa.cl\/transparencia\/wp-content\/uploads\/2021\/04\/icopdf-250x250.png 250w, https:\/\/corporacionlampa.cl\/transparencia\/wp-content\/uploads\/2021\/04\/icopdf-174x174.png 174w, https:\/\/corporacionlampa.cl\/transparencia\/wp-content\/uploads\/2021\/04\/icopdf.png 256w\" sizes=\"auto, (max-width: 60px) 100vw, 60px\" \/><\/a><\/td>\n<\/tr>\n<tr class=\"row-77\">\n\t<td class=\"column-1\">00000354\/2022<\/td><td class=\"column-2\">ANA ELVIRA CORREA COLAN<\/td><td class=\"column-3\">505750<\/td><td class=\"column-4\">022253567-0<\/td><td class=\"column-5\"><\/td><td class=\"column-6\">MEMO N\u00b0 457-2022\/CAMBIO PARABRISAS Y VIDRIO\/PADEM (DAVID QUI\u00d1ILEO)<\/td><td class=\"column-7\">PADEM<\/td><td class=\"column-8\">2022-05-26 00:00:00<\/td><td class=\"column-9\">2022-05-26 00:00:00<\/td><td class=\"column-10\"><a href=\"https:\/\/corporacionlampa.cl\/transparencia\/wp-content\/uploads\/2022\/06\/OC354.pdf\" rel=\"noopener\" target=\"_blank\"><img loading=\"lazy\" decoding=\"async\" src=\"https:\/\/corporacionlampa.cl\/transparencia\/wp-content\/uploads\/2021\/04\/icopdf-150x150.png\" alt=\"\" width=\"60\" height=\"60\" class=\"aligncenter size-thumbnail wp-image-2731\" srcset=\"https:\/\/corporacionlampa.cl\/transparencia\/wp-content\/uploads\/2021\/04\/icopdf-150x150.png 150w, https:\/\/corporacionlampa.cl\/transparencia\/wp-content\/uploads\/2021\/04\/icopdf-250x250.png 250w, https:\/\/corporacionlampa.cl\/transparencia\/wp-content\/uploads\/2021\/04\/icopdf-174x174.png 174w, https:\/\/corporacionlampa.cl\/transparencia\/wp-content\/uploads\/2021\/04\/icopdf.png 256w\" sizes=\"auto, (max-width: 60px) 100vw, 60px\" \/><\/a><\/td>\n<\/tr>\n<tr class=\"row-78\">\n\t<td class=\"column-1\">00000355\/2022<\/td><td class=\"column-2\">IMS CHILE SOLUCIONES TECNOLOGICAS LTDA.<\/td><td class=\"column-3\">197540<\/td><td class=\"column-4\">076097154-5<\/td><td class=\"column-5\"><\/td><td class=\"column-6\">MEMO N\u00b0 253\/2022\/MATERIALES DE OFICINA\/SUBVENCION GENERAL (KARENS ESPINOZA)<\/td><td class=\"column-7\">SUBVENCION GENERAL<\/td><td class=\"column-8\">2022-05-26 00:00:00<\/td><td class=\"column-9\">2022-05-26 00:00:00<\/td><td class=\"column-10\"><a href=\"https:\/\/corporacionlampa.cl\/transparencia\/wp-content\/uploads\/2022\/06\/OC355.pdf\" rel=\"noopener\" target=\"_blank\"><img loading=\"lazy\" decoding=\"async\" src=\"https:\/\/corporacionlampa.cl\/transparencia\/wp-content\/uploads\/2021\/04\/icopdf-150x150.png\" alt=\"\" width=\"60\" height=\"60\" class=\"aligncenter size-thumbnail wp-image-2731\" srcset=\"https:\/\/corporacionlampa.cl\/transparencia\/wp-content\/uploads\/2021\/04\/icopdf-150x150.png 150w, https:\/\/corporacionlampa.cl\/transparencia\/wp-content\/uploads\/2021\/04\/icopdf-250x250.png 250w, https:\/\/corporacionlampa.cl\/transparencia\/wp-content\/uploads\/2021\/04\/icopdf-174x174.png 174w, https:\/\/corporacionlampa.cl\/transparencia\/wp-content\/uploads\/2021\/04\/icopdf.png 256w\" sizes=\"auto, (max-width: 60px) 100vw, 60px\" \/><\/a><\/td>\n<\/tr>\n<tr class=\"row-79\">\n\t<td class=\"column-1\">00000356\/2022<\/td><td class=\"column-2\">SOCIEDAD COMERCIAL RIOSECO LIMITADA<\/td><td class=\"column-3\">60550<\/td><td class=\"column-4\">076392485-8<\/td><td class=\"column-5\"><\/td><td class=\"column-6\">MEMO N\u00b0 334-2022\/MATERIAL DE OFICINA\/FINANCIAMIENTO JUNJI (INGRID MU\u00d1OZ)<\/td><td class=\"column-7\">01. FINANCIAMIENTO JUNJI<\/td><td class=\"column-8\">2022-05-26 00:00:00<\/td><td class=\"column-9\">2022-05-26 00:00:00<\/td><td class=\"column-10\"><a href=\"https:\/\/corporacionlampa.cl\/transparencia\/wp-content\/uploads\/2022\/06\/OC356.pdf\" rel=\"noopener\" target=\"_blank\"><img loading=\"lazy\" decoding=\"async\" src=\"https:\/\/corporacionlampa.cl\/transparencia\/wp-content\/uploads\/2021\/04\/icopdf-150x150.png\" alt=\"\" width=\"60\" height=\"60\" class=\"aligncenter size-thumbnail wp-image-2731\" srcset=\"https:\/\/corporacionlampa.cl\/transparencia\/wp-content\/uploads\/2021\/04\/icopdf-150x150.png 150w, https:\/\/corporacionlampa.cl\/transparencia\/wp-content\/uploads\/2021\/04\/icopdf-250x250.png 250w, https:\/\/corporacionlampa.cl\/transparencia\/wp-content\/uploads\/2021\/04\/icopdf-174x174.png 174w, https:\/\/corporacionlampa.cl\/transparencia\/wp-content\/uploads\/2021\/04\/icopdf.png 256w\" sizes=\"auto, (max-width: 60px) 100vw, 60px\" \/><\/a><\/td>\n<\/tr>\n<tr class=\"row-80\">\n\t<td class=\"column-1\">00000357\/2022<\/td><td class=\"column-2\">MATFAU<\/td><td class=\"column-3\">1539860<\/td><td class=\"column-4\">076982672-6<\/td><td class=\"column-5\"><\/td><td class=\"column-6\">MEMO N\u00b0 516 \/ DAVID QUI\u00d1ILEO\/ SUBV. GENERAL<\/td><td class=\"column-7\">SUBVENCION GENERAL<\/td><td class=\"column-8\">2022-05-26 00:00:00<\/td><td class=\"column-9\">2022-05-26 00:00:00<\/td><td class=\"column-10\"><a href=\"https:\/\/corporacionlampa.cl\/transparencia\/wp-content\/uploads\/2022\/06\/OC357.pdf\" rel=\"noopener\" target=\"_blank\"><img loading=\"lazy\" decoding=\"async\" src=\"https:\/\/corporacionlampa.cl\/transparencia\/wp-content\/uploads\/2021\/04\/icopdf-150x150.png\" alt=\"\" width=\"60\" height=\"60\" class=\"aligncenter size-thumbnail wp-image-2731\" srcset=\"https:\/\/corporacionlampa.cl\/transparencia\/wp-content\/uploads\/2021\/04\/icopdf-150x150.png 150w, https:\/\/corporacionlampa.cl\/transparencia\/wp-content\/uploads\/2021\/04\/icopdf-250x250.png 250w, https:\/\/corporacionlampa.cl\/transparencia\/wp-content\/uploads\/2021\/04\/icopdf-174x174.png 174w, https:\/\/corporacionlampa.cl\/transparencia\/wp-content\/uploads\/2021\/04\/icopdf.png 256w\" sizes=\"auto, (max-width: 60px) 100vw, 60px\" \/><\/a><\/td>\n<\/tr>\n<tr class=\"row-81\">\n\t<td class=\"column-1\">00000358\/2022<\/td><td class=\"column-2\">HECTOR CANCINO ORME\u00d1O<\/td><td class=\"column-3\">5897640<\/td><td class=\"column-4\">005663309-k<\/td><td class=\"column-5\"><\/td><td class=\"column-6\">MEMO N\u00b0 374-2022\/COMPRA MOBILIARIO\/SUBVENCION GENERAL (LILIAM\u00a0 GARRIDO)<\/td><td class=\"column-7\">SUBVENCION GENERAL<\/td><td class=\"column-8\">2022-05-27 00:00:00<\/td><td class=\"column-9\">2022-05-27 00:00:00<\/td><td class=\"column-10\"><a href=\"https:\/\/corporacionlampa.cl\/transparencia\/wp-content\/uploads\/2022\/06\/OC358.pdf\" rel=\"noopener\" target=\"_blank\"><img loading=\"lazy\" decoding=\"async\" src=\"https:\/\/corporacionlampa.cl\/transparencia\/wp-content\/uploads\/2021\/04\/icopdf-150x150.png\" alt=\"\" width=\"60\" height=\"60\" class=\"aligncenter size-thumbnail wp-image-2731\" srcset=\"https:\/\/corporacionlampa.cl\/transparencia\/wp-content\/uploads\/2021\/04\/icopdf-150x150.png 150w, https:\/\/corporacionlampa.cl\/transparencia\/wp-content\/uploads\/2021\/04\/icopdf-250x250.png 250w, https:\/\/corporacionlampa.cl\/transparencia\/wp-content\/uploads\/2021\/04\/icopdf-174x174.png 174w, https:\/\/corporacionlampa.cl\/transparencia\/wp-content\/uploads\/2021\/04\/icopdf.png 256w\" sizes=\"auto, (max-width: 60px) 100vw, 60px\" \/><\/a><\/td>\n<\/tr>\n<tr class=\"row-82\">\n\t<td class=\"column-1\">00000359\/2022<\/td><td class=\"column-2\">CONSTRUCTORA TORRE FUERTE SPA<\/td><td class=\"column-3\">2737000<\/td><td class=\"column-4\">077235762-1<\/td><td class=\"column-5\"><\/td><td class=\"column-6\">MEMO N\u00b0536\/DAVID QUI\u00d1ILEO\/ RADIER ,PALMETA DE CAUCHO E INSTALACI\u00d3N DE RESBALIN\/ APORTE MUNICIPAL<\/td><td class=\"column-7\">APORTE MUNICIPALL<\/td><td class=\"column-8\">2022-05-30 00:00:00<\/td><td class=\"column-9\">2022-05-30 00:00:00<\/td><td class=\"column-10\"><a href=\"https:\/\/corporacionlampa.cl\/transparencia\/wp-content\/uploads\/2022\/06\/OC359.pdf\" rel=\"noopener\" target=\"_blank\"><img loading=\"lazy\" decoding=\"async\" src=\"https:\/\/corporacionlampa.cl\/transparencia\/wp-content\/uploads\/2021\/04\/icopdf-150x150.png\" alt=\"\" width=\"60\" height=\"60\" class=\"aligncenter size-thumbnail wp-image-2731\" srcset=\"https:\/\/corporacionlampa.cl\/transparencia\/wp-content\/uploads\/2021\/04\/icopdf-150x150.png 150w, https:\/\/corporacionlampa.cl\/transparencia\/wp-content\/uploads\/2021\/04\/icopdf-250x250.png 250w, https:\/\/corporacionlampa.cl\/transparencia\/wp-content\/uploads\/2021\/04\/icopdf-174x174.png 174w, https:\/\/corporacionlampa.cl\/transparencia\/wp-content\/uploads\/2021\/04\/icopdf.png 256w\" sizes=\"auto, (max-width: 60px) 100vw, 60px\" \/><\/a><\/td>\n<\/tr>\n<\/tbody>\n<\/table>\n<!-- #tablepress-115 from cache -->\n","protected":false},"excerpt":{"rendered":"","protected":false},"author":1,"featured_media":0,"parent":0,"menu_order":0,"comment_status":"closed","ping_status":"closed","template":"","meta":{"_eb_attr":"","_themeisle_gutenberg_block_has_review":false,"footnotes":""},"class_list":["post-6359","page","type-page","status-publish","hentry"],"_links":{"self":[{"href":"https:\/\/corporacionlampa.cl\/transparencia\/wp-json\/wp\/v2\/pages\/6359","targetHints":{"allow":["GET"]}}],"collection":[{"href":"https:\/\/corporacionlampa.cl\/transparencia\/wp-json\/wp\/v2\/pages"}],"about":[{"href":"https:\/\/corporacionlampa.cl\/transparencia\/wp-json\/wp\/v2\/types\/page"}],"author":[{"embeddable":true,"href":"https:\/\/corporacionlampa.cl\/transparencia\/wp-json\/wp\/v2\/users\/1"}],"replies":[{"embeddable":true,"href":"https:\/\/corporacionlampa.cl\/transparencia\/wp-json\/wp\/v2\/comments?post=6359"}],"version-history":[{"count":1,"href":"https:\/\/corporacionlampa.cl\/transparencia\/wp-json\/wp\/v2\/pages\/6359\/revisions"}],"predecessor-version":[{"id":6360,"href":"https:\/\/corporacionlampa.cl\/transparencia\/wp-json\/wp\/v2\/pages\/6359\/revisions\/6360"}],"wp:attachment":[{"href":"https:\/\/corporacionlampa.cl\/transparencia\/wp-json\/wp\/v2\/media?parent=6359"}],"curies":[{"name":"wp","href":"https:\/\/api.w.org\/{rel}","templated":true}]}}