{"id":5752,"date":"2022-04-19T16:09:07","date_gmt":"2022-04-19T16:09:07","guid":{"rendered":"https:\/\/corporacionlampa.cl\/transparencia\/?page_id=5752"},"modified":"2025-08-11T12:26:03","modified_gmt":"2025-08-11T16:26:03","slug":"prestaciones-de-servicios","status":"publish","type":"page","link":"https:\/\/corporacionlampa.cl\/transparencia\/prestaciones-de-servicios\/","title":{"rendered":"PRESTACIONES DE SERVICIOS"},"content":{"rendered":"\n<div id=\"wp-block-themeisle-blocks-accordion-a3850f08\" class=\"wp-block-themeisle-blocks-accordion\">\n<details class=\"wp-block-themeisle-blocks-accordion-item\"><summary class=\"wp-block-themeisle-blocks-accordion-item__title\"><div>2025<\/div><\/summary><div class=\"wp-block-themeisle-blocks-accordion-item__content\">\n\n<table id=\"tablepress-202\" class=\"tablepress tablepress-id-202\">\n<thead>\n<tr class=\"row-1\">\n\t<th class=\"column-1\"><a href=\"https:\/\/drive.google.com\/file\/d\/1hUBIOkbdLYwNkvJdX26a1EV4r8cvUgwI\/view?usp=drive_web\">\u00a0COMODATO COSMETICA NACIONAL MUNICIPALIDAD 05-12-2025 SITIOS LO PINTO.pdf<\/a><\/th>\n<\/tr>\n<\/thead>\n<tbody class=\"row-striping row-hover\">\n<tr class=\"row-2\">\n\t<td class=\"column-1\"><a href=\"https:\/\/drive.google.com\/file\/d\/19V92QYm4T4Q2jACWsUjceYU8puWESgPF\/view?usp=drive_web\">\u00a0CONVENIO ARRIENDO SALAS MODULARES BICENTENARIO LAMPA 04-03-2025.pdf<\/a><\/td>\n<\/tr>\n<tr class=\"row-3\">\n\t<td class=\"column-1\"><a href=\"https:\/\/drive.google.com\/file\/d\/18zajaMy9evgz3ioljUO8e-x_GTHmYWtD\/view?usp=drive_web\">\u00a0CONTRATO ALVARO JOSE DEL CAMPO 1271359-1-LP25 UMINISTROS TINTAS Y TONER.pdf<\/a><\/td>\n<\/tr>\n<tr class=\"row-4\">\n\t<td class=\"column-1\"><a href=\"https:\/\/drive.google.com\/file\/d\/18UNfhwwXDNuz4H7mjSKz0FPRVzmp2qxL\/view?usp=drive_web\">\u00a0ACUERDO COMPLEMENTARIO GRAN COMPRA ID 76211 COPEC.pdf<\/a><\/td>\n<\/tr>\n<tr class=\"row-5\">\n\t<td class=\"column-1\"><a href=\"https:\/\/drive.google.com\/file\/d\/17_3aGaWepCuV_RNkNSJ7aqO7fS62nUql\/view?usp=drive_web\">\u00a0CONTRATO CARIBEAN 1271359-33-LP25 suministro de medicamentos.pdf<\/a><\/td>\n<\/tr>\n<tr class=\"row-6\">\n\t<td class=\"column-1\"><a href=\"https:\/\/drive.google.com\/file\/d\/16HcWM36ldYvU0pPPkFKUXl-fGK-bdhAB\/view?usp=drive_web\">\u00a0CONVENIO COLABORACION JUNAEB 17-03-2025 PARA FIRMA (2).pdf<\/a><\/td>\n<\/tr>\n<tr class=\"row-7\">\n\t<td class=\"column-1\"><a href=\"https:\/\/drive.google.com\/file\/d\/15k18G5qUIMx4iL-_g5mM2t9si08fH22J\/view?usp=drive_web\">\u00a0CONTRATO ALCA 1271359-1-LP25 SUMINISTROS TINTAS Y TONER.pdf<\/a><\/td>\n<\/tr>\n<tr class=\"row-8\">\n\t<td class=\"column-1\"><a href=\"https:\/\/drive.google.com\/file\/d\/15baSL-MCsKDQaL43H9gCqKNCVhMsp26H\/view?usp=drive_web\">\u00a0KIMEMORE CONVENIO PRESTACION DE SERVICIOS PARA FUNCIONARIOS.pdf<\/a><\/td>\n<\/tr>\n<tr class=\"row-9\">\n\t<td class=\"column-1\"><a href=\"https:\/\/drive.google.com\/file\/d\/14UrFP02g0T1u_YZ6RWC8kto5O2mO3vQi\/view?usp=drive_web\">\u00a0CONTRATO E&amp;E TRASLADO ESCOLAR 2025 DE FECHA 05-03-2025.pdf<\/a><\/td>\n<\/tr>\n<tr class=\"row-10\">\n\t<td class=\"column-1\"><a href=\"https:\/\/drive.google.com\/file\/d\/14KJRaGxopPdPIJtxaUYGJl9-m8K0lURb\/view?usp=drive_web\">\u00a0CONVENIO ARRIENDO SALAS MODULARES BICENTENARIO LAMPA 04-03-2025.pdf<\/a><\/td>\n<\/tr>\n<tr class=\"row-11\">\n\t<td class=\"column-1\"><a href=\"https:\/\/drive.google.com\/file\/d\/13YoF-tTEZyoVBG_XD26kUKOByBnO4YWp\/view?usp=drive_web\">\u00a0CONTRATO MOVIL SALUD-2025 JULIO AROS VF 28-02-2025.pdf<\/a><\/td>\n<\/tr>\n<tr class=\"row-12\">\n\t<td class=\"column-1\"><a href=\"https:\/\/drive.google.com\/file\/d\/13AaArVSx1owAvskY_ZF6pKq2H6e-LaIx\/view?usp=drive_web\">\u00a0Convenio Lampa - F.Re 2025 FUNDACION RECONECTAR CON EL MEDIO AMBIENTE 20-03-2025.pdf<\/a><\/td>\n<\/tr>\n<tr class=\"row-13\">\n\t<td class=\"column-1\"><a href=\"https:\/\/drive.google.com\/file\/d\/12LxPaJWAtTtaf3lDgapmggcIjCx6_a1p\/view?usp=drive_web\">\u00a0Contrato Corporacion Municipal de desarrollo social de Lampa - CEAPSI.pdf<\/a><\/td>\n<\/tr>\n<tr class=\"row-14\">\n\t<td class=\"column-1\"><a href=\"https:\/\/drive.google.com\/file\/d\/10ikEDVWtHqwoARsWIVANJCTBc4b9ih3A\/view?usp=drive_web\">\u00a0CONVENIO STGO CFT 26-11-2024.pdf<\/a><\/td>\n<\/tr>\n<tr class=\"row-15\">\n\t<td class=\"column-1\"><a href=\"https:\/\/drive.google.com\/file\/d\/1ZRz748YvlXdonYPfAa93VwhwohkzOZIW\/view?usp=drive_web\">\u00a0CONVENIO STGO CFT 26-11-2024.pdf<\/a><\/td>\n<\/tr>\n<tr class=\"row-16\">\n\t<td class=\"column-1\"><a href=\"https:\/\/drive.google.com\/file\/d\/1zbONwtEszCRWjtsLda12jx-0_-fTN-vc\/view?usp=drive_web\">\u00a0CONVENIO ASISTENCIAL DOCENTE UNIVERSIDAD AUTONOMA DE CHILE 08-04-2025.pdf<\/a><\/td>\n<\/tr>\n<tr class=\"row-17\">\n\t<td class=\"column-1\"><a href=\"https:\/\/drive.google.com\/file\/d\/1Z4f4a4yL4GGMw2GGXTC2tFNertQORH_W\/view?usp=drive_web\">\u00a0CONTRATO MOVIL SALUD-2025 JULIO AROS VF.pdf<\/a><\/td>\n<\/tr>\n<tr class=\"row-18\">\n\t<td class=\"column-1\"><a href=\"https:\/\/drive.google.com\/file\/d\/1Xi6m22DWEyxYVROeVvLlSkBJwrg5XpNj\/view?usp=drive_web\">\u00a0CONVENIO COLABORACION JUNAEB 17-03-2025 PARA FIRMA (2).pdf<\/a><\/td>\n<\/tr>\n<tr class=\"row-19\">\n\t<td class=\"column-1\"><a href=\"https:\/\/drive.google.com\/file\/d\/1VV0tvrEkBev6z9qNBLoQhrbnuhTOhJob\/view?usp=drive_web\">\u00a0CONTRATO TICKET OUT LTDA 24-06-2025 ENTRADAS ATRACCIONES CENTROS EDUCATIVOS Y ENTRETENCION.pdf<\/a><\/td>\n<\/tr>\n<tr class=\"row-20\">\n\t<td class=\"column-1\"><a href=\"https:\/\/drive.google.com\/file\/d\/1VPcUPuOs6BwX2v7RpIyhHkAIrLqiRb3r\/view?usp=drive_web\">\u00a0CONTRATO PJ 1271359-37-LE25 _SUMINISTRO DE COLACIONES 2025 vf.pdf<\/a><\/td>\n<\/tr>\n<tr class=\"row-21\">\n\t<td class=\"column-1\"><a href=\"https:\/\/drive.google.com\/file\/d\/1VcyWJr6fBalIw8bJf-z1vNuc-20XtBvt\/view?usp=drive_web\">\u00a0Convenio firmado fundacion Reconectar Lampa - F.Re 20-03-2025.pdf<\/a><\/td>\n<\/tr>\n<tr class=\"row-22\">\n\t<td class=\"column-1\"><a href=\"https:\/\/drive.google.com\/file\/d\/1vCNiDlUvYC6o00VF8wY9YWybtkA8ZfDs\/view?usp=drive_web\">\u00a0CONTRATO MEDICENTER 1271359-15-LP25 VF.pdf<\/a><\/td>\n<\/tr>\n<tr class=\"row-23\">\n\t<td class=\"column-1\"><a href=\"https:\/\/drive.google.com\/file\/d\/1txyvtawojWiLaaRrOLL53W-a9CrTMtnL\/view?usp=drive_web\">\u00a0CONTRATO PROYECTO AMPLIACION SALA NEURODIVERSA OFICIAL 16-01-2025.pdf<\/a><\/td>\n<\/tr>\n<tr class=\"row-24\">\n\t<td class=\"column-1\"><a href=\"https:\/\/drive.google.com\/file\/d\/1sbBSu3lkv0vcb2Qaiec1dgSj5FwChqXL\/view?usp=drive_web\">\u00a0CONTRATO DISUTEX 1271359-14-LE25 SUMINISTRO PREMIOS VF.pdf<\/a><\/td>\n<\/tr>\n<tr class=\"row-25\">\n\t<td class=\"column-1\"><a href=\"https:\/\/drive.google.com\/file\/d\/1S2LHx1dlNY1Rlr0kAVsEE98yWDrmnRYE\/view?usp=drive_web\">\u00a0CONTRATO SALA CUNA LARAPINTA EL SOL 1271359-75-LE25 SALACUNA 2025-2026.pdf<\/a><\/td>\n<\/tr>\n<tr class=\"row-26\">\n\t<td class=\"column-1\"><a href=\"https:\/\/drive.google.com\/file\/d\/1qUlKYyZ9vNVzADaH0U9peLKigjQftWeL\/view?usp=drive_web\">\u00a0Contrato Ex. Libres LAMPA CEPECH.pdf<\/a><\/td>\n<\/tr>\n<tr class=\"row-27\">\n\t<td class=\"column-1\"><a href=\"https:\/\/drive.google.com\/file\/d\/1QGCVbHf0wxAMeNi4H5digVlWPVRHJsF7\/view?usp=drive_web\">\u00a0CONTRATO RENEW 1271359-37-LE25 COLACIONES V2.pdf<\/a><\/td>\n<\/tr>\n<tr class=\"row-28\">\n\t<td class=\"column-1\"><a href=\"https:\/\/drive.google.com\/file\/d\/1PEcOjdu5FV-3_rTVJ3m3i0yQ_VwkivA7\/view?usp=drive_web\">\u00a0CONTRATO AUDIONAUTAS SERV INTEGRAL OTORRINOLARINGOLOGIA ID 1271359-47-LE25.pdf<\/a><\/td>\n<\/tr>\n<tr class=\"row-29\">\n\t<td class=\"column-1\"><a href=\"https:\/\/drive.google.com\/file\/d\/1p6mHsQNudRpf6YNa93NPYNAjE4O7JOfg\/view?usp=drive_web\">\u00a0CONTRATO COMERCIAL SF 1271359-1-LP25 UMINISTROS TINTAS Y TONER.pdf<\/a><\/td>\n<\/tr>\n<tr class=\"row-30\">\n\t<td class=\"column-1\"><a href=\"https:\/\/drive.google.com\/file\/d\/1oG5wXcPgSaeOm2saWciAooihJqgWWxZt\/view?usp=drive_web\">\u00a0CONTRATO DANIEL CARVAJAL SERVICIOS MOVILES TRASLADOS 2025 DIRESAL 28-02-2025.pdf<\/a><\/td>\n<\/tr>\n<tr class=\"row-31\">\n\t<td class=\"column-1\"><a href=\"https:\/\/drive.google.com\/file\/d\/1o2-BwpRsPdT8XsGniTXtTMZnJOeQBy9p\/view?usp=drive_web\">\u00a0CONTRATO FUNDACION CRISTO VIVE SERV IMAGENOLOGIA 04-06-2025.pdf<\/a><\/td>\n<\/tr>\n<tr class=\"row-32\">\n\t<td class=\"column-1\"><a href=\"https:\/\/drive.google.com\/file\/d\/1n7UrzBItkBT2vrkaVuQnwu9G1172YKTw\/view?usp=drive_web\">\u00a0ON STREET SERVICIO CIINICIAS MOVILES 05-02-2025.pdf<\/a><\/td>\n<\/tr>\n<tr class=\"row-33\">\n\t<td class=\"column-1\"><a href=\"https:\/\/drive.google.com\/file\/d\/1MD2I5121QE0mHU3C8OMQCnoSe8BWX9gy\/view?usp=drive_web\">\u00a0CONTRATO PROYECTO AMPLIACION SALA NEURODIVERSA 14-01-2025.pdf<\/a><\/td>\n<\/tr>\n<tr class=\"row-34\">\n\t<td class=\"column-1\"><a href=\"https:\/\/drive.google.com\/file\/d\/1mC8mtgtK-uGSAAwZkRRGP3nUGqs0Mxij\/view?usp=drive_web\">\u00a0CONTRATO PROYECTO AMPLIACION SALA NEURODIVERSA 16-01-2025.pdf<\/a><\/td>\n<\/tr>\n<tr class=\"row-35\">\n\t<td class=\"column-1\"><a href=\"https:\/\/drive.google.com\/file\/d\/1m4Y1wyVLCbUCStM0XoxPKa-DT7PtJQse\/view?usp=drive_web\">\u00a0CONTRATO JULIO AROS 1271359-64-CO25 MOVILES AT DOMICILIARIA 2025.pdf<\/a><\/td>\n<\/tr>\n<tr class=\"row-36\">\n\t<td class=\"column-1\"><a href=\"https:\/\/drive.google.com\/file\/d\/1L8k-zIMU94oT76gozOouVo26pKLxxKsg\/view?usp=drive_web\">\u00a0CONTRATO IMP ITG CONTRATO 1271359-1-LP25 SUMINISTROS TINTAS Y TONER 1271359-1-LP25.pdf<\/a><\/td>\n<\/tr>\n<tr class=\"row-37\">\n\t<td class=\"column-1\"><a href=\"https:\/\/drive.google.com\/file\/d\/1ipqkP7JX5kI9GU2E9tbACpH9EgfuBOsj\/view?usp=drive_web\">\u00a0CONVENIO COLABORACION JUNAEB 17-03-2025 PARA FIRMA.pdf<\/a><\/td>\n<\/tr>\n<tr class=\"row-38\">\n\t<td class=\"column-1\"><a href=\"https:\/\/drive.google.com\/file\/d\/1I6UyzeQVX1sBiWEv1lEz7vl3GSYsZcOU\/view?usp=drive_web\">\u00a0CONTRATO MOVIL TRASLADOS SALUD 2025 EDITH MARTINEZ VF.pdf<\/a><\/td>\n<\/tr>\n<tr class=\"row-39\">\n\t<td class=\"column-1\"><a href=\"https:\/\/drive.google.com\/file\/d\/1htuSXm-GfsstH2NZP_XUT9L4KHz7xGfy\/view?usp=drive_web\">\u00a0CONVENIO ASISTENCIAL DOCENTE UNIVERSIDAD AUTONOMA DE CHILE 08-04-2025.pdf<\/a><\/td>\n<\/tr>\n<tr class=\"row-40\">\n\t<td class=\"column-1\"><a href=\"https:\/\/drive.google.com\/file\/d\/1HTj8L_3-_AW3uAd6BAFhylzI1MKhapAo\/view?usp=drive_web\">\u00a0CONTRATO PROY AIRE ACONDICIONADO REP DE POLONIA_JONATHAN FELIPE QUEVEDO GOMEZ.pdf<\/a><\/td>\n<\/tr>\n<tr class=\"row-41\">\n\t<td class=\"column-1\"><a href=\"https:\/\/drive.google.com\/file\/d\/1hHn9WO43rhGqXw-pWUQB_Jw-eb-UKHaU\/view?usp=drive_web\">\u00a0CONTRATO TRANSPORTES LUIS VIVAR TRASLADO ESCOLAR 2025 03-03-2025.pdf<\/a><\/td>\n<\/tr>\n<tr class=\"row-42\">\n\t<td class=\"column-1\"><a href=\"https:\/\/drive.google.com\/file\/d\/1h7yn3VWDW8kbPhm2pK9TQNCegM9Rle6m\/view?usp=drive_web\">\u00a0CONTRATO TELETRONIC 1271359-29-LE25 (1) PLATAFORMA AGENDAMIENTO HORAS MEDICAS.pdf<\/a><\/td>\n<\/tr>\n<tr class=\"row-43\">\n\t<td class=\"column-1\"><a href=\"https:\/\/drive.google.com\/file\/d\/1GVJhwFyqxLpVGCy3sZZj5l1R_2n0kFvw\/view?usp=drive_web\">\u00a0CONTRATO CARIBEAN 1271359-33-LP25 MEDICAMENTOS.pdf<\/a><\/td>\n<\/tr>\n<tr class=\"row-44\">\n\t<td class=\"column-1\"><a href=\"https:\/\/drive.google.com\/file\/d\/1gOIz8Qy7naVrpDn42-EJMCQ8RJB9DO8t\/view?usp=drive_web\">\u00a0CONTRATO ON STREET S.A 05-02-2025.pdf<\/a><\/td>\n<\/tr>\n<tr class=\"row-45\">\n\t<td class=\"column-1\"><a href=\"https:\/\/drive.google.com\/file\/d\/1gkvIheLpfAZB4UfxBnEqanMYpJrwLNgR\/view?usp=drive_web\">\u00a0CONTRATO EDITH MARTINEZ MOVILES TRASLADO 2025 DIRESAL 28-02-2025.pdf<\/a><\/td>\n<\/tr>\n<tr class=\"row-46\">\n\t<td class=\"column-1\"><a href=\"https:\/\/drive.google.com\/file\/d\/1FzzRrCDI1l5ZZ9Pdh9Mnz5AC_V6yPbjw\/view?usp=drive_web\">\u00a0CONVENIO COLABORACION JUNAEB 17-03-2025 PARA FIRMA.pdf<\/a><\/td>\n<\/tr>\n<tr class=\"row-47\">\n\t<td class=\"column-1\"><a href=\"https:\/\/drive.google.com\/file\/d\/1fPqjvvaPfJYrFLdGpvICVQP5b6cSwTtM\/view?usp=drive_web\">\u00a0CONTRATO -TURISMO SANTIAGO 9-12-LQ25 TRASLADOS 2025 DE FECHA 04-03-2025.pdf<\/a><\/td>\n<\/tr>\n<tr class=\"row-48\">\n\t<td class=\"column-1\"><a href=\"https:\/\/drive.google.com\/file\/d\/1CmoR_hJntw68L4qeGdrhqKjSSNZuYlWA\/view?usp=drive_web\">\u00a0CONTRATO LIC. 1271359-50-LE25 E&amp;E DEL 19-05-2025.pdf<\/a><\/td>\n<\/tr>\n<tr class=\"row-49\">\n\t<td class=\"column-1\"><a href=\"https:\/\/drive.google.com\/file\/d\/1CfHe-ogQMCp_P_PumTmBoU-3RprrlIoA\/view?usp=drive_web\">\u00a0CYG MULTITALLER 06-02-2025.pdf<\/a><\/td>\n<\/tr>\n<tr class=\"row-50\">\n\t<td class=\"column-1\"><a href=\"https:\/\/drive.google.com\/file\/d\/1C8NER8uETn7FHcfVsOfdhEtJuzZhr3CN\/view?usp=drive_web\">\u00a0CONTRATO FIRMADO ARRIENDO DE SALAS MODULARES BATUCO - 1 17-02-2025.pdf<\/a><\/td>\n<\/tr>\n<tr class=\"row-51\">\n\t<td class=\"column-1\"><a href=\"https:\/\/drive.google.com\/file\/d\/1BxKvx8JrzEk-3Rg3vODMdpsONqUPUsmw\/view?usp=drive_web\">\u00a0Convenio firmado fundacion Reconectar Lampa - F.Re 20-03-2025.pdf<\/a><\/td>\n<\/tr>\n<tr class=\"row-52\">\n\t<td class=\"column-1\"><a href=\"https:\/\/drive.google.com\/file\/d\/1BkjpRH4NXXGoYHGF40sSuZhYXkeYUE9y\/view?usp=drive_web\">\u00a0CONTRATO MOVIL SALUD-2025 DANIEL CARVAJAL vf.pdf<\/a><\/td>\n<\/tr>\n<tr class=\"row-53\">\n\t<td class=\"column-1\"><a href=\"https:\/\/drive.google.com\/file\/d\/1ak_pUnMeKToRgJH31Fw37DECrCaWaSqk\/view?usp=drive_web\">\u00a0CONTRATO PACIFICO MUNDO CABLE CORPORACION LAMPA 1271349-20-LP25 (1).pdf<\/a><\/td>\n<\/tr>\n<tr class=\"row-54\">\n\t<td class=\"column-1\"><a href=\"https:\/\/drive.google.com\/file\/d\/1AGKjNdjXWFsVk4xu02N3nMKpNKBxN-3Q\/view?usp=drive_web\">\u00a0CONTRATO SANITAS 1271359-33-LP25 suministro medicamentos 06-05-2025.pdf<\/a><\/td>\n<\/tr>\n<tr class=\"row-55\">\n\t<td class=\"column-1\"><a href=\"https:\/\/drive.google.com\/file\/d\/1_ZiwrItLs-wieM7RUsHCQfGfBDuT7Y7-\/view?usp=drive_web\">\u00a0ANEXO DE MODIFICACI\u00d3N DE CONTRATO PROYECTO DE HABILITACI\u00d3N SOLUCI\u00d3N MODULAR DE URGENCIA PARA LM B...<\/a><\/td>\n<\/tr>\n<tr class=\"row-56\">\n\t<td class=\"column-1\"><a href=\"https:\/\/drive.google.com\/file\/d\/1_FFWFUeyqJKvKOiXAoK3YcGbqSg-bw-S\/view?usp=drive_web\">\u00a0COMODATO COSMETICA NACIONAL MUNICIPALIDAD 05-12-2025 SITIOS LO PINTO.pdf<\/a><\/td>\n<\/tr>\n<\/tbody>\n<\/table>\n<!-- #tablepress-202 from cache -->\n<\/div><\/details>\n<\/div>\n\n\n\n<div id=\"wp-block-themeisle-blocks-accordion-a3850f08\" class=\"wp-block-themeisle-blocks-accordion\">\n<details class=\"wp-block-themeisle-blocks-accordion-item\"><summary class=\"wp-block-themeisle-blocks-accordion-item__title\"><div>2024<\/div><\/summary><div class=\"wp-block-themeisle-blocks-accordion-item__content\">\n\n<table id=\"tablepress-167\" class=\"tablepress tablepress-id-167\">\n<thead>\n<tr class=\"row-1\">\n\t<th class=\"column-1\">NUMERO<\/th><th class=\"column-2\">MES<\/th><th class=\"column-3\">NOMBRE COMPLETO O RAZ\u00d3N SOCIAL DE LA PERSONA CONTRATADA<\/th><th class=\"column-4\">RUT DE LA PERSONA CONTRATADA (S\u00d3LO PERSONAS JUR\u00cdDICAS)<\/th><th class=\"column-5\">SOCIOS Y ACCIONISTAS PRINCIPALES (SI CORRESPONDE)<\/th><th class=\"column-6\">OBJETO DE LA CONTRATACI\u00d3N O ADQUISICI\u00d3N<\/th><th class=\"column-7\">FECHA DE INICIO DEL CONTRATO (DD\/MM\/AA)<\/th><th class=\"column-8\">FECHA DE T\u00c9RMINO DEL CONTRATO (DD\/MM\/AA)<\/th><th class=\"column-9\">MONTO TOTAL DE LA OPERACI\u00d3N<\/th><th class=\"column-10\">ENLACE AL TEXTO \u00cdNTEGRO DEL CONTRATO<\/th>\n<\/tr>\n<\/thead>\n<tbody class=\"row-striping row-hover\">\n<tr class=\"row-2\">\n\t<td class=\"column-1\">1<\/td><td class=\"column-2\">DICIEMBRE<\/td><td class=\"column-3\">SOCIEDAD SERVOMILLER SPA<\/td><td class=\"column-4\">76.682.083-2<\/td><td class=\"column-5\">NO CORRESPONDE<\/td><td class=\"column-6\">CONVERSION FURGON A AMBULANCIA<\/td><td class=\"column-7\">12\/14\/2024<\/td><td class=\"column-8\">1\/15\/2024<\/td><td class=\"column-9\"> $ 7,520,800 <\/td><td class=\"column-10\"><a href=\"https:\/\/corporacionlampa.cl\/transparencia\/wp-content\/uploads\/2024\/05\/1.-DICIEMBRE-2023-SERVOMILLER-CONVERSION-Y-REPARACION-AMBULANCIA.pdf\" rel=\"noopener\" target=\"_blank\"><center><img loading=\"lazy\" decoding=\"async\" src=\"https:\/\/corporacionlampa.cl\/transparencia\/wp-content\/uploads\/2021\/04\/icopdf-150x150.png\" alt=\"\" width=\"60\" height=\"60\" class=\"aligncenter size-thumbnail wp-image-2731\" srcset=\"https:\/\/corporacionlampa.cl\/transparencia\/wp-content\/uploads\/2021\/04\/icopdf-150x150.png 150w, https:\/\/corporacionlampa.cl\/transparencia\/wp-content\/uploads\/2021\/04\/icopdf-250x250.png 250w, https:\/\/corporacionlampa.cl\/transparencia\/wp-content\/uploads\/2021\/04\/icopdf-174x174.png 174w, https:\/\/corporacionlampa.cl\/transparencia\/wp-content\/uploads\/2021\/04\/icopdf.png 256w\" sizes=\"auto, (max-width: 60px) 100vw, 60px\" \/><\/a><\/td>\n<\/tr>\n<tr class=\"row-3\">\n\t<td class=\"column-1\">2<\/td><td class=\"column-2\">ENERO<\/td><td class=\"column-3\">ANAIS &amp; SANTINO SPA<\/td><td class=\"column-4\">77.223.891-6<\/td><td class=\"column-5\">NO CORRESPONDE<\/td><td class=\"column-6\">MEJORAMIENTO AREAS JUEGO CACIQUE COLIN<\/td><td class=\"column-7\">1\/9\/2024<\/td><td class=\"column-8\">2\/22\/2024<\/td><td class=\"column-9\"> $ 89,521,856 <\/td><td class=\"column-10\"><a href=\"https:\/\/corporacionlampa.cl\/transparencia\/wp-content\/uploads\/2024\/05\/2.-ENERO-2024-ANAIS-SANTINO-OBRAS-MEJORAMIENTO-AREA-DE-JUEGOS-CACIQUE-C.pdf\" rel=\"noopener\" target=\"_blank\"><center><img loading=\"lazy\" decoding=\"async\" src=\"https:\/\/corporacionlampa.cl\/transparencia\/wp-content\/uploads\/2021\/04\/icopdf-150x150.png\" alt=\"\" width=\"60\" height=\"60\" class=\"aligncenter size-thumbnail wp-image-2731\" srcset=\"https:\/\/corporacionlampa.cl\/transparencia\/wp-content\/uploads\/2021\/04\/icopdf-150x150.png 150w, https:\/\/corporacionlampa.cl\/transparencia\/wp-content\/uploads\/2021\/04\/icopdf-250x250.png 250w, https:\/\/corporacionlampa.cl\/transparencia\/wp-content\/uploads\/2021\/04\/icopdf-174x174.png 174w, https:\/\/corporacionlampa.cl\/transparencia\/wp-content\/uploads\/2021\/04\/icopdf.png 256w\" sizes=\"auto, (max-width: 60px) 100vw, 60px\" \/><\/a><\/td>\n<\/tr>\n<tr class=\"row-4\">\n\t<td class=\"column-1\">3<\/td><td class=\"column-2\">ENERO<\/td><td class=\"column-3\">PATRICIO ROMERO MORALES SPA<\/td><td class=\"column-4\">77.776.120-K<\/td><td class=\"column-5\">NO CORRESPONDE<\/td><td class=\"column-6\">EXAMENES MEDICOS COLEGIO PROFESORES<\/td><td class=\"column-7\">1\/5\/2024<\/td><td class=\"column-8\">2\/29\/2024<\/td><td class=\"column-9\">NO APLICA<\/td><td class=\"column-10\"><a href=\"https:\/\/corporacionlampa.cl\/transparencia\/wp-content\/uploads\/2024\/05\/3.-ENERO-2024-ANEXO-CONTRATO-PATRICIO-MORALES.pdf\" rel=\"noopener\" target=\"_blank\"><center><img loading=\"lazy\" decoding=\"async\" src=\"https:\/\/corporacionlampa.cl\/transparencia\/wp-content\/uploads\/2021\/04\/icopdf-150x150.png\" alt=\"\" width=\"60\" height=\"60\" class=\"aligncenter size-thumbnail wp-image-2731\" srcset=\"https:\/\/corporacionlampa.cl\/transparencia\/wp-content\/uploads\/2021\/04\/icopdf-150x150.png 150w, https:\/\/corporacionlampa.cl\/transparencia\/wp-content\/uploads\/2021\/04\/icopdf-250x250.png 250w, https:\/\/corporacionlampa.cl\/transparencia\/wp-content\/uploads\/2021\/04\/icopdf-174x174.png 174w, https:\/\/corporacionlampa.cl\/transparencia\/wp-content\/uploads\/2021\/04\/icopdf.png 256w\" sizes=\"auto, (max-width: 60px) 100vw, 60px\" \/><\/a><\/td>\n<\/tr>\n<tr class=\"row-5\">\n\t<td class=\"column-1\">4<\/td><td class=\"column-2\">ENERO<\/td><td class=\"column-3\">CIGA INGENIERIA<\/td><td class=\"column-4\">76.057.039-7<\/td><td class=\"column-5\">NO CORRESPONDE<\/td><td class=\"column-6\">CONSERVACION SANTA ROSA<\/td><td class=\"column-7\">1\/8\/2024<\/td><td class=\"column-8\">5\/8\/2024<\/td><td class=\"column-9\"> $ 162,864,571 <\/td><td class=\"column-10\"><a href=\"https:\/\/corporacionlampa.cl\/transparencia\/wp-content\/uploads\/2024\/05\/4.-ENERO-2024-CIGA-OBRAS-CONSERVACION-ESC-SANTA-ROSA.pdf\" rel=\"noopener\" target=\"_blank\"><center><img loading=\"lazy\" decoding=\"async\" src=\"https:\/\/corporacionlampa.cl\/transparencia\/wp-content\/uploads\/2021\/04\/icopdf-150x150.png\" alt=\"\" width=\"60\" height=\"60\" class=\"aligncenter size-thumbnail wp-image-2731\" srcset=\"https:\/\/corporacionlampa.cl\/transparencia\/wp-content\/uploads\/2021\/04\/icopdf-150x150.png 150w, https:\/\/corporacionlampa.cl\/transparencia\/wp-content\/uploads\/2021\/04\/icopdf-250x250.png 250w, https:\/\/corporacionlampa.cl\/transparencia\/wp-content\/uploads\/2021\/04\/icopdf-174x174.png 174w, https:\/\/corporacionlampa.cl\/transparencia\/wp-content\/uploads\/2021\/04\/icopdf.png 256w\" sizes=\"auto, (max-width: 60px) 100vw, 60px\" \/><\/a><\/td>\n<\/tr>\n<tr class=\"row-6\">\n\t<td class=\"column-1\">5<\/td><td class=\"column-2\">ENERO<\/td><td class=\"column-3\">IMPROTRATAMIENTOS CHILE SPA<\/td><td class=\"column-4\">77708147-0<\/td><td class=\"column-5\">NO CORRESPONDE<\/td><td class=\"column-6\">MANT. CORRECTIVO PLANTA TRATAMIENTO NORMA GONZALEZ<\/td><td class=\"column-7\">1\/3\/2024<\/td><td class=\"column-8\">N\/A<\/td><td class=\"column-9\"> $ 5,063,357 <\/td><td class=\"column-10\"><a href=\"https:\/\/corporacionlampa.cl\/transparencia\/wp-content\/uploads\/2024\/05\/5.-ENERO-2024-IMPROTRATAMIENTO-CHILE-ANEXO.pdf\" rel=\"noopener\" target=\"_blank\"><center><img loading=\"lazy\" decoding=\"async\" src=\"https:\/\/corporacionlampa.cl\/transparencia\/wp-content\/uploads\/2021\/04\/icopdf-150x150.png\" alt=\"\" width=\"60\" height=\"60\" class=\"aligncenter size-thumbnail wp-image-2731\" srcset=\"https:\/\/corporacionlampa.cl\/transparencia\/wp-content\/uploads\/2021\/04\/icopdf-150x150.png 150w, https:\/\/corporacionlampa.cl\/transparencia\/wp-content\/uploads\/2021\/04\/icopdf-250x250.png 250w, https:\/\/corporacionlampa.cl\/transparencia\/wp-content\/uploads\/2021\/04\/icopdf-174x174.png 174w, https:\/\/corporacionlampa.cl\/transparencia\/wp-content\/uploads\/2021\/04\/icopdf.png 256w\" sizes=\"auto, (max-width: 60px) 100vw, 60px\" \/><\/a><\/td>\n<\/tr>\n<tr class=\"row-7\">\n\t<td class=\"column-1\">6<\/td><td class=\"column-2\">ENERO<\/td><td class=\"column-3\">MATFAU SPA<\/td><td class=\"column-4\">76982672-6<\/td><td class=\"column-5\">NO CORRESPONDE<\/td><td class=\"column-6\">ANEXO AUMENTO DE OBRA<\/td><td class=\"column-7\">1\/22\/2024<\/td><td class=\"column-8\">N\/A<\/td><td class=\"column-9\"> $ 15,294,535 <\/td><td class=\"column-10\"><a href=\"https:\/\/corporacionlampa.cl\/transparencia\/wp-content\/uploads\/2024\/05\/6.-ENERO-2024-MATFAU-ANEXO-AUMENTO-DE-OBRAS-MEJORAMIENTO-HABILITACION-JARDIN-AIRES-NUEVOS.pdf\" rel=\"noopener\" target=\"_blank\"><center><img loading=\"lazy\" decoding=\"async\" src=\"https:\/\/corporacionlampa.cl\/transparencia\/wp-content\/uploads\/2021\/04\/icopdf-150x150.png\" alt=\"\" width=\"60\" height=\"60\" class=\"aligncenter size-thumbnail wp-image-2731\" srcset=\"https:\/\/corporacionlampa.cl\/transparencia\/wp-content\/uploads\/2021\/04\/icopdf-150x150.png 150w, https:\/\/corporacionlampa.cl\/transparencia\/wp-content\/uploads\/2021\/04\/icopdf-250x250.png 250w, https:\/\/corporacionlampa.cl\/transparencia\/wp-content\/uploads\/2021\/04\/icopdf-174x174.png 174w, https:\/\/corporacionlampa.cl\/transparencia\/wp-content\/uploads\/2021\/04\/icopdf.png 256w\" sizes=\"auto, (max-width: 60px) 100vw, 60px\" \/><\/a><\/td>\n<\/tr>\n<tr class=\"row-8\">\n\t<td class=\"column-1\">7<\/td><td class=\"column-2\">ENERO<\/td><td class=\"column-3\">SOC. EX. DIG. PATRICIO ROMERO MORALES<\/td><td class=\"column-4\">77,776,120-K<\/td><td class=\"column-5\">NO CORRESPONDE<\/td><td class=\"column-6\">ANEXO PRORROGA<\/td><td class=\"column-7\">1\/1\/2024<\/td><td class=\"column-8\">4\/30\/2024<\/td><td class=\"column-9\">N\/A<\/td><td class=\"column-10\"><a href=\"https:\/\/corporacionlampa.cl\/transparencia\/wp-content\/uploads\/2024\/05\/7.-ENERO-2024-SOC-EXAMENES-DIGITALES-EXTENSION-CONTRATO-DE-PATRICIO-ROMERO-IMAGENES-DIAG-AT-PRIMARIA-SALUD.pdf\" rel=\"noopener\" target=\"_blank\"><center><img loading=\"lazy\" decoding=\"async\" src=\"https:\/\/corporacionlampa.cl\/transparencia\/wp-content\/uploads\/2021\/04\/icopdf-150x150.png\" alt=\"\" width=\"60\" height=\"60\" class=\"aligncenter size-thumbnail wp-image-2731\" srcset=\"https:\/\/corporacionlampa.cl\/transparencia\/wp-content\/uploads\/2021\/04\/icopdf-150x150.png 150w, https:\/\/corporacionlampa.cl\/transparencia\/wp-content\/uploads\/2021\/04\/icopdf-250x250.png 250w, https:\/\/corporacionlampa.cl\/transparencia\/wp-content\/uploads\/2021\/04\/icopdf-174x174.png 174w, https:\/\/corporacionlampa.cl\/transparencia\/wp-content\/uploads\/2021\/04\/icopdf.png 256w\" sizes=\"auto, (max-width: 60px) 100vw, 60px\" \/><\/a><\/td>\n<\/tr>\n<tr class=\"row-9\">\n\t<td class=\"column-1\">8<\/td><td class=\"column-2\">ENERO<\/td><td class=\"column-3\">SOC. INMOB LOS GATOS<\/td><td class=\"column-4\">96.944.450-K<\/td><td class=\"column-5\">NO CORRESPONDE<\/td><td class=\"column-6\">CONTRATO ARRENDAMIENTO<\/td><td class=\"column-7\">1\/17\/2024<\/td><td class=\"column-8\">2\/20\/2026<\/td><td class=\"column-9\"> $ 850,000 <\/td><td class=\"column-10\"><a href=\"https:\/\/corporacionlampa.cl\/transparencia\/wp-content\/uploads\/2024\/05\/8.-ENERO-2024-SOC-INMOBILIARIA-DE-INVERSIONES-LOS-GATOS-ARRIENDO-OFIC.pdf\" rel=\"noopener\" target=\"_blank\"><center><img loading=\"lazy\" decoding=\"async\" src=\"https:\/\/corporacionlampa.cl\/transparencia\/wp-content\/uploads\/2021\/04\/icopdf-150x150.png\" alt=\"\" width=\"60\" height=\"60\" class=\"aligncenter size-thumbnail wp-image-2731\" srcset=\"https:\/\/corporacionlampa.cl\/transparencia\/wp-content\/uploads\/2021\/04\/icopdf-150x150.png 150w, https:\/\/corporacionlampa.cl\/transparencia\/wp-content\/uploads\/2021\/04\/icopdf-250x250.png 250w, https:\/\/corporacionlampa.cl\/transparencia\/wp-content\/uploads\/2021\/04\/icopdf-174x174.png 174w, https:\/\/corporacionlampa.cl\/transparencia\/wp-content\/uploads\/2021\/04\/icopdf.png 256w\" sizes=\"auto, (max-width: 60px) 100vw, 60px\" \/><\/a><\/td>\n<\/tr>\n<tr class=\"row-10\">\n\t<td class=\"column-1\">9<\/td><td class=\"column-2\">FEBRERO<\/td><td class=\"column-3\">MATFAU SPA<\/td><td class=\"column-4\">76982672-6<\/td><td class=\"column-5\">NO CORRESPONDE<\/td><td class=\"column-6\">SALA MULTIUSO CESFAM BAUZA<\/td><td class=\"column-7\">2\/29\/2024<\/td><td class=\"column-8\">3\/29\/2024<\/td><td class=\"column-9\"> $ 52,646,326 <\/td><td class=\"column-10\"><a href=\"https:\/\/corporacionlampa.cl\/transparencia\/wp-content\/uploads\/2024\/05\/10.-INVERSIONES-GRUPO-9-SERVICIOS-VEHICULOS-DE-AMBULANCIA-FEBRERO-2024.pdf\" rel=\"noopener\" target=\"_blank\"><center><img loading=\"lazy\" decoding=\"async\" src=\"https:\/\/corporacionlampa.cl\/transparencia\/wp-content\/uploads\/2021\/04\/icopdf-150x150.png\" alt=\"\" width=\"60\" height=\"60\" class=\"aligncenter size-thumbnail wp-image-2731\" srcset=\"https:\/\/corporacionlampa.cl\/transparencia\/wp-content\/uploads\/2021\/04\/icopdf-150x150.png 150w, https:\/\/corporacionlampa.cl\/transparencia\/wp-content\/uploads\/2021\/04\/icopdf-250x250.png 250w, https:\/\/corporacionlampa.cl\/transparencia\/wp-content\/uploads\/2021\/04\/icopdf-174x174.png 174w, https:\/\/corporacionlampa.cl\/transparencia\/wp-content\/uploads\/2021\/04\/icopdf.png 256w\" sizes=\"auto, (max-width: 60px) 100vw, 60px\" \/><\/a><\/td>\n<\/tr>\n<tr class=\"row-11\">\n\t<td class=\"column-1\">10<\/td><td class=\"column-2\">FEBRERO<\/td><td class=\"column-3\">INV. GRUPO RESCATE 9<\/td><td class=\"column-4\">77821939-5<\/td><td class=\"column-5\">NO CORRESPONDE<\/td><td class=\"column-6\">SUMINISTRO SERVICIO AMBULANCIA<\/td><td class=\"column-7\">2\/8\/2024<\/td><td class=\"column-8\">12\/31\/2024<\/td><td class=\"column-9\">n\/a<\/td><td class=\"column-10\"><a href=\"https:\/\/corporacionlampa.cl\/transparencia\/wp-content\/uploads\/2024\/05\/10.-INVERSIONES-GRUPO-9-SERVICIOS-VEHICULOS-DE-AMBULANCIA-FEBRERO-2024.pdf\" rel=\"noopener\" target=\"_blank\"><center><img loading=\"lazy\" decoding=\"async\" src=\"https:\/\/corporacionlampa.cl\/transparencia\/wp-content\/uploads\/2021\/04\/icopdf-150x150.png\" alt=\"\" width=\"60\" height=\"60\" class=\"aligncenter size-thumbnail wp-image-2731\" srcset=\"https:\/\/corporacionlampa.cl\/transparencia\/wp-content\/uploads\/2021\/04\/icopdf-150x150.png 150w, https:\/\/corporacionlampa.cl\/transparencia\/wp-content\/uploads\/2021\/04\/icopdf-250x250.png 250w, https:\/\/corporacionlampa.cl\/transparencia\/wp-content\/uploads\/2021\/04\/icopdf-174x174.png 174w, https:\/\/corporacionlampa.cl\/transparencia\/wp-content\/uploads\/2021\/04\/icopdf.png 256w\" sizes=\"auto, (max-width: 60px) 100vw, 60px\" \/><\/a><\/td>\n<\/tr>\n<tr class=\"row-12\">\n\t<td class=\"column-1\">11<\/td><td class=\"column-2\">MARZO<\/td><td class=\"column-3\">FUNDACION AMULEN<\/td><td class=\"column-4\">65063457-8<\/td><td class=\"column-5\">NO CORRESPONDE<\/td><td class=\"column-6\">TTO. AGUAS GRISES<\/td><td class=\"column-7\">3\/15\/2024<\/td><td class=\"column-8\">N\/A<\/td><td class=\"column-9\"> $ - <\/td><td class=\"column-10\"><a href=\"https:\/\/corporacionlampa.cl\/transparencia\/wp-content\/uploads\/2024\/05\/11.-MARZO-2024-FUNDACION-AMULEN-CONVENIO-TRATAMIENTO-AGUAS-GRISES-LAVAMANOS.pdf\" rel=\"noopener\" target=\"_blank\"><center><img loading=\"lazy\" decoding=\"async\" src=\"https:\/\/corporacionlampa.cl\/transparencia\/wp-content\/uploads\/2021\/04\/icopdf-150x150.png\" alt=\"\" width=\"60\" height=\"60\" class=\"aligncenter size-thumbnail wp-image-2731\" srcset=\"https:\/\/corporacionlampa.cl\/transparencia\/wp-content\/uploads\/2021\/04\/icopdf-150x150.png 150w, https:\/\/corporacionlampa.cl\/transparencia\/wp-content\/uploads\/2021\/04\/icopdf-250x250.png 250w, https:\/\/corporacionlampa.cl\/transparencia\/wp-content\/uploads\/2021\/04\/icopdf-174x174.png 174w, https:\/\/corporacionlampa.cl\/transparencia\/wp-content\/uploads\/2021\/04\/icopdf.png 256w\" sizes=\"auto, (max-width: 60px) 100vw, 60px\" \/><\/a><\/td>\n<\/tr>\n<tr class=\"row-13\">\n\t<td class=\"column-1\">12<\/td><td class=\"column-2\">MARZO<\/td><td class=\"column-3\">FUND. CENTRO DES. INNOVACION EDUCACIONAL<\/td><td class=\"column-4\">65175431-3<\/td><td class=\"column-5\">NO CORRESPONDE<\/td><td class=\"column-6\">EXAMENES LIBRES 2024<\/td><td class=\"column-7\">3\/5\/2024<\/td><td class=\"column-8\">12\/31\/2024<\/td><td class=\"column-9\"> $ 30,000,000 <\/td><td class=\"column-10\"><a href=\"https:\/\/corporacionlampa.cl\/transparencia\/wp-content\/uploads\/2024\/05\/12.-MARZO-2024-FUNDACION-CENTRO-DE-DESARROLLO-E-INNOVACION-EDUCACIONAL-SERV-EXAMENES-LIBROS.pdf\" rel=\"noopener\" target=\"_blank\"><center><img loading=\"lazy\" decoding=\"async\" src=\"https:\/\/corporacionlampa.cl\/transparencia\/wp-content\/uploads\/2021\/04\/icopdf-150x150.png\" alt=\"\" width=\"60\" height=\"60\" class=\"aligncenter size-thumbnail wp-image-2731\" srcset=\"https:\/\/corporacionlampa.cl\/transparencia\/wp-content\/uploads\/2021\/04\/icopdf-150x150.png 150w, https:\/\/corporacionlampa.cl\/transparencia\/wp-content\/uploads\/2021\/04\/icopdf-250x250.png 250w, https:\/\/corporacionlampa.cl\/transparencia\/wp-content\/uploads\/2021\/04\/icopdf-174x174.png 174w, https:\/\/corporacionlampa.cl\/transparencia\/wp-content\/uploads\/2021\/04\/icopdf.png 256w\" sizes=\"auto, (max-width: 60px) 100vw, 60px\" \/><\/a><\/td>\n<\/tr>\n<tr class=\"row-14\">\n\t<td class=\"column-1\">13<\/td><td class=\"column-2\">MARZO<\/td><td class=\"column-3\">IVAN ALEXIS MU\u00d1OZ SEPULVEDA<\/td><td class=\"column-4\">16798010-4<\/td><td class=\"column-5\">NO CORRESPONDE<\/td><td class=\"column-6\">TRASLADOS SALUD<\/td><td class=\"column-7\">3\/1\/2024<\/td><td class=\"column-8\">5\/31\/2024<\/td><td class=\"column-9\"> $ 4,500,000 <\/td><td class=\"column-10\"><a href=\"https:\/\/corporacionlampa.cl\/transparencia\/wp-content\/uploads\/2024\/05\/13.-MARZO-2024-IVAN-MUNOZ-AUMENTO-TRASLADO-DIR-SALUD-ID-1216071-77-LQ22.pdf\" rel=\"noopener\" target=\"_blank\"><center><img loading=\"lazy\" decoding=\"async\" src=\"https:\/\/corporacionlampa.cl\/transparencia\/wp-content\/uploads\/2021\/04\/icopdf-150x150.png\" alt=\"\" width=\"60\" height=\"60\" class=\"aligncenter size-thumbnail wp-image-2731\" srcset=\"https:\/\/corporacionlampa.cl\/transparencia\/wp-content\/uploads\/2021\/04\/icopdf-150x150.png 150w, https:\/\/corporacionlampa.cl\/transparencia\/wp-content\/uploads\/2021\/04\/icopdf-250x250.png 250w, https:\/\/corporacionlampa.cl\/transparencia\/wp-content\/uploads\/2021\/04\/icopdf-174x174.png 174w, https:\/\/corporacionlampa.cl\/transparencia\/wp-content\/uploads\/2021\/04\/icopdf.png 256w\" sizes=\"auto, (max-width: 60px) 100vw, 60px\" \/><\/a><\/td>\n<\/tr>\n<tr class=\"row-15\">\n\t<td class=\"column-1\">14<\/td><td class=\"column-2\">MARZO<\/td><td class=\"column-3\">JOSE MIGUEL ROMERO GODOY<\/td><td class=\"column-4\">10451315-7<\/td><td class=\"column-5\">NO CORRESPONDE<\/td><td class=\"column-6\">TRASLADOS SALUD<\/td><td class=\"column-7\">3\/1\/2024<\/td><td class=\"column-8\">5\/31\/2024<\/td><td class=\"column-9\"> $ 4,800,000 <\/td><td class=\"column-10\"><a href=\"https:\/\/corporacionlampa.cl\/transparencia\/wp-content\/uploads\/2024\/05\/14.-MARZO-2024-JOSE-MIGUEL-ROMERO-AUMENTO-SERV-TRASLADOS-DIR-SALUD-2023-ID-1216071-77-LQ22.pdf\" rel=\"noopener\" target=\"_blank\"><center><img loading=\"lazy\" decoding=\"async\" src=\"https:\/\/corporacionlampa.cl\/transparencia\/wp-content\/uploads\/2021\/04\/icopdf-150x150.png\" alt=\"\" width=\"60\" height=\"60\" class=\"aligncenter size-thumbnail wp-image-2731\" srcset=\"https:\/\/corporacionlampa.cl\/transparencia\/wp-content\/uploads\/2021\/04\/icopdf-150x150.png 150w, https:\/\/corporacionlampa.cl\/transparencia\/wp-content\/uploads\/2021\/04\/icopdf-250x250.png 250w, https:\/\/corporacionlampa.cl\/transparencia\/wp-content\/uploads\/2021\/04\/icopdf-174x174.png 174w, https:\/\/corporacionlampa.cl\/transparencia\/wp-content\/uploads\/2021\/04\/icopdf.png 256w\" sizes=\"auto, (max-width: 60px) 100vw, 60px\" \/><\/a><\/td>\n<\/tr>\n<tr class=\"row-16\">\n\t<td class=\"column-1\">15<\/td><td class=\"column-2\">MARZO<\/td><td class=\"column-3\">LUIS VIVAR SMITH<\/td><td class=\"column-4\">9473683-8<\/td><td class=\"column-5\">NO CORRESPONDE<\/td><td class=\"column-6\">RASLADO ESCOLAR<\/td><td class=\"column-7\">3\/5\/2024<\/td><td class=\"column-8\">12\/31\/2024<\/td><td class=\"column-9\"> $ 188,000,000 <\/td><td class=\"column-10\"><a href=\"https:\/\/corporacionlampa.cl\/transparencia\/wp-content\/uploads\/2024\/05\/15.-MARZO-2024-LUIS-VIVAR-TRANSPORTE-ESCOLAR-SECTOR-LAMPA-6-LINEAS-ID-1271359-12-LQ24.pdf\" rel=\"noopener\" target=\"_blank\"><center><img loading=\"lazy\" decoding=\"async\" src=\"https:\/\/corporacionlampa.cl\/transparencia\/wp-content\/uploads\/2021\/04\/icopdf-150x150.png\" alt=\"\" width=\"60\" height=\"60\" class=\"aligncenter size-thumbnail wp-image-2731\" srcset=\"https:\/\/corporacionlampa.cl\/transparencia\/wp-content\/uploads\/2021\/04\/icopdf-150x150.png 150w, https:\/\/corporacionlampa.cl\/transparencia\/wp-content\/uploads\/2021\/04\/icopdf-250x250.png 250w, https:\/\/corporacionlampa.cl\/transparencia\/wp-content\/uploads\/2021\/04\/icopdf-174x174.png 174w, https:\/\/corporacionlampa.cl\/transparencia\/wp-content\/uploads\/2021\/04\/icopdf.png 256w\" sizes=\"auto, (max-width: 60px) 100vw, 60px\" \/><\/a><\/td>\n<\/tr>\n<tr class=\"row-17\">\n\t<td class=\"column-1\"><\/td><td class=\"column-2\"><\/td><td class=\"column-3\"><\/td><td class=\"column-4\"><\/td><td class=\"column-5\"><\/td><td class=\"column-6\"><\/td><td class=\"column-7\"><\/td><td class=\"column-8\"><\/td><td class=\"column-9\"><\/td><td class=\"column-10\"><\/td>\n<\/tr>\n<\/tbody>\n<\/table>\n<!-- #tablepress-167 from cache -->\n<\/div><\/details>\n<\/div>\n\n\n\n<div id=\"wp-block-themeisle-blocks-accordion-6ae1e362\" class=\"wp-block-themeisle-blocks-accordion\">\n<details class=\"wp-block-themeisle-blocks-accordion-item\"><summary class=\"wp-block-themeisle-blocks-accordion-item__title\"><div>2022<\/div><\/summary><div class=\"wp-block-themeisle-blocks-accordion-item__content\">\n\n<table id=\"tablepress-101\" class=\"tablepress tablepress-id-101\">\n<thead>\n<tr class=\"row-1\">\n\t<th class=\"column-1\">Numero<\/th><th class=\"column-2\">Mes<\/th><th class=\"column-3\">Nombre completo o raz\u00f3n social de la persona contratada<\/th><th class=\"column-4\">RUT de la persona contratada (S\u00d3LO PERSONAS JUR\u00cdDICAS)<\/th><th class=\"column-5\">Socios y accionistas principales (si corresponde)<\/th><th class=\"column-6\">Objeto de la contrataci\u00f3n o adquisici\u00f3n<\/th><th class=\"column-7\">Fecha de inicio del contrato (dd\/mm\/aa)<\/th><th class=\"column-8\">Fecha de t\u00e9rmino del contrato (dd\/mm\/aa)<\/th><th class=\"column-9\">Monto total de la operaci\u00f3n<\/th><th class=\"column-10\">Enlace al texto \u00edntegro del contrato<\/th>\n<\/tr>\n<\/thead>\n<tbody class=\"row-striping row-hover\">\n<tr class=\"row-2\">\n\t<td class=\"column-1\"><center>1<\/td><td class=\"column-2\"><center>Febrero<\/td><td class=\"column-3\"><center>Cristian Andres Silva<\/td><td class=\"column-4\"><\/td><td class=\"column-5\">No Corresponde<\/td><td class=\"column-6\">Entrevistas Psicolaborales (Direccion Comunal de Educacion)<\/td><td class=\"column-7\"><center>01-01-2022<\/td><td class=\"column-8\"><center>31-01-2022<\/td><td class=\"column-9\"><center>$ 155.400<\/td><td class=\"column-10\"><a href=\"https:\/\/corporacionlampa.cl\/transparencia\/wp-content\/uploads\/2022\/04\/CONTRATO-HONORARIOS-CRISTIAN-SILVA-EDUCACION.pdf\" rel=\"noopener\" target=\"_blank\"><center><img loading=\"lazy\" decoding=\"async\" src=\"https:\/\/corporacionlampa.cl\/transparencia\/wp-content\/uploads\/2021\/04\/icopdf-150x150.png\" alt=\"\" width=\"60\" height=\"60\" class=\"aligncenter size-thumbnail wp-image-2731\" srcset=\"https:\/\/corporacionlampa.cl\/transparencia\/wp-content\/uploads\/2021\/04\/icopdf-150x150.png 150w, https:\/\/corporacionlampa.cl\/transparencia\/wp-content\/uploads\/2021\/04\/icopdf-250x250.png 250w, https:\/\/corporacionlampa.cl\/transparencia\/wp-content\/uploads\/2021\/04\/icopdf-174x174.png 174w, https:\/\/corporacionlampa.cl\/transparencia\/wp-content\/uploads\/2021\/04\/icopdf.png 256w\" sizes=\"auto, (max-width: 60px) 100vw, 60px\" \/><\/a><\/td>\n<\/tr>\n<tr class=\"row-3\">\n\t<td class=\"column-1\"><center>2<\/td><td class=\"column-2\"><center>Febrero<\/td><td class=\"column-3\"><center>Matfau spa<\/td><td class=\"column-4\"><\/td><td class=\"column-5\">No Corresponde<\/td><td class=\"column-6\">Mantencion de Establecimientos Educacionales 2022<\/td><td class=\"column-7\"><center>15-02-2022<\/td><td class=\"column-8\"><center>25-02-2022<\/td><td class=\"column-9\"><center> $ 58.727.529<\/td><td class=\"column-10\"><a href=\"https:\/\/corporacionlampa.cl\/transparencia\/wp-content\/uploads\/2022\/04\/matfau.pdf\" rel=\"noopener\" target=\"_blank\"><img loading=\"lazy\" decoding=\"async\" src=\"https:\/\/corporacionlampa.cl\/transparencia\/wp-content\/uploads\/2021\/04\/icopdf-150x150.png\" alt=\"\" width=\"60\" height=\"60\" class=\"aligncenter size-thumbnail wp-image-2731\" srcset=\"https:\/\/corporacionlampa.cl\/transparencia\/wp-content\/uploads\/2021\/04\/icopdf-150x150.png 150w, https:\/\/corporacionlampa.cl\/transparencia\/wp-content\/uploads\/2021\/04\/icopdf-250x250.png 250w, https:\/\/corporacionlampa.cl\/transparencia\/wp-content\/uploads\/2021\/04\/icopdf-174x174.png 174w, https:\/\/corporacionlampa.cl\/transparencia\/wp-content\/uploads\/2021\/04\/icopdf.png 256w\" sizes=\"auto, (max-width: 60px) 100vw, 60px\" \/><\/a><\/td>\n<\/tr>\n<tr class=\"row-4\">\n\t<td class=\"column-1\"><center>3<\/td><td class=\"column-2\"><center>Febrero<\/td><td class=\"column-3\"><center>Matfau spa<\/td><td class=\"column-4\"><\/td><td class=\"column-5\">No Corresponde<\/td><td class=\"column-6\">Modificacion de contrato de mantencion de establecimientos educacionales 2022<\/td><td class=\"column-7\"><center>21-02-2022<\/td><td class=\"column-8\"><center>25-02-2022<\/td><td class=\"column-9\"><center> $ 58.727.529<\/td><td class=\"column-10\"><a href=\"https:\/\/corporacionlampa.cl\/transparencia\/wp-content\/uploads\/2022\/05\/CONTRATO-CONSTRUCTORA-MATFAU-21-02-2022-MODIFICACION-ESTABLECIMIENTOS-INCLUYE-PEDRO-JESUS-RODRIGUEZ.pdf\" rel=\"noopener\" target=\"_blank\"><img loading=\"lazy\" decoding=\"async\" src=\"https:\/\/corporacionlampa.cl\/transparencia\/wp-content\/uploads\/2021\/04\/icopdf-150x150.png\" alt=\"\" width=\"60\" height=\"60\" class=\"aligncenter size-thumbnail wp-image-2731\" srcset=\"https:\/\/corporacionlampa.cl\/transparencia\/wp-content\/uploads\/2021\/04\/icopdf-150x150.png 150w, https:\/\/corporacionlampa.cl\/transparencia\/wp-content\/uploads\/2021\/04\/icopdf-250x250.png 250w, https:\/\/corporacionlampa.cl\/transparencia\/wp-content\/uploads\/2021\/04\/icopdf-174x174.png 174w, https:\/\/corporacionlampa.cl\/transparencia\/wp-content\/uploads\/2021\/04\/icopdf.png 256w\" sizes=\"auto, (max-width: 60px) 100vw, 60px\" \/><\/a><\/td>\n<\/tr>\n<tr class=\"row-5\">\n\t<td class=\"column-1\"><center>4<\/td><td class=\"column-2\"><center>Marzo<\/td><td class=\"column-3\"><center>Rodrigo Medina Brevis <\/td><td class=\"column-4\"><\/td><td class=\"column-5\">No Corresponde<\/td><td class=\"column-6\">Entrevistas Psicolaborales postulantes concurso publico de directores (direccion comunal de educacion)<\/td><td class=\"column-7\"><center>01-03-2022<\/td><td class=\"column-8\"><center>31-03-2022<\/td><td class=\"column-9\"><center>$ 170.000<\/td><td class=\"column-10\"><a href=\"https:\/\/corporacionlampa.cl\/transparencia\/wp-content\/uploads\/2022\/04\/CONTRATO-HONORARIOS-RODRIGO-MEDINA-EDUCACION.pdf\" rel=\"noopener\" target=\"_blank\"><center><img loading=\"lazy\" decoding=\"async\" src=\"https:\/\/corporacionlampa.cl\/transparencia\/wp-content\/uploads\/2021\/04\/icopdf-150x150.png\" alt=\"\" width=\"60\" height=\"60\" class=\"aligncenter size-thumbnail wp-image-2731\" srcset=\"https:\/\/corporacionlampa.cl\/transparencia\/wp-content\/uploads\/2021\/04\/icopdf-150x150.png 150w, https:\/\/corporacionlampa.cl\/transparencia\/wp-content\/uploads\/2021\/04\/icopdf-250x250.png 250w, https:\/\/corporacionlampa.cl\/transparencia\/wp-content\/uploads\/2021\/04\/icopdf-174x174.png 174w, https:\/\/corporacionlampa.cl\/transparencia\/wp-content\/uploads\/2021\/04\/icopdf.png 256w\" sizes=\"auto, (max-width: 60px) 100vw, 60px\" \/><\/a><\/td>\n<\/tr>\n<tr class=\"row-6\">\n\t<td class=\"column-1\"><center>5<\/td><td class=\"column-2\"><center>Marzo<\/td><td class=\"column-3\"><center>Luis Vivar Smith<\/td><td class=\"column-4\"><\/td><td class=\"column-5\">No Corresponde<\/td><td class=\"column-6\">Traslado de Pasajeros<\/td><td class=\"column-7\"><center>04-03-2022<\/td><td class=\"column-8\"><center>31-12-2022<\/td><td class=\"column-9\"><center>$ 126.000<\/td><td class=\"column-10\"><a href=\"https:\/\/corporacionlampa.cl\/transparencia\/wp-content\/uploads\/2022\/04\/luis-vivar.pdf\" rel=\"noopener\" target=\"_blank\"><img loading=\"lazy\" decoding=\"async\" src=\"https:\/\/corporacionlampa.cl\/transparencia\/wp-content\/uploads\/2021\/04\/icopdf-150x150.png\" alt=\"\" width=\"60\" height=\"60\" class=\"aligncenter size-thumbnail wp-image-2731\" srcset=\"https:\/\/corporacionlampa.cl\/transparencia\/wp-content\/uploads\/2021\/04\/icopdf-150x150.png 150w, https:\/\/corporacionlampa.cl\/transparencia\/wp-content\/uploads\/2021\/04\/icopdf-250x250.png 250w, https:\/\/corporacionlampa.cl\/transparencia\/wp-content\/uploads\/2021\/04\/icopdf-174x174.png 174w, https:\/\/corporacionlampa.cl\/transparencia\/wp-content\/uploads\/2021\/04\/icopdf.png 256w\" sizes=\"auto, (max-width: 60px) 100vw, 60px\" \/><\/a><\/td>\n<\/tr>\n<tr class=\"row-7\">\n\t<td class=\"column-1\"><center>6<\/td><td class=\"column-2\"><center>Marzo<\/td><td class=\"column-3\"><center>Turismo Santiago Vip Spa<\/td><td class=\"column-4\"><\/td><td class=\"column-5\">Maria Aguayo Silva<\/td><td class=\"column-6\">Traslado de Pasajeros<\/td><td class=\"column-7\"><center>04-03-2022<\/td><td class=\"column-8\"><center>31-12-2022<\/td><td class=\"column-9\"><center>$ 126.000<\/td><td class=\"column-10\"><a href=\"https:\/\/corporacionlampa.cl\/transparencia\/wp-content\/uploads\/2022\/04\/turismo-santiago.pdf\" rel=\"noopener\" target=\"_blank\"><img loading=\"lazy\" decoding=\"async\" src=\"https:\/\/corporacionlampa.cl\/transparencia\/wp-content\/uploads\/2021\/04\/icopdf-150x150.png\" alt=\"\" width=\"60\" height=\"60\" class=\"aligncenter size-thumbnail wp-image-2731\" srcset=\"https:\/\/corporacionlampa.cl\/transparencia\/wp-content\/uploads\/2021\/04\/icopdf-150x150.png 150w, https:\/\/corporacionlampa.cl\/transparencia\/wp-content\/uploads\/2021\/04\/icopdf-250x250.png 250w, https:\/\/corporacionlampa.cl\/transparencia\/wp-content\/uploads\/2021\/04\/icopdf-174x174.png 174w, https:\/\/corporacionlampa.cl\/transparencia\/wp-content\/uploads\/2021\/04\/icopdf.png 256w\" sizes=\"auto, (max-width: 60px) 100vw, 60px\" \/><\/a><\/td>\n<\/tr>\n<tr class=\"row-8\">\n\t<td class=\"column-1\"><center>7<\/td><td class=\"column-2\"><center>Marzo<\/td><td class=\"column-3\"><center>Cristian Andr\u00e9s Silva<\/td><td class=\"column-4\"><\/td><td class=\"column-5\">No Corresponde<\/td><td class=\"column-6\">Realizar entrevistas psicolaborales<\/td><td class=\"column-7\"><center>01-03-2022<\/td><td class=\"column-8\"><center>31-03-2022<\/td><td class=\"column-9\"><center>$ 843.785<\/td><td class=\"column-10\"><center><a href=\"https:\/\/corporacionlampa.cl\/transparencia\/wp-content\/uploads\/2022\/07\/CONTRATO-HONORARIOS-CRISTIAN-SILVA-BOLETA-MAYO.pdf\" rel=\"noopener\" target=\"_blank\"><img loading=\"lazy\" decoding=\"async\" src=\"https:\/\/corporacionlampa.cl\/transparencia\/wp-content\/uploads\/2021\/04\/icopdf-150x150.png\" alt=\"\" width=\"60\" height=\"60\" class=\"aligncenter size-thumbnail wp-image-2731\" srcset=\"https:\/\/corporacionlampa.cl\/transparencia\/wp-content\/uploads\/2021\/04\/icopdf-150x150.png 150w, https:\/\/corporacionlampa.cl\/transparencia\/wp-content\/uploads\/2021\/04\/icopdf-250x250.png 250w, https:\/\/corporacionlampa.cl\/transparencia\/wp-content\/uploads\/2021\/04\/icopdf-174x174.png 174w, https:\/\/corporacionlampa.cl\/transparencia\/wp-content\/uploads\/2021\/04\/icopdf.png 256w\" sizes=\"auto, (max-width: 60px) 100vw, 60px\" \/><\/a><\/td>\n<\/tr>\n<tr class=\"row-9\">\n\t<td class=\"column-1\"><center>8<\/td><td class=\"column-2\"><center>Marzo<\/td><td class=\"column-3\"><center>Matfau spa<\/td><td class=\"column-4\"><\/td><td class=\"column-5\">No Corresponde<\/td><td class=\"column-6\">Obras de Construcci\u00f3n y Habilitaci\u00f3n de salas de Clases <\/td><td class=\"column-7\"><center>31-03-2022<\/td><td class=\"column-8\"><center>13-03-2022<\/td><td class=\"column-9\"><center>$ 59.032.654<\/td><td class=\"column-10\"><a href=\"https:\/\/corporacionlampa.cl\/transparencia\/wp-content\/uploads\/2022\/05\/CONTRATO-MATFAU.pdf\" rel=\"noopener\" target=\"_blank\"><img loading=\"lazy\" decoding=\"async\" src=\"https:\/\/corporacionlampa.cl\/transparencia\/wp-content\/uploads\/2021\/04\/icopdf-150x150.png\" alt=\"\" width=\"60\" height=\"60\" class=\"aligncenter size-thumbnail wp-image-2731\" srcset=\"https:\/\/corporacionlampa.cl\/transparencia\/wp-content\/uploads\/2021\/04\/icopdf-150x150.png 150w, https:\/\/corporacionlampa.cl\/transparencia\/wp-content\/uploads\/2021\/04\/icopdf-250x250.png 250w, https:\/\/corporacionlampa.cl\/transparencia\/wp-content\/uploads\/2021\/04\/icopdf-174x174.png 174w, https:\/\/corporacionlampa.cl\/transparencia\/wp-content\/uploads\/2021\/04\/icopdf.png 256w\" sizes=\"auto, (max-width: 60px) 100vw, 60px\" \/><\/a><\/td>\n<\/tr>\n<tr class=\"row-10\">\n\t<td class=\"column-1\"><center>9<\/td><td class=\"column-2\"><center>Abril<\/td><td class=\"column-3\"><center>Matfau spa<\/td><td class=\"column-4\"><\/td><td class=\"column-5\">No Corresponde<\/td><td class=\"column-6\">Obras de Construcci\u00f3n y Habilitaci\u00f3n de Comedor<\/td><td class=\"column-7\"><center>27-04-2022<\/td><td class=\"column-8\"><center>15-06-2022<\/td><td class=\"column-9\"><center>$ 24.894.800<\/td><td class=\"column-10\"><a href=\"https:\/\/corporacionlampa.cl\/transparencia\/wp-content\/uploads\/2022\/05\/CONTRATO-CONSTRUCTORA-MATFAU-27-04-2022-ESC-LIPANGUE.pdf\" rel=\"noopener\" target=\"_blank\"><img loading=\"lazy\" decoding=\"async\" src=\"https:\/\/corporacionlampa.cl\/transparencia\/wp-content\/uploads\/2021\/04\/icopdf-150x150.png\" alt=\"\" width=\"60\" height=\"60\" class=\"aligncenter size-thumbnail wp-image-2731\" srcset=\"https:\/\/corporacionlampa.cl\/transparencia\/wp-content\/uploads\/2021\/04\/icopdf-150x150.png 150w, https:\/\/corporacionlampa.cl\/transparencia\/wp-content\/uploads\/2021\/04\/icopdf-250x250.png 250w, https:\/\/corporacionlampa.cl\/transparencia\/wp-content\/uploads\/2021\/04\/icopdf-174x174.png 174w, https:\/\/corporacionlampa.cl\/transparencia\/wp-content\/uploads\/2021\/04\/icopdf.png 256w\" sizes=\"auto, (max-width: 60px) 100vw, 60px\" \/><\/a><\/td>\n<\/tr>\n<tr class=\"row-11\">\n\t<td class=\"column-1\"><center>10<br \/>\n<\/td><td class=\"column-2\"><center>Junio<\/td><td class=\"column-3\"><center>Marcelo Soto Reyes<\/td><td class=\"column-4\"><\/td><td class=\"column-5\">No Corresponde<\/td><td class=\"column-6\">Monitor Taller de Musica, Liceo Bicentenario Batuco<\/td><td class=\"column-7\"><center>01-06-2022<\/td><td class=\"column-8\"><center>31-12-2022<\/td><td class=\"column-9\"><center>$ 284.900<\/td><td class=\"column-10\"><a href=\"https:\/\/corporacionlampa.cl\/transparencia\/wp-content\/uploads\/2022\/08\/Contrato-Marcelo-Soto-06-22-al-12-22.pdf\" rel=\"noopener\" target=\"_blank\"><center><img loading=\"lazy\" decoding=\"async\" src=\"https:\/\/corporacionlampa.cl\/transparencia\/wp-content\/uploads\/2021\/04\/icopdf-150x150.png\" alt=\"\" width=\"60\" height=\"60\" class=\"aligncenter size-thumbnail wp-image-2731\" srcset=\"https:\/\/corporacionlampa.cl\/transparencia\/wp-content\/uploads\/2021\/04\/icopdf-150x150.png 150w, https:\/\/corporacionlampa.cl\/transparencia\/wp-content\/uploads\/2021\/04\/icopdf-250x250.png 250w, https:\/\/corporacionlampa.cl\/transparencia\/wp-content\/uploads\/2021\/04\/icopdf-174x174.png 174w, https:\/\/corporacionlampa.cl\/transparencia\/wp-content\/uploads\/2021\/04\/icopdf.png 256w\" sizes=\"auto, (max-width: 60px) 100vw, 60px\" \/><\/a><\/td>\n<\/tr>\n<tr class=\"row-12\">\n\t<td class=\"column-1\"><center>11<br \/>\n<\/td><td class=\"column-2\"><center>Junio<\/td><td class=\"column-3\"><center>Sebastian Jeldrez Perez<\/td><td class=\"column-4\"><\/td><td class=\"column-5\">No Corresponde<\/td><td class=\"column-6\">Monitor Taller de Baile y\/o Recreo Entretenido Liceo Bicentenario Batuco<\/td><td class=\"column-7\"><center>01-06-2022<\/td><td class=\"column-8\"><center>31-12-2022<\/td><td class=\"column-9\"><center>$ 227.920<\/td><td class=\"column-10\"><a href=\"https:\/\/corporacionlampa.cl\/transparencia\/wp-content\/uploads\/2022\/08\/Contrato-Sebastian-Jelvez-06-22-al-12-22.pdf\" rel=\"noopener\" target=\"_blank\"><center><img loading=\"lazy\" decoding=\"async\" src=\"https:\/\/corporacionlampa.cl\/transparencia\/wp-content\/uploads\/2021\/04\/icopdf-150x150.png\" alt=\"\" width=\"60\" height=\"60\" class=\"aligncenter size-thumbnail wp-image-2731\" srcset=\"https:\/\/corporacionlampa.cl\/transparencia\/wp-content\/uploads\/2021\/04\/icopdf-150x150.png 150w, https:\/\/corporacionlampa.cl\/transparencia\/wp-content\/uploads\/2021\/04\/icopdf-250x250.png 250w, https:\/\/corporacionlampa.cl\/transparencia\/wp-content\/uploads\/2021\/04\/icopdf-174x174.png 174w, https:\/\/corporacionlampa.cl\/transparencia\/wp-content\/uploads\/2021\/04\/icopdf.png 256w\" sizes=\"auto, (max-width: 60px) 100vw, 60px\" \/><\/a><\/td>\n<\/tr>\n<tr class=\"row-13\">\n\t<td class=\"column-1\"><center>12<\/td><td class=\"column-2\"><center>Agosto<\/td><td class=\"column-3\"><center>Comercial Inversiones y Soluciones audiologicas ltda.<\/td><td class=\"column-4\"><\/td><td class=\"column-5\">No Corresponde<\/td><td class=\"column-6\">Programa resolutividad en atencion primaria a\u00f1o 2022<\/td><td class=\"column-7\"><center>01-08-2022<\/td><td class=\"column-8\"><center>31-12-2022<\/td><td class=\"column-9\"><center>$ 21.800.296<br \/>\n<\/td><td class=\"column-10\"><a href=\"https:\/\/corporacionlampa.cl\/transparencia\/wp-content\/uploads\/2022\/10\/CONTRATO-COMERCIAL-E-INVERSIONES-SOLUCIONES-AUDIOLOGICAS-LTDA-01-08-2022.pdf\" rel=\"noopener\" target=\"_blank\"><center><img loading=\"lazy\" decoding=\"async\" src=\"https:\/\/corporacionlampa.cl\/transparencia\/wp-content\/uploads\/2021\/04\/icopdf-150x150.png\" alt=\"\" width=\"60\" height=\"60\" class=\"aligncenter size-thumbnail wp-image-2731\" srcset=\"https:\/\/corporacionlampa.cl\/transparencia\/wp-content\/uploads\/2021\/04\/icopdf-150x150.png 150w, https:\/\/corporacionlampa.cl\/transparencia\/wp-content\/uploads\/2021\/04\/icopdf-250x250.png 250w, https:\/\/corporacionlampa.cl\/transparencia\/wp-content\/uploads\/2021\/04\/icopdf-174x174.png 174w, https:\/\/corporacionlampa.cl\/transparencia\/wp-content\/uploads\/2021\/04\/icopdf.png 256w\" sizes=\"auto, (max-width: 60px) 100vw, 60px\" \/><\/a><\/td>\n<\/tr>\n<tr class=\"row-14\">\n\t<td class=\"column-1\"><center>13<\/td><td class=\"column-2\"><center>Julio<\/td><td class=\"column-3\"><center>Matfau spa<\/td><td class=\"column-4\"><\/td><td class=\"column-5\">No Corresponde<\/td><td class=\"column-6\">Mantenimiento de infraestructura de Cecosf Sol de Septiembre<\/td><td class=\"column-7\"><center>18-07-2022<\/td><td class=\"column-8\">NA<\/td><td class=\"column-9\"><center>17.460.000<\/td><td class=\"column-10\"><a href=\"https:\/\/corporacionlampa.cl\/transparencia\/wp-content\/uploads\/2022\/10\/CONTRATO-CONSTRUCTORA-MATFAU-DEL-18-07-2022-MANTENIMIENTO-CECOF-SOL.pdf\" rel=\"noopener\" target=\"_blank\"><center><img loading=\"lazy\" decoding=\"async\" src=\"https:\/\/corporacionlampa.cl\/transparencia\/wp-content\/uploads\/2021\/04\/icopdf-150x150.png\" alt=\"\" width=\"60\" height=\"60\" class=\"aligncenter size-thumbnail wp-image-2731\" srcset=\"https:\/\/corporacionlampa.cl\/transparencia\/wp-content\/uploads\/2021\/04\/icopdf-150x150.png 150w, https:\/\/corporacionlampa.cl\/transparencia\/wp-content\/uploads\/2021\/04\/icopdf-250x250.png 250w, https:\/\/corporacionlampa.cl\/transparencia\/wp-content\/uploads\/2021\/04\/icopdf-174x174.png 174w, https:\/\/corporacionlampa.cl\/transparencia\/wp-content\/uploads\/2021\/04\/icopdf.png 256w\" sizes=\"auto, (max-width: 60px) 100vw, 60px\" \/><\/a><\/td>\n<\/tr>\n<tr class=\"row-15\">\n\t<td class=\"column-1\"><center>14<\/td><td class=\"column-2\"><center>Julio<\/td><td class=\"column-3\"><center>Matfau spa<\/td><td class=\"column-4\"><\/td><td class=\"column-5\">No Corresponde<\/td><td class=\"column-6\">Mantenimiento de infraestructura de Cesfam Batuco<\/td><td class=\"column-7\"><center>25-07-2022<\/td><td class=\"column-8\">NA<\/td><td class=\"column-9\"><center>17.766.000<\/td><td class=\"column-10\"><a href=\"https:\/\/corporacionlampa.cl\/transparencia\/wp-content\/uploads\/2022\/10\/CONTRATO-CONSTRUCTORA-MATFAU-25-07-2022-CESFAM-BATUCO.pdf\" rel=\"noopener\" target=\"_blank\"><center><img loading=\"lazy\" decoding=\"async\" src=\"https:\/\/corporacionlampa.cl\/transparencia\/wp-content\/uploads\/2021\/04\/icopdf-150x150.png\" alt=\"\" width=\"60\" height=\"60\" class=\"aligncenter size-thumbnail wp-image-2731\" srcset=\"https:\/\/corporacionlampa.cl\/transparencia\/wp-content\/uploads\/2021\/04\/icopdf-150x150.png 150w, https:\/\/corporacionlampa.cl\/transparencia\/wp-content\/uploads\/2021\/04\/icopdf-250x250.png 250w, https:\/\/corporacionlampa.cl\/transparencia\/wp-content\/uploads\/2021\/04\/icopdf-174x174.png 174w, https:\/\/corporacionlampa.cl\/transparencia\/wp-content\/uploads\/2021\/04\/icopdf.png 256w\" sizes=\"auto, (max-width: 60px) 100vw, 60px\" \/><\/a><\/td>\n<\/tr>\n<tr class=\"row-16\">\n\t<td class=\"column-1\"><center>15<\/td><td class=\"column-2\"><center>Julio<\/td><td class=\"column-3\"><center>Fernando Ulises Belmar Urrea<\/td><td class=\"column-4\"><\/td><td class=\"column-5\">No Corresponde<\/td><td class=\"column-6\">traslado de pacientes, personal medico y trasporte de insumos<\/td><td class=\"column-7\"><center>01-07-2022<\/td><td class=\"column-8\"><center>31-12-2022<\/td><td class=\"column-9\"><center>$ 1.300.000<\/td><td class=\"column-10\"><a href=\"https:\/\/corporacionlampa.cl\/transparencia\/wp-content\/uploads\/2022\/10\/CONTRATO-FERNANDO-BELMAR-TRANSPORTE-Y-TRASLADO-SALUD-DEL-01-07-2022.pdf\" rel=\"noopener\" target=\"_blank\"><center><img loading=\"lazy\" decoding=\"async\" src=\"https:\/\/corporacionlampa.cl\/transparencia\/wp-content\/uploads\/2021\/04\/icopdf-150x150.png\" alt=\"\" width=\"60\" height=\"60\" class=\"aligncenter size-thumbnail wp-image-2731\" srcset=\"https:\/\/corporacionlampa.cl\/transparencia\/wp-content\/uploads\/2021\/04\/icopdf-150x150.png 150w, https:\/\/corporacionlampa.cl\/transparencia\/wp-content\/uploads\/2021\/04\/icopdf-250x250.png 250w, https:\/\/corporacionlampa.cl\/transparencia\/wp-content\/uploads\/2021\/04\/icopdf-174x174.png 174w, https:\/\/corporacionlampa.cl\/transparencia\/wp-content\/uploads\/2021\/04\/icopdf.png 256w\" sizes=\"auto, (max-width: 60px) 100vw, 60px\" \/><\/a><\/td>\n<\/tr>\n<tr class=\"row-17\">\n\t<td class=\"column-1\"><center>16<\/td><td class=\"column-2\"><center>Julio<\/td><td class=\"column-3\"><center>Matfau spa<\/td><td class=\"column-4\"><\/td><td class=\"column-5\">No Corresponde<\/td><td class=\"column-6\">Mantenimiento de infraestructura de Cecosf Sol de Septiembre<\/td><td class=\"column-7\"><center>18-07-2022<\/td><td class=\"column-8\">NA<\/td><td class=\"column-9\"><center>$ 17.460.000<\/td><td class=\"column-10\"><a href=\"https:\/\/corporacionlampa.cl\/transparencia\/wp-content\/uploads\/2022\/10\/CONTRATO-MATFAU-18-07-2022-MANTENIMIENTO-INFRAESTRUCTURA-CECOSF-SOL-DE-SEP.pdf\" rel=\"noopener\" target=\"_blank\"><center><img loading=\"lazy\" decoding=\"async\" src=\"https:\/\/corporacionlampa.cl\/transparencia\/wp-content\/uploads\/2021\/04\/icopdf-150x150.png\" alt=\"\" width=\"60\" height=\"60\" class=\"aligncenter size-thumbnail wp-image-2731\" srcset=\"https:\/\/corporacionlampa.cl\/transparencia\/wp-content\/uploads\/2021\/04\/icopdf-150x150.png 150w, https:\/\/corporacionlampa.cl\/transparencia\/wp-content\/uploads\/2021\/04\/icopdf-250x250.png 250w, https:\/\/corporacionlampa.cl\/transparencia\/wp-content\/uploads\/2021\/04\/icopdf-174x174.png 174w, https:\/\/corporacionlampa.cl\/transparencia\/wp-content\/uploads\/2021\/04\/icopdf.png 256w\" sizes=\"auto, (max-width: 60px) 100vw, 60px\" \/><\/a><\/td>\n<\/tr>\n<tr class=\"row-18\">\n\t<td class=\"column-1\"><center>17<\/td><td class=\"column-2\"><center>Julio<\/td><td class=\"column-3\"><center>Robert Coronado Huarancca<\/td><td class=\"column-4\"><\/td><td class=\"column-5\">No Corresponde<\/td><td class=\"column-6\">Traslado de Personal<\/td><td class=\"column-7\"><center>01-07-2022<\/td><td class=\"column-8\"><center>31-12-2022<\/td><td class=\"column-9\"><center>$1.300.000<\/td><td class=\"column-10\"><a href=\"https:\/\/corporacionlampa.cl\/transparencia\/wp-content\/uploads\/2022\/10\/CONTRATO-ROBERT-CORONADO-TRASLADO-PERSONAL-MEDICO-DEL-01-07-2022.pdf\" rel=\"noopener\" target=\"_blank\"><center><img loading=\"lazy\" decoding=\"async\" src=\"https:\/\/corporacionlampa.cl\/transparencia\/wp-content\/uploads\/2021\/04\/icopdf-150x150.png\" alt=\"\" width=\"60\" height=\"60\" class=\"aligncenter size-thumbnail wp-image-2731\" srcset=\"https:\/\/corporacionlampa.cl\/transparencia\/wp-content\/uploads\/2021\/04\/icopdf-150x150.png 150w, https:\/\/corporacionlampa.cl\/transparencia\/wp-content\/uploads\/2021\/04\/icopdf-250x250.png 250w, https:\/\/corporacionlampa.cl\/transparencia\/wp-content\/uploads\/2021\/04\/icopdf-174x174.png 174w, https:\/\/corporacionlampa.cl\/transparencia\/wp-content\/uploads\/2021\/04\/icopdf.png 256w\" sizes=\"auto, (max-width: 60px) 100vw, 60px\" \/><\/a><\/td>\n<\/tr>\n<tr class=\"row-19\">\n\t<td class=\"column-1\"><center>18<\/td><td class=\"column-2\"><center>Septiembre<\/td><td class=\"column-3\"><center>Suris Ingenieria Electrica<\/td><td class=\"column-4\"><\/td><td class=\"column-5\">No Corresponde<\/td><td class=\"column-6\">Obras de instalacion el\u00e9ctrica Cesfam Batuco<\/td><td class=\"column-7\"><center>13-09-2022<\/td><td class=\"column-8\"><center>12-12-2022<\/td><td class=\"column-9\"><center>$ 30.274.527<\/td><td class=\"column-10\"><a href=\"https:\/\/corporacionlampa.cl\/transparencia\/wp-content\/uploads\/2022\/10\/CONTRATO-SURIS-INSTALACION-ELECTRICA-CESFAM-BATUCO-13-09-2022.pdf\" rel=\"noopener\" target=\"_blank\"><center><img loading=\"lazy\" decoding=\"async\" src=\"https:\/\/corporacionlampa.cl\/transparencia\/wp-content\/uploads\/2021\/04\/icopdf-150x150.png\" alt=\"\" width=\"60\" height=\"60\" class=\"aligncenter size-thumbnail wp-image-2731\" srcset=\"https:\/\/corporacionlampa.cl\/transparencia\/wp-content\/uploads\/2021\/04\/icopdf-150x150.png 150w, https:\/\/corporacionlampa.cl\/transparencia\/wp-content\/uploads\/2021\/04\/icopdf-250x250.png 250w, https:\/\/corporacionlampa.cl\/transparencia\/wp-content\/uploads\/2021\/04\/icopdf-174x174.png 174w, https:\/\/corporacionlampa.cl\/transparencia\/wp-content\/uploads\/2021\/04\/icopdf.png 256w\" sizes=\"auto, (max-width: 60px) 100vw, 60px\" \/><\/a><\/td>\n<\/tr>\n<tr class=\"row-20\">\n\t<td class=\"column-1\"><center>19<\/td><td class=\"column-2\"><center>Julio<\/td><td class=\"column-3\"><center>Transporte Felipe Espinoza spa<\/td><td class=\"column-4\"><\/td><td class=\"column-5\">No Corresponde<\/td><td class=\"column-6\">Traslado de Personal<\/td><td class=\"column-7\"><center>01-07-2022<\/td><td class=\"column-8\"><center>31-12-2022<\/td><td class=\"column-9\"><center>$ 1.300.000<\/td><td class=\"column-10\"><a href=\"https:\/\/corporacionlampa.cl\/transparencia\/wp-content\/uploads\/2022\/10\/CONTRATO-TRASLADO-PERSONAL-MEDICO-FELIPE-ESPINOZA-01-07-2022.pdf\" rel=\"noopener\" target=\"_blank\"><center><img loading=\"lazy\" decoding=\"async\" src=\"https:\/\/corporacionlampa.cl\/transparencia\/wp-content\/uploads\/2021\/04\/icopdf-150x150.png\" alt=\"\" width=\"60\" height=\"60\" class=\"aligncenter size-thumbnail wp-image-2731\" srcset=\"https:\/\/corporacionlampa.cl\/transparencia\/wp-content\/uploads\/2021\/04\/icopdf-150x150.png 150w, https:\/\/corporacionlampa.cl\/transparencia\/wp-content\/uploads\/2021\/04\/icopdf-250x250.png 250w, https:\/\/corporacionlampa.cl\/transparencia\/wp-content\/uploads\/2021\/04\/icopdf-174x174.png 174w, https:\/\/corporacionlampa.cl\/transparencia\/wp-content\/uploads\/2021\/04\/icopdf.png 256w\" sizes=\"auto, (max-width: 60px) 100vw, 60px\" \/><\/a><\/td>\n<\/tr>\n<tr class=\"row-21\">\n\t<td class=\"column-1\"><center>20<\/td><td class=\"column-2\"><center>Julio<\/td><td class=\"column-3\"><center>Transporte Felipe Espinoza spa<\/td><td class=\"column-4\"><\/td><td class=\"column-5\">No Corresponde<\/td><td class=\"column-6\">traslado de paciente, personal medico<\/td><td class=\"column-7\"><center>01-07-2022<\/td><td class=\"column-8\"><center>31-12-2022<\/td><td class=\"column-9\"><center>$1.300.000<\/td><td class=\"column-10\"><a href=\"https:\/\/corporacionlampa.cl\/transparencia\/wp-content\/uploads\/2022\/10\/CONTRATO-TRASLADO-Y-TRANSPORTE-DE-PACIENTES-PERS.-MEDICO-FERNANDO-BELMAR-01-07-2022.pdf\" rel=\"noopener\" target=\"_blank\"><center><img loading=\"lazy\" decoding=\"async\" src=\"https:\/\/corporacionlampa.cl\/transparencia\/wp-content\/uploads\/2021\/04\/icopdf-150x150.png\" alt=\"\" width=\"60\" height=\"60\" class=\"aligncenter size-thumbnail wp-image-2731\" srcset=\"https:\/\/corporacionlampa.cl\/transparencia\/wp-content\/uploads\/2021\/04\/icopdf-150x150.png 150w, https:\/\/corporacionlampa.cl\/transparencia\/wp-content\/uploads\/2021\/04\/icopdf-250x250.png 250w, https:\/\/corporacionlampa.cl\/transparencia\/wp-content\/uploads\/2021\/04\/icopdf-174x174.png 174w, https:\/\/corporacionlampa.cl\/transparencia\/wp-content\/uploads\/2021\/04\/icopdf.png 256w\" sizes=\"auto, (max-width: 60px) 100vw, 60px\" \/><\/a><\/td>\n<\/tr>\n<tr class=\"row-22\">\n\t<td class=\"column-1\"><center>21<\/td><td class=\"column-2\"><center>Julio<\/td><td class=\"column-3\"><center>Miguel Angel sanchez Beiza<\/td><td class=\"column-4\"><\/td><td class=\"column-5\">No Corresponde<\/td><td class=\"column-6\">transporte de insumos y equipos<\/td><td class=\"column-7\"><center>01-07-2022<\/td><td class=\"column-8\"><center>31-12-2022<\/td><td class=\"column-9\"><center>$1.300.000<\/td><td class=\"column-10\"><a href=\"https:\/\/corporacionlampa.cl\/transparencia\/wp-content\/uploads\/2022\/10\/CONTRATO-TRASLADO-Y-TRANSPORTE-DE-PACIENTES-01-07-2022.pdf\" rel=\"noopener\" target=\"_blank\"><center><img loading=\"lazy\" decoding=\"async\" src=\"https:\/\/corporacionlampa.cl\/transparencia\/wp-content\/uploads\/2021\/04\/icopdf-150x150.png\" alt=\"\" width=\"60\" height=\"60\" class=\"aligncenter size-thumbnail wp-image-2731\" srcset=\"https:\/\/corporacionlampa.cl\/transparencia\/wp-content\/uploads\/2021\/04\/icopdf-150x150.png 150w, https:\/\/corporacionlampa.cl\/transparencia\/wp-content\/uploads\/2021\/04\/icopdf-250x250.png 250w, https:\/\/corporacionlampa.cl\/transparencia\/wp-content\/uploads\/2021\/04\/icopdf-174x174.png 174w, https:\/\/corporacionlampa.cl\/transparencia\/wp-content\/uploads\/2021\/04\/icopdf.png 256w\" sizes=\"auto, (max-width: 60px) 100vw, 60px\" \/><\/a><\/td>\n<\/tr>\n<tr class=\"row-23\">\n\t<td class=\"column-1\"><center>22<\/td><td class=\"column-2\"><center>Agosto<\/td><td class=\"column-3\"><center>preuniversitario Valdivia ltda<\/td><td class=\"column-4\"><\/td><td class=\"column-5\">No Corresponde<\/td><td class=\"column-6\">preparaci\u00f3n para pruebas de acceso superior<\/td><td class=\"column-7\"><center>16-08-2022<\/td><td class=\"column-8\"><center>31-11-2022<\/td><td class=\"column-9\"><center><\/td><td class=\"column-10\"><a href=\"https:\/\/corporacionlampa.cl\/transparencia\/wp-content\/uploads\/2022\/11\/PREUNIVERSITARIO-PEDRO-DE-VALDIVIA.pdf\" rel=\"noopener\" target=\"_blank\"><img loading=\"lazy\" decoding=\"async\" src=\"https:\/\/corporacionlampa.cl\/transparencia\/wp-content\/uploads\/2021\/04\/icopdf-150x150.png\" alt=\"\" width=\"60\" height=\"60\" class=\"aligncenter size-thumbnail wp-image-2731\" srcset=\"https:\/\/corporacionlampa.cl\/transparencia\/wp-content\/uploads\/2021\/04\/icopdf-150x150.png 150w, https:\/\/corporacionlampa.cl\/transparencia\/wp-content\/uploads\/2021\/04\/icopdf-250x250.png 250w, https:\/\/corporacionlampa.cl\/transparencia\/wp-content\/uploads\/2021\/04\/icopdf-174x174.png 174w, https:\/\/corporacionlampa.cl\/transparencia\/wp-content\/uploads\/2021\/04\/icopdf.png 256w\" sizes=\"auto, (max-width: 60px) 100vw, 60px\" \/><\/a><\/td>\n<\/tr>\n<tr class=\"row-24\">\n\t<td class=\"column-1\"><center>23<\/td><td class=\"column-2\"><center><\/td><td class=\"column-3\"><center>Johanna Barrios Lillo<\/td><td class=\"column-4\"><\/td><td class=\"column-5\">No Corresponde<\/td><td class=\"column-6\">Diagnostico y Recuperacion historica de subsidios de incapacidad laboral<\/td><td class=\"column-7\"><center>24-10-2022<\/td><td class=\"column-8\"><center>10 meses<\/td><td class=\"column-9\"><center>12%<\/td><td class=\"column-10\"><a href=\"https:\/\/corporacionlampa.cl\/transparencia\/wp-content\/uploads\/2022\/11\/JOHANA-BARRIOS.pdf\" rel=\"noopener\" target=\"_blank\"><img loading=\"lazy\" decoding=\"async\" src=\"https:\/\/corporacionlampa.cl\/transparencia\/wp-content\/uploads\/2021\/04\/icopdf-150x150.png\" alt=\"\" width=\"60\" height=\"60\" class=\"aligncenter size-thumbnail wp-image-2731\" srcset=\"https:\/\/corporacionlampa.cl\/transparencia\/wp-content\/uploads\/2021\/04\/icopdf-150x150.png 150w, https:\/\/corporacionlampa.cl\/transparencia\/wp-content\/uploads\/2021\/04\/icopdf-250x250.png 250w, https:\/\/corporacionlampa.cl\/transparencia\/wp-content\/uploads\/2021\/04\/icopdf-174x174.png 174w, https:\/\/corporacionlampa.cl\/transparencia\/wp-content\/uploads\/2021\/04\/icopdf.png 256w\" sizes=\"auto, (max-width: 60px) 100vw, 60px\" \/><\/a><\/td>\n<\/tr>\n<tr class=\"row-25\">\n\t<td class=\"column-1\"><center>24<\/td><td class=\"column-2\"><center><\/td><td class=\"column-3\"><center><\/td><td class=\"column-4\"><\/td><td class=\"column-5\"><\/td><td class=\"column-6\"><\/td><td class=\"column-7\"><center><\/td><td class=\"column-8\"><center><\/td><td class=\"column-9\"><center><\/td><td class=\"column-10\"><\/td>\n<\/tr>\n<tr class=\"row-26\">\n\t<td class=\"column-1\"><center>25<\/td><td class=\"column-2\"><center><\/td><td class=\"column-3\"><center><\/td><td class=\"column-4\"><\/td><td class=\"column-5\"><\/td><td class=\"column-6\"><\/td><td class=\"column-7\"><center><\/td><td class=\"column-8\"><center><\/td><td class=\"column-9\"><center><\/td><td class=\"column-10\"><\/td>\n<\/tr>\n<\/tbody>\n<\/table>\n<!-- #tablepress-101 from cache -->\n<\/div><\/details>\n<\/div>\n\n\n\n<div id=\"wp-block-themeisle-blocks-accordion-426fc164\" class=\"wp-block-themeisle-blocks-accordion\">\n<details class=\"wp-block-themeisle-blocks-accordion-item\"><summary class=\"wp-block-themeisle-blocks-accordion-item__title\"><div>2021<\/div><\/summary><div class=\"wp-block-themeisle-blocks-accordion-item__content\">\n\n<table id=\"tablepress-37\" class=\"tablepress tablepress-id-37\">\n<thead>\n<tr class=\"row-1\">\n\t<th class=\"column-1\">Numero<\/th><th class=\"column-2\">Mes<\/th><th class=\"column-3\">Nombre completo o raz\u00f3n social de la persona contratada<\/th><th class=\"column-4\">RUT de la persona contratada (S\u00d3LO PERSONAS JUR\u00cdDICAS)<\/th><th class=\"column-5\">Socios y accionistas principales (si corresponde)<\/th><th class=\"column-6\">Objeto de la contrataci\u00f3n o adquisici\u00f3n<\/th><th class=\"column-7\">Fecha de inicio del contrato (dd\/mm\/aa)<\/th><th class=\"column-8\">Fecha de t\u00e9rmino del contrato (dd\/mm\/aa)<\/th><th class=\"column-9\">Monto total de la operaci\u00f3n<\/th><th class=\"column-10\">Enlace al texto \u00edntegro del contrato<\/th><th class=\"column-11\">Observaciones<\/th>\n<\/tr>\n<\/thead>\n<tbody class=\"row-striping row-hover\">\n<tr class=\"row-2\">\n\t<td class=\"column-1\"><center>1<\/td><td class=\"column-2\"><center>Enero <\/td><td class=\"column-3\"><center>Luis Vivar Smith<\/td><td class=\"column-4\"><\/td><td class=\"column-5\">No Corresponde<\/td><td class=\"column-6\">Traslado de Personal de la Corporaci\u00f3n <\/td><td class=\"column-7\"><center>01-01-2021<\/td><td class=\"column-8\"><center>28-02-2021<\/td><td class=\"column-9\"><center>$ 1.300.000<\/td><td class=\"column-10\"><center><a href=\"https:\/\/corporacionlampa.cl\/transparencia\/wp-content\/uploads\/2021\/08\/1.1Luis-Vivar.pdf\" rel=\"noopener\" target=\"_blank\"><img loading=\"lazy\" decoding=\"async\" src=\"https:\/\/corporacionlampa.cl\/transparencia\/wp-content\/uploads\/2021\/04\/icopdf-150x150.png\" alt=\"\" width=\"60\" height=\"60\" class=\"aligncenter size-thumbnail wp-image-2731\" srcset=\"https:\/\/corporacionlampa.cl\/transparencia\/wp-content\/uploads\/2021\/04\/icopdf-150x150.png 150w, https:\/\/corporacionlampa.cl\/transparencia\/wp-content\/uploads\/2021\/04\/icopdf-250x250.png 250w, https:\/\/corporacionlampa.cl\/transparencia\/wp-content\/uploads\/2021\/04\/icopdf-174x174.png 174w, https:\/\/corporacionlampa.cl\/transparencia\/wp-content\/uploads\/2021\/04\/icopdf.png 256w\" sizes=\"auto, (max-width: 60px) 100vw, 60px\" \/><\/a><\/td><td class=\"column-11\"><\/td>\n<\/tr>\n<tr class=\"row-3\">\n\t<td class=\"column-1\"><center>2<\/td><td class=\"column-2\"><center>Enero <\/td><td class=\"column-3\"><center>Industrial Indutec<\/td><td class=\"column-4\"><center>76.505.756-6<\/td><td class=\"column-5\">Victor Contreras Caballero <\/td><td class=\"column-6\">Sala cuna y jardin infantil Kim Ayelem<\/td><td class=\"column-7\"><center>19-01-2021<\/td><td class=\"column-8\"><center>21-03-2021<\/td><td class=\"column-9\"><center>$ 97.502.517<\/td><td class=\"column-10\"><center><a href=\"https:\/\/corporacionlampa.cl\/transparencia\/wp-content\/uploads\/2021\/08\/1.2Industrial-Inductec-Kim-Ayelen.pdf\" rel=\"noopener\" target=\"_blank\"><img loading=\"lazy\" decoding=\"async\" src=\"https:\/\/corporacionlampa.cl\/transparencia\/wp-content\/uploads\/2021\/04\/icopdf-150x150.png\" alt=\"\" width=\"60\" height=\"60\" class=\"aligncenter size-thumbnail wp-image-2731\" srcset=\"https:\/\/corporacionlampa.cl\/transparencia\/wp-content\/uploads\/2021\/04\/icopdf-150x150.png 150w, https:\/\/corporacionlampa.cl\/transparencia\/wp-content\/uploads\/2021\/04\/icopdf-250x250.png 250w, https:\/\/corporacionlampa.cl\/transparencia\/wp-content\/uploads\/2021\/04\/icopdf-174x174.png 174w, https:\/\/corporacionlampa.cl\/transparencia\/wp-content\/uploads\/2021\/04\/icopdf.png 256w\" sizes=\"auto, (max-width: 60px) 100vw, 60px\" \/><\/a><\/td><td class=\"column-11\"><\/td>\n<\/tr>\n<tr class=\"row-4\">\n\t<td class=\"column-1\"><center>3<\/td><td class=\"column-2\"><center>Enero <\/td><td class=\"column-3\"><center>Hector Rubio Riveros<\/td><td class=\"column-4\"><\/td><td class=\"column-5\">No Corresponde<\/td><td class=\"column-6\">Traslado de pacientes<\/td><td class=\"column-7\"><center>02-01-2021<\/td><td class=\"column-8\"><center>31-12-2021<\/td><td class=\"column-9\"><center>$ 1.300.000<\/td><td class=\"column-10\"><center><a href=\"https:\/\/corporacionlampa.cl\/transparencia\/wp-content\/uploads\/2021\/08\/1.3Hector-Rubio-R..pdf\" rel=\"noopener\" target=\"_blank\"><img loading=\"lazy\" decoding=\"async\" src=\"https:\/\/corporacionlampa.cl\/transparencia\/wp-content\/uploads\/2021\/04\/icopdf-150x150.png\" alt=\"\" width=\"60\" height=\"60\" class=\"aligncenter size-thumbnail wp-image-2731\" srcset=\"https:\/\/corporacionlampa.cl\/transparencia\/wp-content\/uploads\/2021\/04\/icopdf-150x150.png 150w, https:\/\/corporacionlampa.cl\/transparencia\/wp-content\/uploads\/2021\/04\/icopdf-250x250.png 250w, https:\/\/corporacionlampa.cl\/transparencia\/wp-content\/uploads\/2021\/04\/icopdf-174x174.png 174w, https:\/\/corporacionlampa.cl\/transparencia\/wp-content\/uploads\/2021\/04\/icopdf.png 256w\" sizes=\"auto, (max-width: 60px) 100vw, 60px\" \/><\/a><\/td><td class=\"column-11\"><\/td>\n<\/tr>\n<tr class=\"row-5\">\n\t<td class=\"column-1\"><center>4<\/td><td class=\"column-2\"><center>Enero <\/td><td class=\"column-3\"><center>Julio Aros Nu\u00f1ez<\/td><td class=\"column-4\"><\/td><td class=\"column-5\">No Corresponde<\/td><td class=\"column-6\">Traslado de pacientes<\/td><td class=\"column-7\"><center>01-01-2021<\/td><td class=\"column-8\"><center>30-06-2021<\/td><td class=\"column-9\"><center>$ 1.300.000<\/td><td class=\"column-10\"><center><a href=\"https:\/\/corporacionlampa.cl\/transparencia\/wp-content\/uploads\/2021\/08\/1.4Julio-Aros-N..pdf\" rel=\"noopener\" target=\"_blank\"><img loading=\"lazy\" decoding=\"async\" src=\"https:\/\/corporacionlampa.cl\/transparencia\/wp-content\/uploads\/2021\/04\/icopdf-150x150.png\" alt=\"\" width=\"60\" height=\"60\" class=\"aligncenter size-thumbnail wp-image-2731\" srcset=\"https:\/\/corporacionlampa.cl\/transparencia\/wp-content\/uploads\/2021\/04\/icopdf-150x150.png 150w, https:\/\/corporacionlampa.cl\/transparencia\/wp-content\/uploads\/2021\/04\/icopdf-250x250.png 250w, https:\/\/corporacionlampa.cl\/transparencia\/wp-content\/uploads\/2021\/04\/icopdf-174x174.png 174w, https:\/\/corporacionlampa.cl\/transparencia\/wp-content\/uploads\/2021\/04\/icopdf.png 256w\" sizes=\"auto, (max-width: 60px) 100vw, 60px\" \/><\/a><\/td><td class=\"column-11\"><\/td>\n<\/tr>\n<tr class=\"row-6\">\n\t<td class=\"column-1\"><center>5<\/td><td class=\"column-2\"><center>Enero <\/td><td class=\"column-3\"><center>Carlos Astudillo Astudillo<\/td><td class=\"column-4\"><\/td><td class=\"column-5\">No Corresponde<\/td><td class=\"column-6\">Traslado de pacientes<\/td><td class=\"column-7\"><center>01-01-2021<\/td><td class=\"column-8\"><center>30-06-2021<\/td><td class=\"column-9\"><center>$ 2.000.000<\/td><td class=\"column-10\"><center><a href=\"https:\/\/corporacionlampa.cl\/transparencia\/wp-content\/uploads\/2021\/08\/1.5Carlos-Astudillo.pdf\" rel=\"noopener\" target=\"_blank\"><img loading=\"lazy\" decoding=\"async\" src=\"https:\/\/corporacionlampa.cl\/transparencia\/wp-content\/uploads\/2021\/04\/icopdf-150x150.png\" alt=\"\" width=\"60\" height=\"60\" class=\"aligncenter size-thumbnail wp-image-2731\" srcset=\"https:\/\/corporacionlampa.cl\/transparencia\/wp-content\/uploads\/2021\/04\/icopdf-150x150.png 150w, https:\/\/corporacionlampa.cl\/transparencia\/wp-content\/uploads\/2021\/04\/icopdf-250x250.png 250w, https:\/\/corporacionlampa.cl\/transparencia\/wp-content\/uploads\/2021\/04\/icopdf-174x174.png 174w, https:\/\/corporacionlampa.cl\/transparencia\/wp-content\/uploads\/2021\/04\/icopdf.png 256w\" sizes=\"auto, (max-width: 60px) 100vw, 60px\" \/><\/a><\/td><td class=\"column-11\"><\/td>\n<\/tr>\n<tr class=\"row-7\">\n\t<td class=\"column-1\"><center>6<\/td><td class=\"column-2\"><center>Enero <\/td><td class=\"column-3\"><center>Miguel Sanchez Beiza<\/td><td class=\"column-4\"><\/td><td class=\"column-5\">No Corresponde<\/td><td class=\"column-6\">Traslado de pacientes<\/td><td class=\"column-7\"><center>01-01-2021<\/td><td class=\"column-8\"><center>30-06-2021<\/td><td class=\"column-9\"><center>$ 1.500.000<\/td><td class=\"column-10\"><center><a href=\"https:\/\/corporacionlampa.cl\/transparencia\/wp-content\/uploads\/2021\/08\/1.6Miguel-Sanchez.pdf\" rel=\"noopener\" target=\"_blank\"><img loading=\"lazy\" decoding=\"async\" src=\"https:\/\/corporacionlampa.cl\/transparencia\/wp-content\/uploads\/2021\/04\/icopdf-150x150.png\" alt=\"\" width=\"60\" height=\"60\" class=\"aligncenter size-thumbnail wp-image-2731\" srcset=\"https:\/\/corporacionlampa.cl\/transparencia\/wp-content\/uploads\/2021\/04\/icopdf-150x150.png 150w, https:\/\/corporacionlampa.cl\/transparencia\/wp-content\/uploads\/2021\/04\/icopdf-250x250.png 250w, https:\/\/corporacionlampa.cl\/transparencia\/wp-content\/uploads\/2021\/04\/icopdf-174x174.png 174w, https:\/\/corporacionlampa.cl\/transparencia\/wp-content\/uploads\/2021\/04\/icopdf.png 256w\" sizes=\"auto, (max-width: 60px) 100vw, 60px\" \/><\/a><\/td><td class=\"column-11\"><\/td>\n<\/tr>\n<tr class=\"row-8\">\n\t<td class=\"column-1\"><center>7<\/td><td class=\"column-2\"><center>Febrero<\/td><td class=\"column-3\"><center>Luis Vivar Smith<\/td><td class=\"column-4\"><\/td><td class=\"column-5\">No Corresponde<\/td><td class=\"column-6\">Traslado de Personal de la Corporaci\u00f3n <\/td><td class=\"column-7\"><center>28-02-2021<\/td><td class=\"column-8\"><center>31-05-2021<\/td><td class=\"column-9\"><center>$ 1.300.000<\/td><td class=\"column-10\"><center><a href=\"https:\/\/corporacionlampa.cl\/transparencia\/wp-content\/uploads\/2021\/08\/2.1Luis-Vivar.pdf\" rel=\"noopener\" target=\"_blank\"><img loading=\"lazy\" decoding=\"async\" src=\"https:\/\/corporacionlampa.cl\/transparencia\/wp-content\/uploads\/2021\/04\/icopdf-150x150.png\" alt=\"\" width=\"60\" height=\"60\" class=\"aligncenter size-thumbnail wp-image-2731\" srcset=\"https:\/\/corporacionlampa.cl\/transparencia\/wp-content\/uploads\/2021\/04\/icopdf-150x150.png 150w, https:\/\/corporacionlampa.cl\/transparencia\/wp-content\/uploads\/2021\/04\/icopdf-250x250.png 250w, https:\/\/corporacionlampa.cl\/transparencia\/wp-content\/uploads\/2021\/04\/icopdf-174x174.png 174w, https:\/\/corporacionlampa.cl\/transparencia\/wp-content\/uploads\/2021\/04\/icopdf.png 256w\" sizes=\"auto, (max-width: 60px) 100vw, 60px\" \/><\/a><\/td><td class=\"column-11\"><\/td>\n<\/tr>\n<tr class=\"row-9\">\n\t<td class=\"column-1\"><center>8<\/td><td class=\"column-2\"><center>Marzo <\/td><td class=\"column-3\"><center>Inversiones y comercio capellan S.A<\/td><td class=\"column-4\"><center>76.070.888-7<\/td><td class=\"column-5\">Nicol Fuentes Chavez<\/td><td class=\"column-6\">Mantencion y reparacion de vehiculos <\/td><td class=\"column-7\"><center>01-03-2021<\/td><td class=\"column-8\"><center>31-05-2021<\/td><td class=\"column-9\"><\/td><td class=\"column-10\"><center><a href=\"https:\/\/corporacionlampa.cl\/transparencia\/wp-content\/uploads\/2021\/08\/3.1Invers.-y-Comercio-Capellan.pdf\" rel=\"noopener\" target=\"_blank\"><img loading=\"lazy\" decoding=\"async\" src=\"https:\/\/corporacionlampa.cl\/transparencia\/wp-content\/uploads\/2021\/04\/icopdf-150x150.png\" alt=\"\" width=\"60\" height=\"60\" class=\"aligncenter size-thumbnail wp-image-2731\" srcset=\"https:\/\/corporacionlampa.cl\/transparencia\/wp-content\/uploads\/2021\/04\/icopdf-150x150.png 150w, https:\/\/corporacionlampa.cl\/transparencia\/wp-content\/uploads\/2021\/04\/icopdf-250x250.png 250w, https:\/\/corporacionlampa.cl\/transparencia\/wp-content\/uploads\/2021\/04\/icopdf-174x174.png 174w, https:\/\/corporacionlampa.cl\/transparencia\/wp-content\/uploads\/2021\/04\/icopdf.png 256w\" sizes=\"auto, (max-width: 60px) 100vw, 60px\" \/><\/a><\/td><td class=\"column-11\">Renovacion de contrato<\/td>\n<\/tr>\n<tr class=\"row-10\">\n\t<td class=\"column-1\"><center>9<\/td><td class=\"column-2\"><center>Marzo <\/td><td class=\"column-3\"><center>Jose Quilean Gomez<\/td><td class=\"column-4\"><\/td><td class=\"column-5\">No Corresponde<\/td><td class=\"column-6\">Sala cuna y jardin infantil Mi Peque\u00f1o Lucero<\/td><td class=\"column-7\"><center>05-03-2021<\/td><td class=\"column-8\"><center>21-06-2021<\/td><td class=\"column-9\"><center>$ 107.811.409<\/td><td class=\"column-10\"><center><a href=\"https:\/\/corporacionlampa.cl\/transparencia\/wp-content\/uploads\/2021\/08\/3.2Jose-Quilean-Gomez-Cacique-Colin.pdf\" rel=\"noopener\" target=\"_blank\"><img loading=\"lazy\" decoding=\"async\" src=\"https:\/\/corporacionlampa.cl\/transparencia\/wp-content\/uploads\/2021\/04\/icopdf-150x150.png\" alt=\"\" width=\"60\" height=\"60\" class=\"aligncenter size-thumbnail wp-image-2731\" srcset=\"https:\/\/corporacionlampa.cl\/transparencia\/wp-content\/uploads\/2021\/04\/icopdf-150x150.png 150w, https:\/\/corporacionlampa.cl\/transparencia\/wp-content\/uploads\/2021\/04\/icopdf-250x250.png 250w, https:\/\/corporacionlampa.cl\/transparencia\/wp-content\/uploads\/2021\/04\/icopdf-174x174.png 174w, https:\/\/corporacionlampa.cl\/transparencia\/wp-content\/uploads\/2021\/04\/icopdf.png 256w\" sizes=\"auto, (max-width: 60px) 100vw, 60px\" \/><\/a><\/td><td class=\"column-11\"><\/td>\n<\/tr>\n<tr class=\"row-11\">\n\t<td class=\"column-1\"><center>10<\/td><td class=\"column-2\"><center>Marzo <\/td><td class=\"column-3\"><center>Jose Quilean Gomez<\/td><td class=\"column-4\"><\/td><td class=\"column-5\">No Corresponde<\/td><td class=\"column-6\">Escuela basica Cacique Colin<\/td><td class=\"column-7\"><center>05-03-2021<\/td><td class=\"column-8\"><center>09-05-2021<\/td><td class=\"column-9\"><center>$ 45.434.985<\/td><td class=\"column-10\"><center><a href=\"https:\/\/corporacionlampa.cl\/transparencia\/wp-content\/uploads\/2021\/08\/3.3Jose-Quilean-Gomez-Mi-Pequeno-Lucero.pdf\" rel=\"noopener\" target=\"_blank\"><img loading=\"lazy\" decoding=\"async\" src=\"https:\/\/corporacionlampa.cl\/transparencia\/wp-content\/uploads\/2021\/04\/icopdf-150x150.png\" alt=\"\" width=\"60\" height=\"60\" class=\"aligncenter size-thumbnail wp-image-2731\" srcset=\"https:\/\/corporacionlampa.cl\/transparencia\/wp-content\/uploads\/2021\/04\/icopdf-150x150.png 150w, https:\/\/corporacionlampa.cl\/transparencia\/wp-content\/uploads\/2021\/04\/icopdf-250x250.png 250w, https:\/\/corporacionlampa.cl\/transparencia\/wp-content\/uploads\/2021\/04\/icopdf-174x174.png 174w, https:\/\/corporacionlampa.cl\/transparencia\/wp-content\/uploads\/2021\/04\/icopdf.png 256w\" sizes=\"auto, (max-width: 60px) 100vw, 60px\" \/><\/a><\/td><td class=\"column-11\"><\/td>\n<\/tr>\n<tr class=\"row-12\">\n\t<td class=\"column-1\"><center>11<\/td><td class=\"column-2\"><center>Marzo <\/td><td class=\"column-3\"><center>Beatriz Rubio Negrete<\/td><td class=\"column-4\"><\/td><td class=\"column-5\">No Corresponde<\/td><td class=\"column-6\">Traslado de Personal de la Corporaci\u00f3n <\/td><td class=\"column-7\"><center>01-03-2021<\/td><td class=\"column-8\"><center>30-06-2021<\/td><td class=\"column-9\"><center>$ 1.300.000<\/td><td class=\"column-10\"><center><a href=\"https:\/\/corporacionlampa.cl\/transparencia\/wp-content\/uploads\/2021\/08\/3.4Beatriz-Rubio-Negrete.pdf\" rel=\"noopener\" target=\"_blank\"><img loading=\"lazy\" decoding=\"async\" src=\"https:\/\/corporacionlampa.cl\/transparencia\/wp-content\/uploads\/2021\/04\/icopdf-150x150.png\" alt=\"\" width=\"60\" height=\"60\" class=\"aligncenter size-thumbnail wp-image-2731\" srcset=\"https:\/\/corporacionlampa.cl\/transparencia\/wp-content\/uploads\/2021\/04\/icopdf-150x150.png 150w, https:\/\/corporacionlampa.cl\/transparencia\/wp-content\/uploads\/2021\/04\/icopdf-250x250.png 250w, https:\/\/corporacionlampa.cl\/transparencia\/wp-content\/uploads\/2021\/04\/icopdf-174x174.png 174w, https:\/\/corporacionlampa.cl\/transparencia\/wp-content\/uploads\/2021\/04\/icopdf.png 256w\" sizes=\"auto, (max-width: 60px) 100vw, 60px\" \/><\/a><\/td><td class=\"column-11\"><\/td>\n<\/tr>\n<tr class=\"row-13\">\n\t<td class=\"column-1\"><center>12<\/td><td class=\"column-2\"><center>Abril<\/td><td class=\"column-3\"><center>Instituto Nacional del C\u00e1ncer<\/td><td class=\"column-4\"><center>61.608.404-6<\/td><td class=\"column-5\">Berta Cerda \u00c1lvarez<\/td><td class=\"column-6\">Realizaci\u00f3n de Endoscopia Digestiva, Biopsia<\/td><td class=\"column-7\"><center>26-04-2021<\/td><td class=\"column-8\"><center>31-12-2021<\/td><td class=\"column-9\"><center> $7.327.950 <\/td><td class=\"column-10\"><center><a href=\"https:\/\/corporacionlampa.cl\/transparencia\/wp-content\/uploads\/2021\/11\/12.-CONTRATO-INSTITUTO-NACIONAL-DEL-CANCER-2021.pdf\" rel=\"noopener\" target=\"_blank\"><img loading=\"lazy\" decoding=\"async\" src=\"https:\/\/corporacionlampa.cl\/transparencia\/wp-content\/uploads\/2021\/04\/icopdf-150x150.png\" alt=\"\" width=\"60\" height=\"60\" class=\"aligncenter size-thumbnail wp-image-2731\" srcset=\"https:\/\/corporacionlampa.cl\/transparencia\/wp-content\/uploads\/2021\/04\/icopdf-150x150.png 150w, https:\/\/corporacionlampa.cl\/transparencia\/wp-content\/uploads\/2021\/04\/icopdf-250x250.png 250w, https:\/\/corporacionlampa.cl\/transparencia\/wp-content\/uploads\/2021\/04\/icopdf-174x174.png 174w, https:\/\/corporacionlampa.cl\/transparencia\/wp-content\/uploads\/2021\/04\/icopdf.png 256w\" sizes=\"auto, (max-width: 60px) 100vw, 60px\" \/><\/a><\/td><td class=\"column-11\"><\/td>\n<\/tr>\n<tr class=\"row-14\">\n\t<td class=\"column-1\"><center>13<\/td><td class=\"column-2\"><center>Mayo <\/td><td class=\"column-3\"><center>Luis Vivar Smith<\/td><td class=\"column-4\"><\/td><td class=\"column-5\">No Corresponde<\/td><td class=\"column-6\">Traslado de Personal de la Corporaci\u00f3n <\/td><td class=\"column-7\"><center>31-05-202<\/td><td class=\"column-8\"><center>2021-11-30<\/td><td class=\"column-9\"><center>$ 1.300.000<\/td><td class=\"column-10\"><center><a href=\"https:\/\/corporacionlampa.cl\/transparencia\/wp-content\/uploads\/2021\/08\/5.1Luis-Vivar.pdf\" rel=\"noopener\" target=\"_blank\"><img loading=\"lazy\" decoding=\"async\" src=\"https:\/\/corporacionlampa.cl\/transparencia\/wp-content\/uploads\/2021\/04\/icopdf-150x150.png\" alt=\"\" width=\"60\" height=\"60\" class=\"aligncenter size-thumbnail wp-image-2731\" srcset=\"https:\/\/corporacionlampa.cl\/transparencia\/wp-content\/uploads\/2021\/04\/icopdf-150x150.png 150w, https:\/\/corporacionlampa.cl\/transparencia\/wp-content\/uploads\/2021\/04\/icopdf-250x250.png 250w, https:\/\/corporacionlampa.cl\/transparencia\/wp-content\/uploads\/2021\/04\/icopdf-174x174.png 174w, https:\/\/corporacionlampa.cl\/transparencia\/wp-content\/uploads\/2021\/04\/icopdf.png 256w\" sizes=\"auto, (max-width: 60px) 100vw, 60px\" \/><\/a><\/td><td class=\"column-11\">Renovacion de contrato<\/td>\n<\/tr>\n<tr class=\"row-15\">\n\t<td class=\"column-1\"><center>14<\/td><td class=\"column-2\"><center>Junio<\/td><td class=\"column-3\"><center>Sin contrataciones en Junio<\/td><td class=\"column-4\"><\/td><td class=\"column-5\"><\/td><td class=\"column-6\"><\/td><td class=\"column-7\"><\/td><td class=\"column-8\"><\/td><td class=\"column-9\"><\/td><td class=\"column-10\"><\/td><td class=\"column-11\"><\/td>\n<\/tr>\n<tr class=\"row-16\">\n\t<td class=\"column-1\"><center>15<\/td><td class=\"column-2\"><center>Julio<\/td><td class=\"column-3\"><center>Comercial Inversiones y Soluciones Audiol\u00f3gicas Ltda<\/td><td class=\"column-4\"><center>76.144.613-4<\/td><td class=\"column-5\">Ruben Olmedo Olivarez<\/td><td class=\"column-6\">Servicios de Otorrinolaringolog\u00eda<\/td><td class=\"column-7\"><center>01-07-2021<\/td><td class=\"column-8\"><center>31-12-2021<\/td><td class=\"column-9\"><center> $27.475.600 <\/td><td class=\"column-10\"><center><a href=\"https:\/\/corporacionlampa.cl\/transparencia\/wp-content\/uploads\/2021\/11\/15.-Contrato-Soluciones-De-Otorrinolaringologia.pdf\" rel=\"noopener\" target=\"_blank\"><img loading=\"lazy\" decoding=\"async\" src=\"https:\/\/corporacionlampa.cl\/transparencia\/wp-content\/uploads\/2021\/04\/icopdf-150x150.png\" alt=\"\" width=\"60\" height=\"60\" class=\"aligncenter size-thumbnail wp-image-2731\" srcset=\"https:\/\/corporacionlampa.cl\/transparencia\/wp-content\/uploads\/2021\/04\/icopdf-150x150.png 150w, https:\/\/corporacionlampa.cl\/transparencia\/wp-content\/uploads\/2021\/04\/icopdf-250x250.png 250w, https:\/\/corporacionlampa.cl\/transparencia\/wp-content\/uploads\/2021\/04\/icopdf-174x174.png 174w, https:\/\/corporacionlampa.cl\/transparencia\/wp-content\/uploads\/2021\/04\/icopdf.png 256w\" sizes=\"auto, (max-width: 60px) 100vw, 60px\" \/><\/a><\/td><td class=\"column-11\"><\/td>\n<\/tr>\n<tr class=\"row-17\">\n\t<td class=\"column-1\"><center>16<\/td><td class=\"column-2\"><center>Agosto<\/td><td class=\"column-3\"><center>Servicios Jur\u00eddicos Carlos Leandro Moreno Santander<\/td><td class=\"column-4\"><center>76.589.885-4<\/td><td class=\"column-5\"><\/td><td class=\"column-6\">Servicios Juridicos<\/td><td class=\"column-7\"><center>10-08-2021<\/td><td class=\"column-8\"><center>10-08-2023<\/td><td class=\"column-9\"><center> $3.750.000<\/td><td class=\"column-10\"><a href=\"https:\/\/corporacionlampa.cl\/transparencia\/wp-content\/uploads\/2022\/03\/doc03279520220318112524.pdf\" rel=\"noopener\" target=\"_blank\"><center><img loading=\"lazy\" decoding=\"async\" src=\"https:\/\/corporacionlampa.cl\/transparencia\/wp-content\/uploads\/2021\/04\/icopdf-150x150.png\" alt=\"\" width=\"60\" height=\"60\" class=\"aligncenter size-thumbnail wp-image-2731\" srcset=\"https:\/\/corporacionlampa.cl\/transparencia\/wp-content\/uploads\/2021\/04\/icopdf-150x150.png 150w, https:\/\/corporacionlampa.cl\/transparencia\/wp-content\/uploads\/2021\/04\/icopdf-250x250.png 250w, https:\/\/corporacionlampa.cl\/transparencia\/wp-content\/uploads\/2021\/04\/icopdf-174x174.png 174w, https:\/\/corporacionlampa.cl\/transparencia\/wp-content\/uploads\/2021\/04\/icopdf.png 256w\" sizes=\"auto, (max-width: 60px) 100vw, 60px\" \/><\/a><\/td><td class=\"column-11\">mensual<\/td>\n<\/tr>\n<tr class=\"row-18\">\n\t<td class=\"column-1\"><center>17<\/td><td class=\"column-2\"><center>Agosto<\/td><td class=\"column-3\">Alejandra Ines Santana Rivas <br \/>\n<\/td><td class=\"column-4\"><\/td><td class=\"column-5\">No Corresponde<\/td><td class=\"column-6\">servicios de transportes de canasta de alimentos a los domicilios de los estudiantes de los establecimientos JUNJI <br \/>\n<\/td><td class=\"column-7\">11-08-2021<br \/>\n<\/td><td class=\"column-8\">11-08-2021<br \/>\n<\/td><td class=\"column-9\"> $ 70.000 <br \/>\n<\/td><td class=\"column-10\"><a href=\"https:\/\/corporacionlampa.cl\/transparencia\/wp-content\/uploads\/2021\/10\/Contratos-conductores-canastas-alimentos-JUNJI-12-agosto-2-40.pdf\" rel=\"noopener\" target=\"_blank\"><img loading=\"lazy\" decoding=\"async\" src=\"https:\/\/corporacionlampa.cl\/transparencia\/wp-content\/uploads\/2021\/04\/icopdf-150x150.png\" alt=\"\" width=\"60\" height=\"60\" class=\"aligncenter size-thumbnail wp-image-2731\" srcset=\"https:\/\/corporacionlampa.cl\/transparencia\/wp-content\/uploads\/2021\/04\/icopdf-150x150.png 150w, https:\/\/corporacionlampa.cl\/transparencia\/wp-content\/uploads\/2021\/04\/icopdf-250x250.png 250w, https:\/\/corporacionlampa.cl\/transparencia\/wp-content\/uploads\/2021\/04\/icopdf-174x174.png 174w, https:\/\/corporacionlampa.cl\/transparencia\/wp-content\/uploads\/2021\/04\/icopdf.png 256w\" sizes=\"auto, (max-width: 60px) 100vw, 60px\" \/><\/a><\/td><td class=\"column-11\">diarios <br \/>\n<\/td>\n<\/tr>\n<tr class=\"row-19\">\n\t<td class=\"column-1\"><center>18<\/td><td class=\"column-2\"><center>Agosto<\/td><td class=\"column-3\">Jaqueline de las Mercedes Orellana Guzman <br \/>\n<\/td><td class=\"column-4\"><\/td><td class=\"column-5\">No Corresponde<\/td><td class=\"column-6\">servicios de transportes de canasta de alimentos a los domicilios de los estudiantes de los establecimientos JUNJI <br \/>\n<\/td><td class=\"column-7\">11-08-2021<br \/>\n<\/td><td class=\"column-8\">11-08-2021<br \/>\n<\/td><td class=\"column-9\"> $ 70.000 <br \/>\n<\/td><td class=\"column-10\"><a href=\"https:\/\/corporacionlampa.cl\/transparencia\/wp-content\/uploads\/2021\/10\/Contratos-conductores-canastas-alimentos-JUNJI-12-agosto-2-40.pdf\" rel=\"noopener\" target=\"_blank\"><img loading=\"lazy\" decoding=\"async\" src=\"https:\/\/corporacionlampa.cl\/transparencia\/wp-content\/uploads\/2021\/04\/icopdf-150x150.png\" alt=\"\" width=\"60\" height=\"60\" class=\"aligncenter size-thumbnail wp-image-2731\" srcset=\"https:\/\/corporacionlampa.cl\/transparencia\/wp-content\/uploads\/2021\/04\/icopdf-150x150.png 150w, https:\/\/corporacionlampa.cl\/transparencia\/wp-content\/uploads\/2021\/04\/icopdf-250x250.png 250w, https:\/\/corporacionlampa.cl\/transparencia\/wp-content\/uploads\/2021\/04\/icopdf-174x174.png 174w, https:\/\/corporacionlampa.cl\/transparencia\/wp-content\/uploads\/2021\/04\/icopdf.png 256w\" sizes=\"auto, (max-width: 60px) 100vw, 60px\" \/><\/a><\/td><td class=\"column-11\">diarios <br \/>\n<\/td>\n<\/tr>\n<tr class=\"row-20\">\n\t<td class=\"column-1\"><center>19<\/td><td class=\"column-2\"><center>Agosto<\/td><td class=\"column-3\">Elena Susana Miranda Herrera <br \/>\n<\/td><td class=\"column-4\"><\/td><td class=\"column-5\">No Corresponde<\/td><td class=\"column-6\">servicios de transportes de canasta de alimentos a los domicilios de los estudiantes de los establecimientos JUNJI <br \/>\n<\/td><td class=\"column-7\">11-08-2021<br \/>\n<\/td><td class=\"column-8\">11-08-2021<br \/>\n<\/td><td class=\"column-9\"> $ 70.000 <br \/>\n<\/td><td class=\"column-10\"><a href=\"https:\/\/corporacionlampa.cl\/transparencia\/wp-content\/uploads\/2021\/10\/Contratos-conductores-canastas-alimentos-JUNJI-12-agosto-2-40.pdf\" rel=\"noopener\" target=\"_blank\"><img loading=\"lazy\" decoding=\"async\" src=\"https:\/\/corporacionlampa.cl\/transparencia\/wp-content\/uploads\/2021\/04\/icopdf-150x150.png\" alt=\"\" width=\"60\" height=\"60\" class=\"aligncenter size-thumbnail wp-image-2731\" srcset=\"https:\/\/corporacionlampa.cl\/transparencia\/wp-content\/uploads\/2021\/04\/icopdf-150x150.png 150w, https:\/\/corporacionlampa.cl\/transparencia\/wp-content\/uploads\/2021\/04\/icopdf-250x250.png 250w, https:\/\/corporacionlampa.cl\/transparencia\/wp-content\/uploads\/2021\/04\/icopdf-174x174.png 174w, https:\/\/corporacionlampa.cl\/transparencia\/wp-content\/uploads\/2021\/04\/icopdf.png 256w\" sizes=\"auto, (max-width: 60px) 100vw, 60px\" \/><\/a><\/td><td class=\"column-11\">diarios <br \/>\n<\/td>\n<\/tr>\n<tr class=\"row-21\">\n\t<td class=\"column-1\"><center>20<\/td><td class=\"column-2\"><center>Agosto<\/td><td class=\"column-3\">Katerin Andrea Mu\u00f1oz Mu\u00f1oz <br \/>\n<\/td><td class=\"column-4\"><\/td><td class=\"column-5\">No Corresponde<\/td><td class=\"column-6\">servicios de transportes de canasta de alimentos a los domicilios de los estudiantes de los establecimientos JUNJI <br \/>\n<\/td><td class=\"column-7\">11-08-2021<br \/>\n<\/td><td class=\"column-8\">11-08-2021<br \/>\n<\/td><td class=\"column-9\"> $ 70.000 <br \/>\n<\/td><td class=\"column-10\"><a href=\"https:\/\/corporacionlampa.cl\/transparencia\/wp-content\/uploads\/2021\/10\/Contratos-conductores-canastas-alimentos-JUNJI-12-agosto-2-40.pdf\" rel=\"noopener\" target=\"_blank\"><img loading=\"lazy\" decoding=\"async\" src=\"https:\/\/corporacionlampa.cl\/transparencia\/wp-content\/uploads\/2021\/04\/icopdf-150x150.png\" alt=\"\" width=\"60\" height=\"60\" class=\"aligncenter size-thumbnail wp-image-2731\" srcset=\"https:\/\/corporacionlampa.cl\/transparencia\/wp-content\/uploads\/2021\/04\/icopdf-150x150.png 150w, https:\/\/corporacionlampa.cl\/transparencia\/wp-content\/uploads\/2021\/04\/icopdf-250x250.png 250w, https:\/\/corporacionlampa.cl\/transparencia\/wp-content\/uploads\/2021\/04\/icopdf-174x174.png 174w, https:\/\/corporacionlampa.cl\/transparencia\/wp-content\/uploads\/2021\/04\/icopdf.png 256w\" sizes=\"auto, (max-width: 60px) 100vw, 60px\" \/><\/a><\/td><td class=\"column-11\">diarios <br \/>\n<\/td>\n<\/tr>\n<tr class=\"row-22\">\n\t<td class=\"column-1\"><center>21<\/td><td class=\"column-2\"><center>Agosto<\/td><td class=\"column-3\">Sergio Ismael Gatica Gatica <br \/>\n<\/td><td class=\"column-4\"><\/td><td class=\"column-5\">No Corresponde<\/td><td class=\"column-6\">servicios de transportes de canasta de alimentos a los domicilios de los estudiantes de los establecimientos JUNJI <br \/>\n<\/td><td class=\"column-7\">11-08-2021<br \/>\n<\/td><td class=\"column-8\">11-08-2021<br \/>\n<\/td><td class=\"column-9\"> $ 70.000 <br \/>\n<\/td><td class=\"column-10\"><a href=\"https:\/\/corporacionlampa.cl\/transparencia\/wp-content\/uploads\/2021\/10\/Contratos-conductores-canastas-alimentos-JUNJI-12-agosto-2-40.pdf\" rel=\"noopener\" target=\"_blank\"><img loading=\"lazy\" decoding=\"async\" src=\"https:\/\/corporacionlampa.cl\/transparencia\/wp-content\/uploads\/2021\/04\/icopdf-150x150.png\" alt=\"\" width=\"60\" height=\"60\" class=\"aligncenter size-thumbnail wp-image-2731\" srcset=\"https:\/\/corporacionlampa.cl\/transparencia\/wp-content\/uploads\/2021\/04\/icopdf-150x150.png 150w, https:\/\/corporacionlampa.cl\/transparencia\/wp-content\/uploads\/2021\/04\/icopdf-250x250.png 250w, https:\/\/corporacionlampa.cl\/transparencia\/wp-content\/uploads\/2021\/04\/icopdf-174x174.png 174w, https:\/\/corporacionlampa.cl\/transparencia\/wp-content\/uploads\/2021\/04\/icopdf.png 256w\" sizes=\"auto, (max-width: 60px) 100vw, 60px\" \/><\/a><\/td><td class=\"column-11\">diarios <br \/>\n<\/td>\n<\/tr>\n<tr class=\"row-23\">\n\t<td class=\"column-1\"><center>22<\/td><td class=\"column-2\"><center>Agosto<\/td><td class=\"column-3\">Clara Jaqueline Madariaga Parra <br \/>\n<\/td><td class=\"column-4\"><\/td><td class=\"column-5\">No Corresponde<\/td><td class=\"column-6\">servicios de transportes de canasta de alimentos a los domicilios de los estudiantes de los establecimientos JUNJI <br \/>\n<\/td><td class=\"column-7\">11-08-2021<br \/>\n<\/td><td class=\"column-8\">11-08-2021<br \/>\n<\/td><td class=\"column-9\"> $ 70.000 <br \/>\n<\/td><td class=\"column-10\"><a href=\"https:\/\/corporacionlampa.cl\/transparencia\/wp-content\/uploads\/2021\/10\/Contratos-conductores-canastas-alimentos-JUNJI-12-agosto-2-40.pdf\" rel=\"noopener\" target=\"_blank\"><img loading=\"lazy\" decoding=\"async\" src=\"https:\/\/corporacionlampa.cl\/transparencia\/wp-content\/uploads\/2021\/04\/icopdf-150x150.png\" alt=\"\" width=\"60\" height=\"60\" class=\"aligncenter size-thumbnail wp-image-2731\" srcset=\"https:\/\/corporacionlampa.cl\/transparencia\/wp-content\/uploads\/2021\/04\/icopdf-150x150.png 150w, https:\/\/corporacionlampa.cl\/transparencia\/wp-content\/uploads\/2021\/04\/icopdf-250x250.png 250w, https:\/\/corporacionlampa.cl\/transparencia\/wp-content\/uploads\/2021\/04\/icopdf-174x174.png 174w, https:\/\/corporacionlampa.cl\/transparencia\/wp-content\/uploads\/2021\/04\/icopdf.png 256w\" sizes=\"auto, (max-width: 60px) 100vw, 60px\" \/><\/a><\/td><td class=\"column-11\">diarios <br \/>\n<\/td>\n<\/tr>\n<tr class=\"row-24\">\n\t<td class=\"column-1\"><center>23<\/td><td class=\"column-2\"><center>Agosto<\/td><td class=\"column-3\">Valeska Silvana Riquelme Silva<br \/>\n<\/td><td class=\"column-4\"><\/td><td class=\"column-5\">No Corresponde<\/td><td class=\"column-6\">servicios de transportes de canasta de alimentos a los domicilios de los estudiantes de los establecimientos JUNJI <br \/>\n<\/td><td class=\"column-7\">11-08-2021<br \/>\n<\/td><td class=\"column-8\">11-08-2021<br \/>\n<\/td><td class=\"column-9\"> $ 70.000 <br \/>\n<\/td><td class=\"column-10\"><a href=\"https:\/\/corporacionlampa.cl\/transparencia\/wp-content\/uploads\/2021\/10\/Contratos-conductores-canastas-alimentos-JUNJI-12-agosto-2-40.pdf\" rel=\"noopener\" target=\"_blank\"><img loading=\"lazy\" decoding=\"async\" src=\"https:\/\/corporacionlampa.cl\/transparencia\/wp-content\/uploads\/2021\/04\/icopdf-150x150.png\" alt=\"\" width=\"60\" height=\"60\" class=\"aligncenter size-thumbnail wp-image-2731\" srcset=\"https:\/\/corporacionlampa.cl\/transparencia\/wp-content\/uploads\/2021\/04\/icopdf-150x150.png 150w, https:\/\/corporacionlampa.cl\/transparencia\/wp-content\/uploads\/2021\/04\/icopdf-250x250.png 250w, https:\/\/corporacionlampa.cl\/transparencia\/wp-content\/uploads\/2021\/04\/icopdf-174x174.png 174w, https:\/\/corporacionlampa.cl\/transparencia\/wp-content\/uploads\/2021\/04\/icopdf.png 256w\" sizes=\"auto, (max-width: 60px) 100vw, 60px\" \/><\/a><\/td><td class=\"column-11\">diarios <br \/>\n<\/td>\n<\/tr>\n<tr class=\"row-25\">\n\t<td class=\"column-1\"><center>24<\/td><td class=\"column-2\"><center>Agosto<\/td><td class=\"column-3\">Jeanette del Carmen Fuentes Figueroa <br \/>\n<\/td><td class=\"column-4\"><\/td><td class=\"column-5\">No Corresponde<\/td><td class=\"column-6\">servicios de transportes de canasta de alimentos a los domicilios de los estudiantes de los establecimientos JUNJI <br \/>\n<\/td><td class=\"column-7\">11-08-2021<br \/>\n<\/td><td class=\"column-8\">11-08-2021<br \/>\n<\/td><td class=\"column-9\"> $ 70.000 <br \/>\n<\/td><td class=\"column-10\"><a href=\"https:\/\/corporacionlampa.cl\/transparencia\/wp-content\/uploads\/2021\/10\/Contratos-conductores-canastas-alimentos-JUNJI-12-agosto-2-40.pdf\" rel=\"noopener\" target=\"_blank\"><img loading=\"lazy\" decoding=\"async\" src=\"https:\/\/corporacionlampa.cl\/transparencia\/wp-content\/uploads\/2021\/04\/icopdf-150x150.png\" alt=\"\" width=\"60\" height=\"60\" class=\"aligncenter size-thumbnail wp-image-2731\" srcset=\"https:\/\/corporacionlampa.cl\/transparencia\/wp-content\/uploads\/2021\/04\/icopdf-150x150.png 150w, https:\/\/corporacionlampa.cl\/transparencia\/wp-content\/uploads\/2021\/04\/icopdf-250x250.png 250w, https:\/\/corporacionlampa.cl\/transparencia\/wp-content\/uploads\/2021\/04\/icopdf-174x174.png 174w, https:\/\/corporacionlampa.cl\/transparencia\/wp-content\/uploads\/2021\/04\/icopdf.png 256w\" sizes=\"auto, (max-width: 60px) 100vw, 60px\" \/><\/a><\/td><td class=\"column-11\">diarios <br \/>\n<\/td>\n<\/tr>\n<tr class=\"row-26\">\n\t<td class=\"column-1\"><center>25<\/td><td class=\"column-2\"><center>Agosto<\/td><td class=\"column-3\">Patricia del Carmen Orellana Moreno <br \/>\n<\/td><td class=\"column-4\"><\/td><td class=\"column-5\">No Corresponde<\/td><td class=\"column-6\">servicios de transportes de canasta de alimentos a los domicilios de los estudiantes de los establecimientos JUNJI <br \/>\n<\/td><td class=\"column-7\">11-08-2021<br \/>\n<\/td><td class=\"column-8\">11-08-2021<br \/>\n<\/td><td class=\"column-9\"> $ 70.000 <br \/>\n<\/td><td class=\"column-10\"><a href=\"https:\/\/corporacionlampa.cl\/transparencia\/wp-content\/uploads\/2021\/10\/Contratos-conductores-canastas-alimentos-JUNJI-12-agosto-2-40.pdf\" rel=\"noopener\" target=\"_blank\"><img loading=\"lazy\" decoding=\"async\" src=\"https:\/\/corporacionlampa.cl\/transparencia\/wp-content\/uploads\/2021\/04\/icopdf-150x150.png\" alt=\"\" width=\"60\" height=\"60\" class=\"aligncenter size-thumbnail wp-image-2731\" srcset=\"https:\/\/corporacionlampa.cl\/transparencia\/wp-content\/uploads\/2021\/04\/icopdf-150x150.png 150w, https:\/\/corporacionlampa.cl\/transparencia\/wp-content\/uploads\/2021\/04\/icopdf-250x250.png 250w, https:\/\/corporacionlampa.cl\/transparencia\/wp-content\/uploads\/2021\/04\/icopdf-174x174.png 174w, https:\/\/corporacionlampa.cl\/transparencia\/wp-content\/uploads\/2021\/04\/icopdf.png 256w\" sizes=\"auto, (max-width: 60px) 100vw, 60px\" \/><\/a><\/td><td class=\"column-11\">diarios <br \/>\n<\/td>\n<\/tr>\n<tr class=\"row-27\">\n\t<td class=\"column-1\"><center>26<\/td><td class=\"column-2\"><center>Agosto<\/td><td class=\"column-3\">Maria Lastenia Villalobos Ramirez <br \/>\n<\/td><td class=\"column-4\"><\/td><td class=\"column-5\">No Corresponde<\/td><td class=\"column-6\">servicios de transportes de canasta de alimentos a los domicilios de los estudiantes de los establecimientos JUNJI <br \/>\n<\/td><td class=\"column-7\">11-08-2021<br \/>\n<\/td><td class=\"column-8\">11-08-2021<br \/>\n<\/td><td class=\"column-9\"> $ 70.000 <br \/>\n<\/td><td class=\"column-10\"><a href=\"https:\/\/corporacionlampa.cl\/transparencia\/wp-content\/uploads\/2021\/10\/Contratos-conductores-canastas-alimentos-JUNJI-12-agosto-2-40.pdf\" rel=\"noopener\" target=\"_blank\"><img loading=\"lazy\" decoding=\"async\" src=\"https:\/\/corporacionlampa.cl\/transparencia\/wp-content\/uploads\/2021\/04\/icopdf-150x150.png\" alt=\"\" width=\"60\" height=\"60\" class=\"aligncenter size-thumbnail wp-image-2731\" srcset=\"https:\/\/corporacionlampa.cl\/transparencia\/wp-content\/uploads\/2021\/04\/icopdf-150x150.png 150w, https:\/\/corporacionlampa.cl\/transparencia\/wp-content\/uploads\/2021\/04\/icopdf-250x250.png 250w, https:\/\/corporacionlampa.cl\/transparencia\/wp-content\/uploads\/2021\/04\/icopdf-174x174.png 174w, https:\/\/corporacionlampa.cl\/transparencia\/wp-content\/uploads\/2021\/04\/icopdf.png 256w\" sizes=\"auto, (max-width: 60px) 100vw, 60px\" \/><\/a><\/td><td class=\"column-11\">diarios <br \/>\n<\/td>\n<\/tr>\n<tr class=\"row-28\">\n\t<td class=\"column-1\"><center>27<\/td><td class=\"column-2\"><center>Agosto<\/td><td class=\"column-3\">Maria Patricia Maldonado Diaz <br \/>\n<\/td><td class=\"column-4\"><\/td><td class=\"column-5\">No Corresponde<\/td><td class=\"column-6\">servicios de transportes de canasta de alimentos a los domicilios de los estudiantes de los establecimientos JUNJI <br \/>\n<\/td><td class=\"column-7\">11-08-2021<br \/>\n<\/td><td class=\"column-8\">11-08-2021<br \/>\n<\/td><td class=\"column-9\"> $ 70.000 <br \/>\n<\/td><td class=\"column-10\"><a href=\"https:\/\/corporacionlampa.cl\/transparencia\/wp-content\/uploads\/2021\/10\/Contratos-conductores-canastas-alimentos-JUNJI-12-agosto-2-40.pdf\" rel=\"noopener\" target=\"_blank\"><img loading=\"lazy\" decoding=\"async\" src=\"https:\/\/corporacionlampa.cl\/transparencia\/wp-content\/uploads\/2021\/04\/icopdf-150x150.png\" alt=\"\" width=\"60\" height=\"60\" class=\"aligncenter size-thumbnail wp-image-2731\" srcset=\"https:\/\/corporacionlampa.cl\/transparencia\/wp-content\/uploads\/2021\/04\/icopdf-150x150.png 150w, https:\/\/corporacionlampa.cl\/transparencia\/wp-content\/uploads\/2021\/04\/icopdf-250x250.png 250w, https:\/\/corporacionlampa.cl\/transparencia\/wp-content\/uploads\/2021\/04\/icopdf-174x174.png 174w, https:\/\/corporacionlampa.cl\/transparencia\/wp-content\/uploads\/2021\/04\/icopdf.png 256w\" sizes=\"auto, (max-width: 60px) 100vw, 60px\" \/><\/a><\/td><td class=\"column-11\">diarios <br \/>\n<\/td>\n<\/tr>\n<tr class=\"row-29\">\n\t<td class=\"column-1\"><center>28<\/td><td class=\"column-2\"><center>Agosto<\/td><td class=\"column-3\">Irma Consuelo Millar Diaz <br \/>\n<\/td><td class=\"column-4\"><\/td><td class=\"column-5\">No Corresponde<\/td><td class=\"column-6\">servicios de transportes de canasta de alimentos a los domicilios de los estudiantes de los establecimientos JUNJI <br \/>\n<\/td><td class=\"column-7\">11-08-2021<br \/>\n<\/td><td class=\"column-8\">11-08-2021<br \/>\n<\/td><td class=\"column-9\"> $ 70.000 <br \/>\n<\/td><td class=\"column-10\"><a href=\"https:\/\/corporacionlampa.cl\/transparencia\/wp-content\/uploads\/2021\/10\/Contratos-conductores-canastas-alimentos-JUNJI-12-agosto-2-40.pdf\" rel=\"noopener\" target=\"_blank\"><img loading=\"lazy\" decoding=\"async\" src=\"https:\/\/corporacionlampa.cl\/transparencia\/wp-content\/uploads\/2021\/04\/icopdf-150x150.png\" alt=\"\" width=\"60\" height=\"60\" class=\"aligncenter size-thumbnail wp-image-2731\" srcset=\"https:\/\/corporacionlampa.cl\/transparencia\/wp-content\/uploads\/2021\/04\/icopdf-150x150.png 150w, https:\/\/corporacionlampa.cl\/transparencia\/wp-content\/uploads\/2021\/04\/icopdf-250x250.png 250w, https:\/\/corporacionlampa.cl\/transparencia\/wp-content\/uploads\/2021\/04\/icopdf-174x174.png 174w, https:\/\/corporacionlampa.cl\/transparencia\/wp-content\/uploads\/2021\/04\/icopdf.png 256w\" sizes=\"auto, (max-width: 60px) 100vw, 60px\" \/><\/a><\/td><td class=\"column-11\">diarios <br \/>\n<\/td>\n<\/tr>\n<tr class=\"row-30\">\n\t<td class=\"column-1\"><center>29<\/td><td class=\"column-2\"><center>Agosto<\/td><td class=\"column-3\">Manuel Alfredo Torrealba Jimenez <br \/>\n<\/td><td class=\"column-4\"><\/td><td class=\"column-5\">No Corresponde<\/td><td class=\"column-6\">servicios de transportes de canasta de alimentos a los domicilios de los estudiantes de los establecimientos JUNJI <br \/>\n<\/td><td class=\"column-7\">11-08-2021<br \/>\n<\/td><td class=\"column-8\">11-08-2021<br \/>\n<\/td><td class=\"column-9\"> $ 70.000 <br \/>\n<\/td><td class=\"column-10\"><a href=\"https:\/\/corporacionlampa.cl\/transparencia\/wp-content\/uploads\/2021\/10\/Contratos-conductores-canastas-alimentos-JUNJI-12-agosto-2-40.pdf\" rel=\"noopener\" target=\"_blank\"><img loading=\"lazy\" decoding=\"async\" src=\"https:\/\/corporacionlampa.cl\/transparencia\/wp-content\/uploads\/2021\/04\/icopdf-150x150.png\" alt=\"\" width=\"60\" height=\"60\" class=\"aligncenter size-thumbnail wp-image-2731\" srcset=\"https:\/\/corporacionlampa.cl\/transparencia\/wp-content\/uploads\/2021\/04\/icopdf-150x150.png 150w, https:\/\/corporacionlampa.cl\/transparencia\/wp-content\/uploads\/2021\/04\/icopdf-250x250.png 250w, https:\/\/corporacionlampa.cl\/transparencia\/wp-content\/uploads\/2021\/04\/icopdf-174x174.png 174w, https:\/\/corporacionlampa.cl\/transparencia\/wp-content\/uploads\/2021\/04\/icopdf.png 256w\" sizes=\"auto, (max-width: 60px) 100vw, 60px\" \/><\/a><\/td><td class=\"column-11\">diarios <br \/>\n<\/td>\n<\/tr>\n<tr class=\"row-31\">\n\t<td class=\"column-1\"><center>30<\/td><td class=\"column-2\"><center>Septiembre<\/td><td class=\"column-3\">servicios medicos y ambulancia rodrigo esteban olmedo nazar E.I.R.L<br \/>\n<\/td><td class=\"column-4\"><center>76.486.11-K<\/td><td class=\"column-5\">Rodrigo Esteban Olmedo Nazar<\/td><td class=\"column-6\">servicios de ambulancias para el traslado de pacientes <br \/>\n<\/td><td class=\"column-7\">06-09-2021<br \/>\n<br \/>\n<\/td><td class=\"column-8\">14-09-2021<br \/>\n<\/td><td class=\"column-9\"> $120.000-$180.000 <\/td><td class=\"column-10\"><a href=\"https:\/\/corporacionlampa.cl\/transparencia\/wp-content\/uploads\/2021\/10\/Contrato-Ambulancia-2-4.pdf\" rel=\"noopener\" target=\"_blank\"><img loading=\"lazy\" decoding=\"async\" src=\"https:\/\/corporacionlampa.cl\/transparencia\/wp-content\/uploads\/2021\/04\/icopdf-150x150.png\" alt=\"\" width=\"60\" height=\"60\" class=\"aligncenter size-thumbnail wp-image-2731\" srcset=\"https:\/\/corporacionlampa.cl\/transparencia\/wp-content\/uploads\/2021\/04\/icopdf-150x150.png 150w, https:\/\/corporacionlampa.cl\/transparencia\/wp-content\/uploads\/2021\/04\/icopdf-250x250.png 250w, https:\/\/corporacionlampa.cl\/transparencia\/wp-content\/uploads\/2021\/04\/icopdf-174x174.png 174w, https:\/\/corporacionlampa.cl\/transparencia\/wp-content\/uploads\/2021\/04\/icopdf.png 256w\" sizes=\"auto, (max-width: 60px) 100vw, 60px\" \/><\/a><\/td><td class=\"column-11\">valores turno dia y noche<\/td>\n<\/tr>\n<tr class=\"row-32\">\n\t<td class=\"column-1\"><center>31<\/td><td class=\"column-2\"><center>Septiembre<\/td><td class=\"column-3\">Turismo Santiago Vip SPA<br \/>\n<\/td><td class=\"column-4\"><center>76.745.458-9<br \/>\n<\/td><td class=\"column-5\">Maria P\u00eda Aguayo Silva<br \/>\n<\/td><td class=\"column-6\">Servicio de Traslado de Estudiantes<br \/>\n<\/td><td class=\"column-7\">06-09-2021<br \/>\n<\/td><td class=\"column-8\">31-12-2021<br \/>\n<\/td><td class=\"column-9\">$ 75.000<\/td><td class=\"column-10\"><a href=\"https:\/\/corporacionlampa.cl\/transparencia\/wp-content\/uploads\/2021\/10\/Turismo-Santiago.pdf\" rel=\"noopener\" target=\"_blank\"><img loading=\"lazy\" decoding=\"async\" src=\"https:\/\/corporacionlampa.cl\/transparencia\/wp-content\/uploads\/2021\/04\/icopdf-150x150.png\" alt=\"\" width=\"60\" height=\"60\" class=\"aligncenter size-thumbnail wp-image-2731\" srcset=\"https:\/\/corporacionlampa.cl\/transparencia\/wp-content\/uploads\/2021\/04\/icopdf-150x150.png 150w, https:\/\/corporacionlampa.cl\/transparencia\/wp-content\/uploads\/2021\/04\/icopdf-250x250.png 250w, https:\/\/corporacionlampa.cl\/transparencia\/wp-content\/uploads\/2021\/04\/icopdf-174x174.png 174w, https:\/\/corporacionlampa.cl\/transparencia\/wp-content\/uploads\/2021\/04\/icopdf.png 256w\" sizes=\"auto, (max-width: 60px) 100vw, 60px\" \/><\/a><\/td><td class=\"column-11\">diarios <br \/>\n<\/td>\n<\/tr>\n<tr class=\"row-33\">\n\t<td class=\"column-1\"><center>32<\/td><td class=\"column-2\"><center>Septiembre<\/td><td class=\"column-3\">Luis Vivar Smith<br \/>\n<\/td><td class=\"column-4\"><\/td><td class=\"column-5\"><\/td><td class=\"column-6\">Servicio de Traslado de Estudiantes<br \/>\n<\/td><td class=\"column-7\">06-09-2021<br \/>\n<\/td><td class=\"column-8\">31-12-2021<br \/>\n<\/td><td class=\"column-9\">$ 75.000<br \/>\n<\/td><td class=\"column-10\"><a href=\"https:\/\/corporacionlampa.cl\/transparencia\/wp-content\/uploads\/2021\/10\/Luis-Vivar.pdf\" rel=\"noopener\" target=\"_blank\"><img loading=\"lazy\" decoding=\"async\" src=\"https:\/\/corporacionlampa.cl\/transparencia\/wp-content\/uploads\/2021\/04\/icopdf-150x150.png\" alt=\"\" width=\"60\" height=\"60\" class=\"aligncenter size-thumbnail wp-image-2731\" srcset=\"https:\/\/corporacionlampa.cl\/transparencia\/wp-content\/uploads\/2021\/04\/icopdf-150x150.png 150w, https:\/\/corporacionlampa.cl\/transparencia\/wp-content\/uploads\/2021\/04\/icopdf-250x250.png 250w, https:\/\/corporacionlampa.cl\/transparencia\/wp-content\/uploads\/2021\/04\/icopdf-174x174.png 174w, https:\/\/corporacionlampa.cl\/transparencia\/wp-content\/uploads\/2021\/04\/icopdf.png 256w\" sizes=\"auto, (max-width: 60px) 100vw, 60px\" \/><\/a><\/td><td class=\"column-11\">diarios <br \/>\n<\/td>\n<\/tr>\n<tr class=\"row-34\">\n\t<td class=\"column-1\"><center>33<\/td><td class=\"column-2\"><center>Octubre<\/td><td class=\"column-3\">Maria Alejandra Galdames<\/td><td class=\"column-4\"><\/td><td class=\"column-5\"><\/td><td class=\"column-6\">servicios de valoraciones de salud 2021<\/td><td class=\"column-7\">31-12-2021<\/td><td class=\"column-8\">31-12-2021<br \/>\n<\/td><td class=\"column-9\">$ 10.000<br \/>\n<\/td><td class=\"column-10\"><a href=\"https:\/\/corporacionlampa.cl\/transparencia\/wp-content\/uploads\/2022\/03\/Contrato-Hon.-Maria-Galdames.pdf\" rel=\"noopener\" target=\"_blank\"><img loading=\"lazy\" decoding=\"async\" src=\"https:\/\/corporacionlampa.cl\/transparencia\/wp-content\/uploads\/2021\/04\/icopdf-150x150.png\" alt=\"\" width=\"60\" height=\"60\" class=\"aligncenter size-thumbnail wp-image-2731\" srcset=\"https:\/\/corporacionlampa.cl\/transparencia\/wp-content\/uploads\/2021\/04\/icopdf-150x150.png 150w, https:\/\/corporacionlampa.cl\/transparencia\/wp-content\/uploads\/2021\/04\/icopdf-250x250.png 250w, https:\/\/corporacionlampa.cl\/transparencia\/wp-content\/uploads\/2021\/04\/icopdf-174x174.png 174w, https:\/\/corporacionlampa.cl\/transparencia\/wp-content\/uploads\/2021\/04\/icopdf.png 256w\" sizes=\"auto, (max-width: 60px) 100vw, 60px\" \/><\/a><\/td><td class=\"column-11\">x evaluacion<br \/>\n<\/td>\n<\/tr>\n<tr class=\"row-35\">\n\t<td class=\"column-1\"><center>34<\/td><td class=\"column-2\"><center>Diciembre<\/td><td class=\"column-3\">Calidad Humana Asesores<\/td><td class=\"column-4\"><center>76.360.900-k<\/td><td class=\"column-5\">Gina Campos Hein<\/td><td class=\"column-6\">Asesoria Externa<\/td><td class=\"column-7\">23-12-2021<\/td><td class=\"column-8\">31-03-2022<\/td><td class=\"column-9\">1 Uf<\/td><td class=\"column-10\"><a href=\"https:\/\/corporacionlampa.cl\/transparencia\/wp-content\/uploads\/2022\/04\/Contrato-Lampa.pdf\" rel=\"noopener\" target=\"_blank\"><img loading=\"lazy\" decoding=\"async\" src=\"https:\/\/corporacionlampa.cl\/transparencia\/wp-content\/uploads\/2021\/04\/icopdf-150x150.png\" alt=\"\" width=\"60\" height=\"60\" class=\"aligncenter size-thumbnail wp-image-2731\" srcset=\"https:\/\/corporacionlampa.cl\/transparencia\/wp-content\/uploads\/2021\/04\/icopdf-150x150.png 150w, https:\/\/corporacionlampa.cl\/transparencia\/wp-content\/uploads\/2021\/04\/icopdf-250x250.png 250w, https:\/\/corporacionlampa.cl\/transparencia\/wp-content\/uploads\/2021\/04\/icopdf-174x174.png 174w, https:\/\/corporacionlampa.cl\/transparencia\/wp-content\/uploads\/2021\/04\/icopdf.png 256w\" sizes=\"auto, (max-width: 60px) 100vw, 60px\" \/><\/a><\/td><td class=\"column-11\">x analisis<\/td>\n<\/tr>\n<tr class=\"row-36\">\n\t<td class=\"column-1\"><\/td><td class=\"column-2\"><\/td><td class=\"column-3\"><\/td><td class=\"column-4\"><\/td><td class=\"column-5\"><\/td><td class=\"column-6\"><\/td><td class=\"column-7\"><br \/>\n<br \/>\n<\/td><td class=\"column-8\"><br \/>\n<\/td><td class=\"column-9\"><\/td><td class=\"column-10\"><\/td><td class=\"column-11\"><\/td>\n<\/tr>\n<\/tbody>\n<\/table>\n<!-- #tablepress-37 from cache -->\n<\/div><\/details>\n<\/div>\n\n\n\n<div id=\"wp-block-themeisle-blocks-button-group-3e5f2daa\" class=\"wp-block-themeisle-blocks-button-group wp-block-buttons\">\n<div id=\"wp-block-themeisle-blocks-button-fa06e771\" class=\"wp-block-themeisle-blocks-button wp-block-button is-style-outline\"><a href=\"http:\/\/www.corporacionlampa.cl\/tns\/AdqyCont.html\" target=\"_blank\" rel=\"noopener noreferrer\" class=\"wp-block-button__link\"><span><strong>A\u00d1OS ANTERIORES<\/strong><\/span><\/a><\/div>\n<\/div>\n\n\n\n<p><\/p>\n","protected":false},"excerpt":{"rendered":"<p>2025 2024 2022 2021 A\u00d1OS ANTERIORES<\/p>\n","protected":false},"author":1,"featured_media":0,"parent":0,"menu_order":0,"comment_status":"closed","ping_status":"closed","template":"","meta":{"_eb_attr":"","_themeisle_gutenberg_block_has_review":false,"footnotes":""},"class_list":["post-5752","page","type-page","status-publish","hentry"],"_links":{"self":[{"href":"https:\/\/corporacionlampa.cl\/transparencia\/wp-json\/wp\/v2\/pages\/5752","targetHints":{"allow":["GET"]}}],"collection":[{"href":"https:\/\/corporacionlampa.cl\/transparencia\/wp-json\/wp\/v2\/pages"}],"about":[{"href":"https:\/\/corporacionlampa.cl\/transparencia\/wp-json\/wp\/v2\/types\/page"}],"author":[{"embeddable":true,"href":"https:\/\/corporacionlampa.cl\/transparencia\/wp-json\/wp\/v2\/users\/1"}],"replies":[{"embeddable":true,"href":"https:\/\/corporacionlampa.cl\/transparencia\/wp-json\/wp\/v2\/comments?post=5752"}],"version-history":[{"count":15,"href":"https:\/\/corporacionlampa.cl\/transparencia\/wp-json\/wp\/v2\/pages\/5752\/revisions"}],"predecessor-version":[{"id":9899,"href":"https:\/\/corporacionlampa.cl\/transparencia\/wp-json\/wp\/v2\/pages\/5752\/revisions\/9899"}],"wp:attachment":[{"href":"https:\/\/corporacionlampa.cl\/transparencia\/wp-json\/wp\/v2\/media?parent=5752"}],"curies":[{"name":"wp","href":"https:\/\/api.w.org\/{rel}","templated":true}]}}